{"id":7426,"date":"2023-01-30T09:38:03","date_gmt":"2023-01-30T07:38:03","guid":{"rendered":"https:\/\/www.movacolor.com\/a-propos-de-nous\/prix-et-nominations\/"},"modified":"2023-09-15T10:45:55","modified_gmt":"2023-09-15T08:45:55","slug":"prix-et-nominations","status":"publish","type":"page","link":"https:\/\/www.movacolor.com\/fr\/about-us\/awards-and-nominations\/","title":{"rendered":"Prix et nominations"},"content":{"rendered":"<section class=\"l-section wpb_row us_custom_645e9f38 us_animate_this height_auto\"><div class=\"l-section-h i-cf\"><div class=\"g-cols vc_row via_flex valign_top type_boxes stacking_default\"><div class=\"vc_col-sm-12 wpb_column vc_column_container\"><div class=\"vc_column-inner us_custom_3d831995\"><div class=\"wpb_wrapper\"><div class=\"wpb_text_column\"><div class=\"wpb_wrapper\"><h1><strong>Prix et nominations<\/strong><\/h1>\n<p>Notre parcours a \u00e9t\u00e9 marqu\u00e9 par la croissance et la reconnaissance. Nous sommes tr\u00e8s reconnaissants envers notre incroyable \u00e9quipe, dont le d\u00e9vouement nous a permis d\u2019obtenir de nombreux prix et de nombreuses nominations. Voir que nos efforts sont reconnus est tr\u00e8s encourageant, cela nous motive \u00e0 viser l\u2019excellence et \u00e0 repousser les limites dans notre domaine.<\/p>\n<p>Notre principal objectif est de fournir des solutions de dosage de haute qualit\u00e9 et d\u2019aider l\u2019industrie \u00e0 \u0153uvrer pour le d\u00e9veloppement durable. Nous avons pour ambition de red\u00e9finir les normes gr\u00e2ce \u00e0 notre engagement pour l\u2019innovation et \u00e0 nos efforts constants pour nous am\u00e9liorer. Nous faisons tout notre possible pour cr\u00e9er un impact positif et durable dans l\u2019industrie du plastique, et vous invitons \u00e0 vous joindre \u00e0 cette aventure.<\/p>\n<\/div><\/div><\/div><\/div><\/div><\/div><\/div><\/section><section class=\"l-section wpb_row us_custom_c70c97eb height_auto\"><div class=\"l-section-h i-cf\"><div class=\"g-cols vc_row via_flex valign_middle type_boxes stacking_default\"><div class=\"vc_col-sm-12 wpb_column vc_column_container\"><div class=\"vc_column-inner us_custom_3d831995\"><div class=\"wpb_wrapper\"><div class=\"g-cols wpb_row via_flex valign_top type_default reversed stacking_default\"><div class=\"vc_col-sm-6 wpb_column vc_column_container\"><div class=\"vc_column-inner\"><div class=\"wpb_wrapper\"><div class=\"w-iconbox hide_on_mobiles iconpos_left style_default color_custom align_left no_text\"><div class=\"w-iconbox-icon\" style=\"font-size:1rem;--icon-color:#B80000;\"><i class=\"far fa-horizontal-rule\"><\/i><\/div><div class=\"w-iconbox-meta\"><h6 class=\"w-iconbox-title\">Verkiezing Friese Onderneming van het Jaar<\/h6><\/div><\/div><div class=\"wpb_text_column us_custom_173c0608\"><div class=\"wpb_wrapper\"><p>La Verkiezing Friese Onderneming van het Jaar (l\u2019\u00e9lection de l\u2019entreprise frisonne de l\u2019ann\u00e9e) est une \u00e9lection cr\u00e9\u00e9e pour d\u00e9signer la meilleure entreprise frisonne sur la base de son engagement et de ses performances en termes de durabilit\u00e9 commerciale, de r\u00e9sultats financiers et de cr\u00e9ativit\u00e9.<\/p>\n<p>Au cours des demi-finales, un jury compos\u00e9 d\u2019entrepreneurs renomm\u00e9s d\u00e9cide quels sont les trois candidats qui acc\u00e9deront \u00e0 la finale parmi les huit nomin\u00e9s. Lors de la finale, les trois finalistes font une pr\u00e9sentation finale devant le jury et 300 visiteurs locaux. Les visiteurs et le jury d\u00e9cident ensuite conjointement quelle entreprise est la meilleure et m\u00e9rite le titre de Meilleure entreprise frisonne de l\u2019ann\u00e9e.<\/p>\n<p>Cet \u00e9v\u00e9nement fut un v\u00e9ritable spectacle qui a permis de mettre en avant le talent et l\u2019ing\u00e9niosit\u00e9 incroyables qui existent dans la r\u00e9gion frisonne. Nous sommes heureux d\u2019avoir eu l\u2019occasion de mieux faire conna\u00eetre notre entreprise et de contribuer \u00e0 la croissance et au d\u00e9veloppement de la r\u00e9gion.<\/p>\n<\/div><\/div><\/div><\/div><\/div><div class=\"vc_col-sm-6 wpb_column vc_column_container\"><div class=\"vc_column-inner\"><div class=\"wpb_wrapper\"><div class=\"w-image align_none\"><div class=\"w-image-h\"><img decoding=\"async\" width=\"1024\" height=\"682\" src=\"https:\/\/www.movacolor.com\/wp-content\/uploads\/2023\/04\/VFOJ2023-1024x682.jpg\" class=\"attachment-large size-large\" alt=\"VFOJ2023\" loading=\"lazy\" srcset=\"https:\/\/www.movacolor.com\/wp-content\/uploads\/2023\/04\/VFOJ2023-1024x682.jpg 1024w, https:\/\/www.movacolor.com\/wp-content\/uploads\/2023\/04\/VFOJ2023-300x200.jpg 300w, https:\/\/www.movacolor.com\/wp-content\/uploads\/2023\/04\/VFOJ2023-600x400.jpg 600w, https:\/\/www.movacolor.com\/wp-content\/uploads\/2023\/04\/VFOJ2023-1500x1000.jpg 1500w, https:\/\/www.movacolor.com\/wp-content\/uploads\/2023\/04\/VFOJ2023-750x500.jpg 750w, https:\/\/www.movacolor.com\/wp-content\/uploads\/2023\/04\/VFOJ2023-901x600.jpg 901w, https:\/\/www.movacolor.com\/wp-content\/uploads\/2023\/04\/VFOJ2023.jpg 1720w\" sizes=\"auto, (max-width: 1024px) 100vw, 1024px\" \/><\/div><\/div><\/div><\/div><\/div><\/div><\/div><\/div><\/div><\/div><\/div><\/section><section class=\"l-section wpb_row us_custom_3d831995 height_auto\"><div class=\"l-section-h i-cf\"><div class=\"g-cols vc_row via_flex valign_top type_boxes stacking_default\"><div class=\"vc_col-sm-12 wpb_column vc_column_container\"><div class=\"vc_column-inner\"><div class=\"wpb_wrapper\"><div class=\"g-cols wpb_row via_flex valign_top type_default stacking_default\"><div class=\"vc_col-sm-6 wpb_column vc_column_container\"><div class=\"vc_column-inner\"><div class=\"wpb_wrapper\"><div class=\"w-image has_ratio align_none\"><div class=\"w-image-h\"><div style=\"padding-bottom:100%\"><\/div><img decoding=\"async\" width=\"1024\" height=\"635\" src=\"https:\/\/www.movacolor.com\/wp-content\/uploads\/2023\/05\/Movacolor_Golden_Gazelle-1024x635.jpg\" class=\"attachment-large size-large\" alt=\"Movacolor winner FD Golden Gazelle 2012\" loading=\"lazy\" \/><\/div><\/div><\/div><\/div><\/div><div class=\"vc_col-sm-6 wpb_column vc_column_container\"><div class=\"vc_column-inner\"><div class=\"wpb_wrapper\"><div class=\"w-iconbox hide_on_mobiles iconpos_left style_default color_custom align_left no_text\"><div class=\"w-iconbox-icon\" style=\"font-size:1rem;--icon-color:#B80000;\"><i class=\"far fa-horizontal-rule\"><\/i><\/div><div class=\"w-iconbox-meta\"><h6 class=\"w-iconbox-title\">Prix FD Gazellen<\/h6><\/div><\/div><div class=\"wpb_text_column us_custom_173c0608\"><div class=\"wpb_wrapper\"><p>Les prix FD Gazellen r\u00e9compensent les entreprises n\u00e9erlandaises \u00e0 la croissance la plus rapide. Les entreprises sont s\u00e9lectionn\u00e9es en fonction de la croissance de leur chiffre d\u2019affaires au cours des ann\u00e9es pr\u00e9c\u00e9dentes.<\/p>\n<p>Nous sommes honor\u00e9s d\u2019avoir \u00e9t\u00e9 nomin\u00e9s pour les prix FD Gazellen pendant sept ann\u00e9es cons\u00e9cutives, de 2012 \u00e0 2013, et de 2015 \u00e0 2019. Non seulement nous avons \u00e9t\u00e9 nomin\u00e9s plusieurs ann\u00e9es de suite, mais nous avons \u00e9galement remport\u00e9 le prestigieux prix <strong><em>FD Golden Gazelle<\/em><\/strong> en 2012. Ce prix t\u00e9moigne d\u2019une croissance de notre chiffre d\u2019affaires de plus de 100\u00a0% entre 2009 et 2011.<\/p>\n<p>Nous sommes incroyablement fiers de cet accomplissement, qui n\u2019aurait pas \u00e9t\u00e9 possible sans notre incroyable \u00e9quipe et nos pr\u00e9cieux clients. Leur d\u00e9vouement et leur soutien ont jou\u00e9 un r\u00f4le essentiel dans notre croissance et notre succ\u00e8s continus.<\/p>\n<p>Plus d\u2019une d\u00e9cennie plus tard, nous restons d\u00e9termin\u00e9s \u00e0 maintenir cette croissance et ce niveau d\u2019excellence. Nous continuons de mettre l\u2019accent sur l\u2019innovation pour servir nos clients, tout en faisant le maximum pour rendre l\u2019industrie du plastique plus durable.<\/p>\n<\/div><\/div><\/div><\/div><\/div><\/div><\/div><\/div><\/div><\/div><\/div><\/section><section class=\"l-section wpb_row us_custom_3fba447b height_auto\"><div class=\"l-section-h i-cf\"><div class=\"g-cols vc_row via_flex valign_top type_boxes stacking_default\"><div class=\"vc_col-sm-12 wpb_column vc_column_container\"><div class=\"vc_column-inner\"><div class=\"wpb_wrapper\"><div class=\"g-cols wpb_row via_flex valign_top type_default reversed stacking_default\"><div class=\"vc_col-sm-6 wpb_column vc_column_container\"><div class=\"vc_column-inner\"><div class=\"wpb_wrapper\"><div class=\"w-iconbox hide_on_mobiles iconpos_left style_default color_custom align_left no_text\"><div class=\"w-iconbox-icon\" style=\"font-size:1rem;--icon-color:#B80000;\"><i class=\"far fa-horizontal-rule\"><\/i><\/div><div class=\"w-iconbox-meta\"><h6 class=\"w-iconbox-title\">Prix High Growth<\/h6><\/div><\/div><div class=\"wpb_text_column us_custom_173c0608\"><div class=\"wpb_wrapper\"><p>Les prix High Growth &#8211; Region Northern Netherlands (Hollande-Septentrionale) &#8211; sont la r\u00e9compense ultime pour les entreprises les plus performantes du nord des Pays-Bas. Cet \u00e9v\u00e9nement r\u00e9put\u00e9 se d\u00e9marque des autres, car les prix ne sont pas uniquement d\u00e9cern\u00e9s pour l\u2019ampleur de la croissance. La qualit\u00e9 de cette croissance est aussi \u00e9valu\u00e9e.<\/p>\n<p>Un panel d\u2019entrepreneurs et d\u2019experts chevronn\u00e9s fait office de jury ind\u00e9pendant pour d\u00e9signer l\u2019entreprise du pays \u00e0 la croissance la plus prometteuse.<\/p>\n<p>En 2013, nous avons eu l\u2019honneur d\u2019\u00eatre nomin\u00e9s pour ces prix prestigieux et nous avons termin\u00e9 dans le top 20.<\/p>\n<\/div><\/div><\/div><\/div><\/div><div class=\"vc_col-sm-6 wpb_column vc_column_container\"><div class=\"vc_column-inner\"><div class=\"wpb_wrapper\"><div class=\"w-image align_none\"><div class=\"w-image-h\"><img decoding=\"async\" width=\"975\" height=\"487\" src=\"https:\/\/www.movacolor.com\/wp-content\/uploads\/2023\/05\/high-growth-awards.jpg\" class=\"attachment-large size-large\" alt=\"High Growth Awards 2013\" loading=\"lazy\" srcset=\"https:\/\/www.movacolor.com\/wp-content\/uploads\/2023\/05\/high-growth-awards.jpg 975w, https:\/\/www.movacolor.com\/wp-content\/uploads\/2023\/05\/high-growth-awards-300x150.jpg 300w, https:\/\/www.movacolor.com\/wp-content\/uploads\/2023\/05\/high-growth-awards-900x450.jpg 900w\" sizes=\"auto, (max-width: 975px) 100vw, 975px\" \/><\/div><\/div><\/div><\/div><\/div><\/div><\/div><\/div><\/div><\/div><\/div><\/section><section class=\"l-section wpb_row mova-carousel height_auto width_full\"><div class=\"l-section-h i-cf\"><div class=\"g-cols vc_row via_flex valign_top type_boxes stacking_default\"><div class=\"vc_col-sm-12 wpb_column vc_column_container\"><div class=\"vc_column-inner\"><div class=\"wpb_wrapper\"><div class=\"wpb_text_column us_custom_60e9caca us_animate_this\"><div class=\"wpb_wrapper\"><h3>Les derni\u00e8res nouvelles<\/h3>\n<\/div><\/div><div class=\"w-grid us_carousel us_custom_19ce40c7 us_animate_this type_carousel layout_175 preload_style_spinner items_4\" id=\"us_grid_1\" style=\"--items:4;--gap:1.5rem;\"><style>.layout_175 .w-grid-item-h{background:var(--color-content-bg-alt);box-shadow:0 0.08rem 0.15rem rgba(0,0,0,0.1),0 0.25rem 0.75rem rgba(0,0,0,0.1);transition-duration:0.3s}.no-touch .layout_175 .w-grid-item-h:hover{box-shadow:0 0.03rem 0.06rem rgba(0,0,0,0.1),0 0.1rem 0.3rem rgba(0,0,0,0.15);z-index:4}.layout_175 .usg_vwrapper_1{margin-bottom:4.5rem!important;padding:2rem!important}.layout_175 .usg_btn_1{margin-top:3rem!important;position:absolute!important;left:2rem!important;bottom:2rem!important}@media (min-width:1025px) and (max-width:1280px){.layout_175 .usg_vwrapper_1{margin-bottom:4.5rem!important;padding:2rem!important}.layout_175 .usg_btn_1{position:absolute!important;left:2rem!important;bottom:2rem!important}}@media (min-width:769px) and (max-width:1024px){.layout_175 .usg_vwrapper_1{margin-bottom:4.5rem!important;padding:2rem!important}.layout_175 .usg_btn_1{position:absolute!important;left:2rem!important;bottom:2rem!important}}@media (max-width:768px){.layout_175 .usg_vwrapper_1{margin-bottom:4.5rem!important;padding:1.5rem!important}.layout_175 .usg_btn_1{position:absolute!important;left:1.5rem!important;bottom:1.5rem!important}}<\/style><div class=\"w-grid-list owl-carousel valign_stretch dotstyle_circle navstyle_circle arrows-ver-pos_middle arrows-hor-pos_on_sides_inside arrows-disabled_hide owl-responsive-2000 with_arrows\" style=\"--transition-duration:500ms;--arrows-size:1.5rem;--arrows-hor-offset:calc(0px - 1.5rem);--arrows-gap:10px;\">\t<article class=\"w-grid-item post-15489 post type-post status-publish format-standard has-post-thumbnail hentry category-nieuws-fr\" data-id=\"15489\">\r\n\t\t<div class=\"w-grid-item-h\">\r\n\t\t\t\t\t\t<div class=\"w-post-elm post_image usg_post_image_1 stretched\"><a href=\"https:\/\/www.movacolor.com\/fr\/news\/volumetric-dosing-done-right-decouvrez-notre-nouvelle-unite-de-dosage\/\" aria-label=\"&#8216;Volumetric Dosing Done Right&#8217;: D\u00e9couvrez notre nouvelle unit\u00e9 de dosage\"><img loading=\"lazy\" decoding=\"async\" width=\"600\" height=\"400\" src=\"https:\/\/www.movacolor.com\/wp-content\/uploads\/2024\/01\/MDS-Volumetric-Feeder-Thumbnail-600x400.jpg\" class=\"attachment-us_600_400_crop size-us_600_400_crop wp-post-image\" alt=\"MDS Volumetric Feeder in Testroom\" srcset=\"https:\/\/www.movacolor.com\/wp-content\/uploads\/2024\/01\/MDS-Volumetric-Feeder-Thumbnail-600x400.jpg 600w, https:\/\/www.movacolor.com\/wp-content\/uploads\/2024\/01\/MDS-Volumetric-Feeder-Thumbnail-300x201.jpg 300w, https:\/\/www.movacolor.com\/wp-content\/uploads\/2024\/01\/MDS-Volumetric-Feeder-Thumbnail-897x600.jpg 897w, https:\/\/www.movacolor.com\/wp-content\/uploads\/2024\/01\/MDS-Volumetric-Feeder-Thumbnail.jpg 997w\" sizes=\"auto, (max-width: 600px) 100vw, 600px\" \/><\/a><\/div><div class=\"w-vwrapper usg_vwrapper_1 align_left valign_top\"><h4 class=\"w-post-elm post_title usg_post_title_1 entry-title color_link_inherit\"><a href=\"https:\/\/www.movacolor.com\/fr\/news\/volumetric-dosing-done-right-decouvrez-notre-nouvelle-unite-de-dosage\/\">&#8216;Volumetric Dosing Done Right&#8217;: D\u00e9couvrez notre nouvelle unit\u00e9 de dosage<\/a><\/h4><div class=\"w-post-elm post_content usg_post_content_1\">Nous sommes tr\u00e8s heureux de lancer notre toute nouvelle unit\u00e9 de dosage : Le MDS Volumetric Feeder. Cette unit\u00e9 de dosage innovante \u00e9tablit la nouvelle norme en mati\u00e8re de dosage\u2026<\/div><\/div><a class=\"w-btn us-btn-style_5 usg_btn_1\" href=\"https:\/\/www.movacolor.com\/fr\/news\/volumetric-dosing-done-right-decouvrez-notre-nouvelle-unite-de-dosage\/\"><span class=\"w-btn-label\">Plus d&#8217;info<\/span><\/a>\t\t<\/div>\r\n\t\t\t<\/article>\r\n\t<article class=\"w-grid-item post-7711 post type-post status-publish format-standard has-post-thumbnail hentry category-blogs-fr\" data-id=\"7711\">\r\n\t\t<div class=\"w-grid-item-h\">\r\n\t\t\t\t\t\t<div class=\"w-post-elm post_image usg_post_image_1 stretched\"><a href=\"https:\/\/www.movacolor.com\/fr\/news\/des-commentaires-des-clients-a-une-nouvelle-solution-le-complement-de-dosage-hors-ligne\/\" aria-label=\"Des commentaires des clients \u00e0 une nouvelle solution : Le compl\u00e9ment de dosage hors ligne\"><img loading=\"lazy\" decoding=\"async\" width=\"600\" height=\"400\" src=\"https:\/\/www.movacolor.com\/wp-content\/uploads\/2023\/06\/DSC00194_BLUR-1-600x400.jpg\" class=\"attachment-us_600_400_crop size-us_600_400_crop wp-post-image\" alt=\"Off-line Dosing Configuration\" srcset=\"https:\/\/www.movacolor.com\/wp-content\/uploads\/2023\/06\/DSC00194_BLUR-1-600x400.jpg 600w, https:\/\/www.movacolor.com\/wp-content\/uploads\/2023\/06\/DSC00194_BLUR-1-1500x1000.jpg 1500w\" sizes=\"auto, (max-width: 600px) 100vw, 600px\" \/><\/a><\/div><div class=\"w-vwrapper usg_vwrapper_1 align_left valign_top\"><h4 class=\"w-post-elm post_title usg_post_title_1 entry-title color_link_inherit\"><a href=\"https:\/\/www.movacolor.com\/fr\/news\/des-commentaires-des-clients-a-une-nouvelle-solution-le-complement-de-dosage-hors-ligne\/\">Des commentaires des clients \u00e0 une nouvelle solution : Le compl\u00e9ment de dosage hors ligne<\/a><\/h4><div class=\"w-post-elm post_content usg_post_content_1\">L&#8217;ann\u00e9e derni\u00e8re, nous avons re\u00e7u plusieurs demandes concernant la viabilit\u00e9 du positionnement de notre balance MDS 6 \u00e0 c\u00f4t\u00e9 de la machine de production. Ces questions nous ont incit\u00e9s \u00e0\u2026<\/div><\/div><a class=\"w-btn us-btn-style_5 usg_btn_1\" href=\"https:\/\/www.movacolor.com\/fr\/news\/des-commentaires-des-clients-a-une-nouvelle-solution-le-complement-de-dosage-hors-ligne\/\"><span class=\"w-btn-label\">Plus d&#8217;info<\/span><\/a>\t\t<\/div>\r\n\t\t\t<\/article>\r\n\t<article class=\"w-grid-item post-7705 post type-post status-publish format-standard has-post-thumbnail hentry category-cas\" data-id=\"7705\">\r\n\t\t<div class=\"w-grid-item-h\">\r\n\t\t\t\t\t\t<div class=\"w-post-elm post_image usg_post_image_1 stretched\"><a href=\"https:\/\/www.movacolor.com\/fr\/news\/une-solution-durable-pour-lindustrie-du-vinyle\/\" aria-label=\"Une solution durable pour l&#8217;industrie du vinyle\"><img loading=\"lazy\" decoding=\"async\" width=\"600\" height=\"400\" src=\"https:\/\/www.movacolor.com\/wp-content\/uploads\/2023\/07\/NEW-THUMBNAIL-600x400.png\" class=\"attachment-us_600_400_crop size-us_600_400_crop wp-post-image\" alt=\"\" srcset=\"https:\/\/www.movacolor.com\/wp-content\/uploads\/2023\/07\/NEW-THUMBNAIL-600x400.png 600w, https:\/\/www.movacolor.com\/wp-content\/uploads\/2023\/07\/NEW-THUMBNAIL-1500x1000.png 1500w\" sizes=\"auto, (max-width: 600px) 100vw, 600px\" \/><\/a><\/div><div class=\"w-vwrapper usg_vwrapper_1 align_left valign_top\"><h4 class=\"w-post-elm post_title usg_post_title_1 entry-title color_link_inherit\"><a href=\"https:\/\/www.movacolor.com\/fr\/news\/une-solution-durable-pour-lindustrie-du-vinyle\/\">Une solution durable pour l&#8217;industrie du vinyle<\/a><\/h4><div class=\"w-post-elm post_content usg_post_content_1\">L&#8217;ann\u00e9e derni\u00e8re, Harm Theunisse nous a demand\u00e9 de collaborer \u00e0 un projet sp\u00e9cial intitul\u00e9 &#8220;Green Vinyl Records&#8221;. Harm souhaitait \u00e9tudier s&#8217;il \u00e9tait possible de r\u00e9duire les d\u00e9chets et d&#8217;\u00e9conomiser de\u2026<\/div><\/div><a class=\"w-btn us-btn-style_5 usg_btn_1\" href=\"https:\/\/www.movacolor.com\/fr\/news\/une-solution-durable-pour-lindustrie-du-vinyle\/\"><span class=\"w-btn-label\">Plus d&#8217;info<\/span><\/a>\t\t<\/div>\r\n\t\t\t<\/article>\r\n\t<article class=\"w-grid-item post-7717 post type-post status-publish format-standard has-post-thumbnail hentry category-cas\" data-id=\"7717\">\r\n\t\t<div class=\"w-grid-item-h\">\r\n\t\t\t\t\t\t<div class=\"w-post-elm post_image usg_post_image_1 stretched\"><a href=\"https:\/\/www.movacolor.com\/fr\/news\/une-visite-a-notre-client-enitor-primo\/\" aria-label=\"Une visite \u00e0 notre client Enitor Primo\"><img loading=\"lazy\" decoding=\"async\" width=\"600\" height=\"400\" src=\"https:\/\/www.movacolor.com\/wp-content\/uploads\/2023\/06\/MicrosoftTeams-image-600x400.jpg\" class=\"attachment-us_600_400_crop size-us_600_400_crop wp-post-image\" alt=\"Jelle Wibo Elsinga - Enitor Primo\" \/><\/a><\/div><div class=\"w-vwrapper usg_vwrapper_1 align_left valign_top\"><h4 class=\"w-post-elm post_title usg_post_title_1 entry-title color_link_inherit\"><a href=\"https:\/\/www.movacolor.com\/fr\/news\/une-visite-a-notre-client-enitor-primo\/\">Une visite \u00e0 notre client Enitor Primo<\/a><\/h4><div class=\"w-post-elm post_content usg_post_content_1\">Nous avons r\u00e9cemment eu la fantastique opportunit\u00e9 de visiter Enitor Primo, qui fait partie de la grande multinationale Primo Group et qui est un client appr\u00e9ci\u00e9 de Movacolor. Cette soci\u00e9t\u00e9\u2026<\/div><\/div><a class=\"w-btn us-btn-style_5 usg_btn_1\" href=\"https:\/\/www.movacolor.com\/fr\/news\/une-visite-a-notre-client-enitor-primo\/\"><span class=\"w-btn-label\">Plus d&#8217;info<\/span><\/a>\t\t<\/div>\r\n\t\t\t<\/article>\r\n<\/div><div class=\"w-grid-carousel-json hidden\" onclick='return {&quot;carousel_settings&quot;:{&quot;aria_labels&quot;:{&quot;prev&quot;:&quot;Pr\\u00e9c\\u00e9dent&quot;,&quot;next&quot;:&quot;Suivant&quot;},&quot;autoplayContinual&quot;:false,&quot;autoplayHoverPause&quot;:false,&quot;autoplayTimeout&quot;:3000,&quot;autoWidth&quot;:false,&quot;smartSpeed&quot;:500,&quot;margin&quot;:0,&quot;mouseDrag&quot;:true,&quot;rtl&quot;:false,&quot;slideBy&quot;:&quot;1&quot;,&quot;touchDrag&quot;:true,&quot;slideTransition&quot;:&quot;&quot;,&quot;responsive&quot;:{&quot;0&quot;:{&quot;autoHeight&quot;:false,&quot;autoplay&quot;:false,&quot;autoWidth&quot;:false,&quot;center&quot;:false,&quot;dots&quot;:false,&quot;items&quot;:1,&quot;loop&quot;:true,&quot;nav&quot;:false,&quot;stagePadding&quot;:30,&quot;slideBy&quot;:&quot;1&quot;},&quot;769&quot;:{&quot;autoHeight&quot;:false,&quot;autoplay&quot;:false,&quot;autoWidth&quot;:false,&quot;center&quot;:false,&quot;dots&quot;:false,&quot;items&quot;:2,&quot;loop&quot;:true,&quot;nav&quot;:true,&quot;stagePadding&quot;:0,&quot;slideBy&quot;:&quot;1&quot;},&quot;1025&quot;:{&quot;autoHeight&quot;:false,&quot;autoplay&quot;:false,&quot;autoWidth&quot;:false,&quot;center&quot;:false,&quot;dots&quot;:false,&quot;items&quot;:2,&quot;loop&quot;:true,&quot;nav&quot;:true,&quot;stagePadding&quot;:0,&quot;slideBy&quot;:&quot;1&quot;},&quot;1281&quot;:{&quot;items&quot;:4,&quot;autoplay&quot;:false,&quot;center&quot;:false,&quot;dots&quot;:false,&quot;nav&quot;:true,&quot;autoHeight&quot;:false,&quot;autoWidth&quot;:false,&quot;loop&quot;:false,&quot;stagePadding&quot;:0}}}}'><\/div><\/div><div class=\"w-btn-wrapper align_left\"><a class=\"w-btn us-btn-style_6 us_custom_e7dc464c news-gotall-btn\" title=\"Technologie\" href=\"https:\/\/www.movacolor.com\/fr\/a-propos-de-nous\/nouvelles\/\"><span class=\"w-btn-label\">Aller \u00e0 tous<\/span><\/a><\/div><\/div><\/div><\/div><\/div><\/div><\/section>\n","protected":false},"excerpt":{"rendered":"Dans le domaine de l&#8217;extrusion plastique, une entreprise se distingue de ses concurrents : Enitor Primo. Gr\u00e2ce \u00e0 son souci du d\u00e9tail, elle fabrique des produits en plastique avec pr\u00e9cision et soin. L&#8217;entreprise produit des milliers de profils diff\u00e9rents utilis\u00e9s sur des march\u00e9s aussi divers que l&#8217;industrie g\u00e9n\u00e9rale, la construction de serres, les piscines, les...","protected":false},"author":6,"featured_media":0,"parent":3106,"menu_order":0,"comment_status":"closed","ping_status":"closed","template":"","meta":{"_acf_changed":false,"footnotes":""},"class_list":["post-7426","page","type-page","status-publish","hentry"],"acf":[],"yoast_head":"<!-- This site is optimized with the Yoast SEO plugin v26.4 - https:\/\/yoast.com\/wordpress\/plugins\/seo\/ -->\n<title>D\u00e9couvrez nos r\u00e9alisations prim\u00e9es - Movacolor<\/title>\n<meta name=\"description\" content=\"D\u00e9couvrez notre participation \u00e0 l&#039;\u00e9lection de l&#039;entreprise frisonne de l&#039;ann\u00e9e et notre reconnaissance en tant que Gazelle FD.\" \/>\n<meta name=\"robots\" content=\"noindex, follow\" \/>\n<meta property=\"og:locale\" content=\"fr_FR\" \/>\n<meta property=\"og:type\" content=\"article\" \/>\n<meta property=\"og:title\" content=\"D\u00e9couvrez nos r\u00e9alisations prim\u00e9es - Movacolor\" \/>\n<meta property=\"og:description\" content=\"D\u00e9couvrez notre participation \u00e0 l&#039;\u00e9lection de l&#039;entreprise frisonne de l&#039;ann\u00e9e et notre reconnaissance en tant que Gazelle FD.\" \/>\n<meta property=\"og:url\" content=\"https:\/\/www.movacolor.com\/fr\/about-us\/awards-and-nominations\/\" \/>\n<meta property=\"og:site_name\" content=\"Movacolor\" \/>\n<meta property=\"article:modified_time\" content=\"2023-09-15T08:45:55+00:00\" \/>\n<meta name=\"twitter:card\" content=\"summary_large_image\" \/>\n<meta name=\"twitter:label1\" content=\"Dur\u00e9e de lecture estim\u00e9e\" \/>\n\t<meta name=\"twitter:data1\" content=\"6 minutes\" \/>\n<script type=\"application\/ld+json\" class=\"yoast-schema-graph\">{\"@context\":\"https:\/\/schema.org\",\"@graph\":[{\"@type\":\"WebPage\",\"@id\":\"https:\/\/www.movacolor.com\/fr\/about-us\/awards-and-nominations\/\",\"url\":\"https:\/\/www.movacolor.com\/fr\/about-us\/awards-and-nominations\/\",\"name\":\"D\u00e9couvrez nos r\u00e9alisations prim\u00e9es - Movacolor\",\"isPartOf\":{\"@id\":\"https:\/\/www.movacolor.com\/fr\/#website\"},\"datePublished\":\"2023-01-30T07:38:03+00:00\",\"dateModified\":\"2023-09-15T08:45:55+00:00\",\"description\":\"D\u00e9couvrez notre participation \u00e0 l'\u00e9lection de l'entreprise frisonne de l'ann\u00e9e et notre reconnaissance en tant que Gazelle FD.\",\"breadcrumb\":{\"@id\":\"https:\/\/www.movacolor.com\/fr\/about-us\/awards-and-nominations\/#breadcrumb\"},\"inLanguage\":\"fr-FR\",\"potentialAction\":[{\"@type\":\"ReadAction\",\"target\":[\"https:\/\/www.movacolor.com\/fr\/about-us\/awards-and-nominations\/\"]}]},{\"@type\":\"BreadcrumbList\",\"@id\":\"https:\/\/www.movacolor.com\/fr\/about-us\/awards-and-nominations\/#breadcrumb\",\"itemListElement\":[{\"@type\":\"ListItem\",\"position\":1,\"name\":\"Home\",\"item\":\"https:\/\/www.movacolor.com\/fr\/\"},{\"@type\":\"ListItem\",\"position\":2,\"name\":\"\u00c0 propos de nous\",\"item\":\"https:\/\/www.movacolor.com\/fr\/about-us\/\"},{\"@type\":\"ListItem\",\"position\":3,\"name\":\"Prix et nominations\"}]},{\"@type\":\"WebSite\",\"@id\":\"https:\/\/www.movacolor.com\/fr\/#website\",\"url\":\"https:\/\/www.movacolor.com\/fr\/\",\"name\":\"Movacolor\",\"description\":\"modular dosing solutions\",\"potentialAction\":[{\"@type\":\"SearchAction\",\"target\":{\"@type\":\"EntryPoint\",\"urlTemplate\":\"https:\/\/www.movacolor.com\/fr\/?s={search_term_string}\"},\"query-input\":{\"@type\":\"PropertyValueSpecification\",\"valueRequired\":true,\"valueName\":\"search_term_string\"}}],\"inLanguage\":\"fr-FR\"}]}<\/script>\n<!-- \/ Yoast SEO plugin. -->","yoast_head_json":{"title":"D\u00e9couvrez nos r\u00e9alisations prim\u00e9es - Movacolor","description":"D\u00e9couvrez notre participation \u00e0 l'\u00e9lection de l'entreprise frisonne de l'ann\u00e9e et notre reconnaissance en tant que Gazelle FD.","robots":{"index":"noindex","follow":"follow"},"og_locale":"fr_FR","og_type":"article","og_title":"D\u00e9couvrez nos r\u00e9alisations prim\u00e9es - Movacolor","og_description":"D\u00e9couvrez notre participation \u00e0 l'\u00e9lection de l'entreprise frisonne de l'ann\u00e9e et notre reconnaissance en tant que Gazelle FD.","og_url":"https:\/\/www.movacolor.com\/fr\/about-us\/awards-and-nominations\/","og_site_name":"Movacolor","article_modified_time":"2023-09-15T08:45:55+00:00","twitter_card":"summary_large_image","twitter_misc":{"Dur\u00e9e de lecture estim\u00e9e":"6 minutes"},"schema":{"@context":"https:\/\/schema.org","@graph":[{"@type":"WebPage","@id":"https:\/\/www.movacolor.com\/fr\/about-us\/awards-and-nominations\/","url":"https:\/\/www.movacolor.com\/fr\/about-us\/awards-and-nominations\/","name":"D\u00e9couvrez nos r\u00e9alisations prim\u00e9es - Movacolor","isPartOf":{"@id":"https:\/\/www.movacolor.com\/fr\/#website"},"datePublished":"2023-01-30T07:38:03+00:00","dateModified":"2023-09-15T08:45:55+00:00","description":"D\u00e9couvrez notre participation \u00e0 l'\u00e9lection de l'entreprise frisonne de l'ann\u00e9e et notre reconnaissance en tant que Gazelle FD.","breadcrumb":{"@id":"https:\/\/www.movacolor.com\/fr\/about-us\/awards-and-nominations\/#breadcrumb"},"inLanguage":"fr-FR","potentialAction":[{"@type":"ReadAction","target":["https:\/\/www.movacolor.com\/fr\/about-us\/awards-and-nominations\/"]}]},{"@type":"BreadcrumbList","@id":"https:\/\/www.movacolor.com\/fr\/about-us\/awards-and-nominations\/#breadcrumb","itemListElement":[{"@type":"ListItem","position":1,"name":"Home","item":"https:\/\/www.movacolor.com\/fr\/"},{"@type":"ListItem","position":2,"name":"\u00c0 propos de nous","item":"https:\/\/www.movacolor.com\/fr\/about-us\/"},{"@type":"ListItem","position":3,"name":"Prix et nominations"}]},{"@type":"WebSite","@id":"https:\/\/www.movacolor.com\/fr\/#website","url":"https:\/\/www.movacolor.com\/fr\/","name":"Movacolor","description":"modular dosing solutions","potentialAction":[{"@type":"SearchAction","target":{"@type":"EntryPoint","urlTemplate":"https:\/\/www.movacolor.com\/fr\/?s={search_term_string}"},"query-input":{"@type":"PropertyValueSpecification","valueRequired":true,"valueName":"search_term_string"}}],"inLanguage":"fr-FR"}]}},"_links":{"self":[{"href":"https:\/\/www.movacolor.com\/fr\/wp-json\/wp\/v2\/pages\/7426","targetHints":{"allow":["GET"]}}],"collection":[{"href":"https:\/\/www.movacolor.com\/fr\/wp-json\/wp\/v2\/pages"}],"about":[{"href":"https:\/\/www.movacolor.com\/fr\/wp-json\/wp\/v2\/types\/page"}],"author":[{"embeddable":true,"href":"https:\/\/www.movacolor.com\/fr\/wp-json\/wp\/v2\/users\/6"}],"replies":[{"embeddable":true,"href":"https:\/\/www.movacolor.com\/fr\/wp-json\/wp\/v2\/comments?post=7426"}],"version-history":[{"count":5,"href":"https:\/\/www.movacolor.com\/fr\/wp-json\/wp\/v2\/pages\/7426\/revisions"}],"predecessor-version":[{"id":8535,"href":"https:\/\/www.movacolor.com\/fr\/wp-json\/wp\/v2\/pages\/7426\/revisions\/8535"}],"up":[{"embeddable":true,"href":"https:\/\/www.movacolor.com\/fr\/wp-json\/wp\/v2\/pages\/3106"}],"wp:attachment":[{"href":"https:\/\/www.movacolor.com\/fr\/wp-json\/wp\/v2\/media?parent=7426"}],"curies":[{"name":"wp","href":"https:\/\/api.w.org\/{rel}","templated":true}]}}