{"id":7627,"date":"2023-01-30T09:37:48","date_gmt":"2023-01-30T07:37:48","guid":{"rendered":"https:\/\/www.movacolor.com\/acerca-de-nosotros\/colaboraciones\/"},"modified":"2023-10-23T13:29:06","modified_gmt":"2023-10-23T11:29:06","slug":"colaboraciones","status":"publish","type":"page","link":"https:\/\/www.movacolor.com\/es\/about-us\/colaboraciones\/","title":{"rendered":"Colaboraciones"},"content":{"rendered":"<p>&nbsp;<section class=\"l-section wpb_row us_custom_645e9f38 us_animate_this height_auto\"><div class=\"l-section-h i-cf\"><div class=\"g-cols vc_row via_flex valign_top type_boxes stacking_default\"><div class=\"vc_col-sm-12 wpb_column vc_column_container\"><div class=\"vc_column-inner us_custom_3d831995\"><div class=\"wpb_wrapper\"><div class=\"wpb_text_column\"><div class=\"wpb_wrapper\"><h1 class=\"p1\">Colaboraciones<\/h1>\n<p>Para poder avanzar como empresa y como sector, es esencial trabajar juntos. Por eso, durante m\u00e1s de 30 a\u00f1os, hemos colaborado deliberadamente con socios de ideas afines para compartir informaci\u00f3n y construir una comunidad s\u00f3lida a favor de la innovaci\u00f3n y la sostenibilidad.<\/p>\n<\/div><\/div><\/div><\/div><\/div><\/div><\/div><\/section><section class=\"l-section wpb_row us_custom_c70c97eb logo-row-collab height_auto\"><div class=\"l-section-h i-cf\"><div class=\"g-cols vc_row via_flex valign_middle type_boxes stacking_default\"><div class=\"vc_col-sm-12 wpb_column vc_column_container\"><div class=\"vc_column-inner us_custom_3d831995\"><div class=\"wpb_wrapper\"><div class=\"g-cols wpb_row via_flex valign_top type_default stacking_default\"><div class=\"vc_col-sm-4 wpb_column vc_column_container\"><div class=\"vc_column-inner\"><div class=\"wpb_wrapper\"><div class=\"w-image align_none\"><div class=\"w-image-h\"><img decoding=\"async\" width=\"298\" height=\"107\" src=\"https:\/\/www.movacolor.com\/wp-content\/uploads\/2023\/06\/PSP-1.png\" class=\"attachment-full size-full\" alt=\"Polymer Science Park\" loading=\"lazy\" \/><\/div><\/div><div class=\"w-separator size_medium\"><\/div><div class=\"wpb_text_column\"><div class=\"wpb_wrapper\"><p>El Polymer Science Park Zwolle est\u00e1 especializado en la investigaci\u00f3n de materiales y tecnolog\u00edas basados en pol\u00edmeros. Gracias a su capacidad para aportar a nuestra empresa investigaci\u00f3n y conocimientos sobre problemas comunes, podemos seguir desarrollando nuevos productos. Nos enorgullece decir que colaboramos activamente con el Polymer Science Park y que, juntos, podemos hacer una contribuci\u00f3n duradera a nuestra misi\u00f3n de hacer que el sector sea m\u00e1s sostenible.<\/p>\n<\/div><\/div><\/div><\/div><\/div><div class=\"vc_col-sm-4 wpb_column vc_column_container\"><div class=\"vc_column-inner\"><div class=\"wpb_wrapper\"><div class=\"w-image align_none\"><div class=\"w-image-h\"><img decoding=\"async\" width=\"288\" height=\"131\" src=\"https:\/\/www.movacolor.com\/wp-content\/uploads\/2023\/06\/DOKWURK2.png\" class=\"attachment-full size-full\" alt=\"DOKWURK2\" loading=\"lazy\" \/><\/div><\/div><div class=\"w-separator size_medium\"><\/div><div class=\"wpb_text_column\"><div class=\"wpb_wrapper\"><p>Dokwurk Sociale Werkplaats es una empresa de \u00e1mbito social situada en Dokkum, Frisia, que ofrece oportunidades de empleo y formaci\u00f3n profesional a personas que se enfrentan a obst\u00e1culos para encontrar trabajo. La empresa se fund\u00f3 en 1995 con el objetivo de proporcionar a estas personas un trabajo apropiado.<\/p>\n<p>Estamos encantados de tener la oportunidad de trabajar con los talentosos empleados de Dokwurk. Sus conocimientos y experiencia han demostrado ser inestimables para ayudarnos a realizar un importante trabajo previo al montaje de nuestros productos. Estamos agradecidos por haber encontrado una organizaci\u00f3n que comparte nuestros valores y nuestra visi\u00f3n de la inclusi\u00f3n social y el compromiso local. Al colaborar con Dokwurk, podemos externalizar parte de nuestro trabajo.<\/p>\n<\/div><\/div><\/div><\/div><\/div><div class=\"vc_col-sm-4 wpb_column vc_column_container\"><div class=\"vc_column-inner\"><div class=\"wpb_wrapper\"><div class=\"w-image align_none\"><div class=\"w-image-h\"><img decoding=\"async\" width=\"301\" height=\"92\" src=\"https:\/\/www.movacolor.com\/wp-content\/uploads\/2023\/06\/SamenCirculair.png\" class=\"attachment-full size-full\" alt=\"Samen Circulair\" loading=\"lazy\" \/><\/div><\/div><div class=\"w-separator size_medium\"><\/div><div class=\"wpb_text_column\"><div class=\"wpb_wrapper\"><p>Samen Circulair es una iniciativa empresarial colaborativa de la regi\u00f3n de Heerenveen que pretende acelerar la econom\u00eda circular. Como uno de los socios fundadores, compartimos la responsabilidad de trabajar por un futuro mejor para la pr\u00f3xima generaci\u00f3n comprometi\u00e9ndonos con una econom\u00eda circular. Juntos luchamos por un crecimiento responsable, nuevas fronteras econ\u00f3micas y l\u00edmites de emisiones y contaminaci\u00f3n.<\/p>\n<\/div><\/div><\/div><\/div><\/div><\/div><\/div><\/div><\/div><\/div><\/div><\/section><section class=\"l-section wpb_row logo-row-collab height_auto\"><div class=\"l-section-h i-cf\"><div class=\"g-cols vc_row via_flex valign_top type_boxes stacking_default\"><div class=\"vc_col-sm-12 wpb_column vc_column_container\"><div class=\"vc_column-inner\"><div class=\"wpb_wrapper\"><div class=\"g-cols wpb_row via_flex valign_top type_default stacking_default\"><div class=\"vc_col-sm-4 wpb_column vc_column_container\"><div class=\"vc_column-inner\"><div class=\"wpb_wrapper\"><div class=\"w-image align_none\"><div class=\"w-image-h\"><img decoding=\"async\" width=\"300\" height=\"105\" src=\"https:\/\/www.movacolor.com\/wp-content\/uploads\/2023\/06\/Plastics.png\" class=\"attachment-full size-full\" alt=\"PLASTICS Industry Association\" loading=\"lazy\" \/><\/div><\/div><div class=\"w-separator size_medium\"><\/div><div class=\"wpb_text_column\"><div class=\"wpb_wrapper\"><p>La Plastics Industry Association (PLASTICS) es una asociaci\u00f3n comercial con sede en Estados Unidos que representa a empresas y organizaciones dedicadas a la fabricaci\u00f3n y distribuci\u00f3n de pl\u00e1sticos. La asociaci\u00f3n se fund\u00f3 en 1937 y act\u00faa como portavoz de la industria del pl\u00e1stico, defendiendo sus intereses y promoviendo su crecimiento econ\u00f3mico y sostenibilidad.<\/p>\n<p>PLASTICS ofrece a sus miembros una amplia gama de servicios y recursos, entre los que se incluyen datos y an\u00e1lisis del sector, asesoramiento normativo y legislativo, oportunidades para establecer contactos y programas educativos y de formaci\u00f3n. La asociaci\u00f3n tambi\u00e9n organiza eventos y conferencias del sector, como la NPE: The Plastics Show, la mayor feria de pl\u00e1sticos de Am\u00e9rica en la que participaremos en 2024.<\/p>\n<p>Tras convertirnos en miembro de PLASTICS en 2022, ahora compartimos nuestra experiencia y conocimientos con diversos profesionales del sector.<\/p>\n<\/div><\/div><\/div><\/div><\/div><div class=\"vc_col-sm-4 wpb_column vc_column_container\"><div class=\"vc_column-inner\"><div class=\"wpb_wrapper\"><div class=\"w-image align_none\"><div class=\"w-image-h\"><img decoding=\"async\" width=\"300\" height=\"72\" src=\"https:\/\/www.movacolor.com\/wp-content\/uploads\/2023\/06\/Empatec.png\" class=\"attachment-full size-full\" alt=\"Empatec\" loading=\"lazy\" \/><\/div><\/div><div class=\"w-separator size_medium\"><\/div><div class=\"wpb_text_column\"><div class=\"wpb_wrapper\"><p>Empatec es un taller social local que ofrece oportunidades de empleo y formaci\u00f3n a personas con discapacidad u otras barreras para el empleo. La empresa ofrece a sus empleados un entorno de trabajo solidario e integrador, as\u00ed como oportunidades de formaci\u00f3n y desarrollo de competencias. Esto permite a los empleados ganar confianza, desarrollar sus capacidades y adquirir una valiosa experiencia laboral, que puede ayudarles en la transici\u00f3n a otras oportunidades de empleo en el futuro.<\/p>\n<p>La empresa nos ofrece toda una gama de servicios, como trabajos de producci\u00f3n y montaje, servicios log\u00edsticos y de envasado, mantenimiento de jardines y servicios de limpieza.<\/p>\n<\/div><\/div><\/div><\/div><\/div><div class=\"vc_col-sm-4 wpb_column vc_column_container\"><div class=\"vc_column-inner\"><div class=\"wpb_wrapper\"><div class=\"w-image align_none\"><div class=\"w-image-h\"><img decoding=\"async\" width=\"301\" height=\"100\" src=\"https:\/\/www.movacolor.com\/wp-content\/uploads\/2023\/06\/Kunststoff.png\" class=\"attachment-full size-full\" alt=\"Kunststoff Institut L\u00fcdenscheid\" loading=\"lazy\" \/><\/div><\/div><div class=\"w-separator size_medium\"><\/div><div class=\"wpb_text_column\"><div class=\"wpb_wrapper\"><p>&nbsp;<\/p>\n<p>El Instituto de Pl\u00e1sticos de L\u00fcdenscheid (Kunststoff-Institut L\u00fcdenscheid) es un centro de investigaci\u00f3n y desarrollo situado en L\u00fcdenscheid, Alemania, especializado en el desarrollo y ensayo de materiales pl\u00e1sticos y tecnolog\u00edas de transformaci\u00f3n, con el objetivo de descubrir nuevas formas de mejorar la sostenibilidad de los procesos de producci\u00f3n. Con su amplia gama de servicios, nos ayudan a encontrar nuevas innovaciones en varios sectores, como el de la automoci\u00f3n, m\u00e9dico y de envases.<\/p>\n<\/div><\/div><\/div><\/div><\/div><\/div><\/div><\/div><\/div><\/div><\/div><\/section><section class=\"l-section wpb_row us_custom_c70c97eb logo-row-collab height_auto\"><div class=\"l-section-h i-cf\"><div class=\"g-cols vc_row via_flex valign_top type_boxes stacking_default\"><div class=\"vc_col-sm-12 wpb_column vc_column_container\"><div class=\"vc_column-inner\"><div class=\"wpb_wrapper\"><div class=\"g-cols wpb_row via_flex valign_top type_default stacking_default\"><div class=\"vc_col-sm-4 wpb_column vc_column_container\"><div class=\"vc_column-inner\"><div class=\"wpb_wrapper\"><div class=\"w-image align_none\"><div class=\"w-image-h\"><img decoding=\"async\" width=\"241\" height=\"191\" src=\"https:\/\/www.movacolor.com\/wp-content\/uploads\/2023\/06\/NHL-Stenden-2.png\" class=\"attachment-full size-full\" alt=\"NHL Stenden\" loading=\"lazy\" \/><\/div><\/div><div class=\"w-separator size_small\"><\/div><div class=\"wpb_text_column\"><div class=\"wpb_wrapper\"><p>La Universidad NHL Stenden es una universidad del norte de Frisia en la que habitualmente se investiga sobre temas de sostenibilidad relacionados con la industria del pl\u00e1stico.<\/p>\n<p>Ofrecemos pr\u00e1cticas a las nuevas generaciones para darles la oportunidad de desarrollar sus capacidades y adquirir conocimientos pr\u00e1cticos en un entorno real. Adem\u00e1s, tratamos de ofrecerles la posibilidad de incorporarse a nuestro equipo una vez finalizadas las pr\u00e1cticas.<\/p>\n<\/div><\/div><\/div><\/div><\/div><div class=\"vc_col-sm-4 wpb_column vc_column_container\"><div class=\"vc_column-inner\"><div class=\"wpb_wrapper\"><\/div><\/div><\/div><div class=\"vc_col-sm-4 wpb_column vc_column_container\"><div class=\"vc_column-inner\"><div class=\"wpb_wrapper\"><\/div><\/div><\/div><\/div><\/div><\/div><\/div><\/div><\/div><\/section><section class=\"l-section wpb_row mova-carousel height_auto width_full\"><div class=\"l-section-h i-cf\"><div class=\"g-cols vc_row via_flex valign_top type_boxes stacking_default\"><div class=\"vc_col-sm-12 wpb_column vc_column_container\"><div class=\"vc_column-inner\"><div class=\"wpb_wrapper\"><div class=\"wpb_text_column us_custom_60e9caca us_animate_this\"><div class=\"wpb_wrapper\"><h3>\u00daltimas noticias<\/h3>\n<p>&nbsp;<\/p>\n<\/div><\/div><div class=\"w-grid us_carousel us_custom_19ce40c7 us_animate_this type_carousel layout_175 preload_style_spinner items_4\" id=\"us_grid_1\" style=\"--items:4;--gap:1.5rem;\"><style>.layout_175 .w-grid-item-h{background:var(--color-content-bg-alt);box-shadow:0 0.08rem 0.15rem rgba(0,0,0,0.1),0 0.25rem 0.75rem rgba(0,0,0,0.1);transition-duration:0.3s}.no-touch .layout_175 .w-grid-item-h:hover{box-shadow:0 0.03rem 0.06rem rgba(0,0,0,0.1),0 0.1rem 0.3rem rgba(0,0,0,0.15);z-index:4}.layout_175 .usg_vwrapper_1{margin-bottom:4.5rem!important;padding:2rem!important}.layout_175 .usg_btn_1{margin-top:3rem!important;position:absolute!important;left:2rem!important;bottom:2rem!important}@media (min-width:1025px) and (max-width:1280px){.layout_175 .usg_vwrapper_1{margin-bottom:4.5rem!important;padding:2rem!important}.layout_175 .usg_btn_1{position:absolute!important;left:2rem!important;bottom:2rem!important}}@media (min-width:769px) and (max-width:1024px){.layout_175 .usg_vwrapper_1{margin-bottom:4.5rem!important;padding:2rem!important}.layout_175 .usg_btn_1{position:absolute!important;left:2rem!important;bottom:2rem!important}}@media (max-width:768px){.layout_175 .usg_vwrapper_1{margin-bottom:4.5rem!important;padding:1.5rem!important}.layout_175 .usg_btn_1{position:absolute!important;left:1.5rem!important;bottom:1.5rem!important}}<\/style><div class=\"w-grid-list owl-carousel valign_stretch dotstyle_circle navstyle_circle arrows-ver-pos_middle arrows-hor-pos_on_sides_inside arrows-disabled_hide owl-responsive-2000 with_arrows\" style=\"--transition-duration:500ms;--arrows-size:1.5rem;--arrows-hor-offset:calc(0px - 1.5rem);--arrows-gap:10px;\">\t<article class=\"w-grid-item post-15510 post type-post status-publish format-standard has-post-thumbnail hentry category-noticias\" data-id=\"15510\">\r\n\t\t<div class=\"w-grid-item-h\">\r\n\t\t\t\t\t\t<div class=\"w-post-elm post_image usg_post_image_1 stretched\"><a href=\"https:\/\/www.movacolor.com\/es\/news\/volumetric-dosing-done-right-explore-nuestra-nueva-unidad-de-dosificacion\/\" aria-label=\"&#8216;Volumetric Dosing Done Right&#8217;: Explore nuestra nueva unidad de dosificaci\u00f3n\"><img loading=\"lazy\" decoding=\"async\" width=\"600\" height=\"400\" src=\"https:\/\/www.movacolor.com\/wp-content\/uploads\/2024\/01\/MDS-Volumetric-Feeder-Thumbnail-600x400.jpg\" class=\"attachment-us_600_400_crop size-us_600_400_crop wp-post-image\" alt=\"MDS Volumetric Feeder in Testroom\" srcset=\"https:\/\/www.movacolor.com\/wp-content\/uploads\/2024\/01\/MDS-Volumetric-Feeder-Thumbnail-600x400.jpg 600w, https:\/\/www.movacolor.com\/wp-content\/uploads\/2024\/01\/MDS-Volumetric-Feeder-Thumbnail-300x201.jpg 300w, https:\/\/www.movacolor.com\/wp-content\/uploads\/2024\/01\/MDS-Volumetric-Feeder-Thumbnail-897x600.jpg 897w, https:\/\/www.movacolor.com\/wp-content\/uploads\/2024\/01\/MDS-Volumetric-Feeder-Thumbnail.jpg 997w\" sizes=\"auto, (max-width: 600px) 100vw, 600px\" \/><\/a><\/div><div class=\"w-vwrapper usg_vwrapper_1 align_left valign_top\"><h4 class=\"w-post-elm post_title usg_post_title_1 entry-title color_link_inherit\"><a href=\"https:\/\/www.movacolor.com\/es\/news\/volumetric-dosing-done-right-explore-nuestra-nueva-unidad-de-dosificacion\/\">&#8216;Volumetric Dosing Done Right&#8217;: Explore nuestra nueva unidad de dosificaci\u00f3n<\/a><\/h4><div class=\"w-post-elm post_content usg_post_content_1\">Estamos muy contentos de lanzar nuestra nueva unidad de dosificaci\u00f3n: El MDS Volumetric Feeder. Esta innovadora unidad de dosificaci\u00f3n establece el nuevo est\u00e1ndar en dosificaci\u00f3n volum\u00e9trica, dirigida espec\u00edficamente a los&hellip;<\/div><\/div><a class=\"w-btn us-btn-style_5 usg_btn_1\" href=\"https:\/\/www.movacolor.com\/es\/news\/volumetric-dosing-done-right-explore-nuestra-nueva-unidad-de-dosificacion\/\"><span class=\"w-btn-label\">Seguir leyendo<\/span><\/a>\t\t<\/div>\r\n\t\t\t<\/article>\r\n\t<article class=\"w-grid-item post-7714 post type-post status-publish format-standard has-post-thumbnail hentry category-blogs-es\" data-id=\"7714\">\r\n\t\t<div class=\"w-grid-item-h\">\r\n\t\t\t\t\t\t<div class=\"w-post-elm post_image usg_post_image_1 stretched\"><a href=\"https:\/\/www.movacolor.com\/es\/news\/de-la-opinion-del-cliente-a-una-nueva-solucion-el-complemento-de-dosificacion-fuera-de-linea\/\" aria-label=\"De la opini\u00f3n del cliente a una nueva soluci\u00f3n: El complemento de dosificaci\u00f3n fuera de l\u00ednea\"><img loading=\"lazy\" decoding=\"async\" width=\"600\" height=\"400\" src=\"https:\/\/www.movacolor.com\/wp-content\/uploads\/2023\/06\/DSC00194_BLUR-1-600x400.jpg\" class=\"attachment-us_600_400_crop size-us_600_400_crop wp-post-image\" alt=\"Off-line Dosing Configuration\" srcset=\"https:\/\/www.movacolor.com\/wp-content\/uploads\/2023\/06\/DSC00194_BLUR-1-600x400.jpg 600w, https:\/\/www.movacolor.com\/wp-content\/uploads\/2023\/06\/DSC00194_BLUR-1-1500x1000.jpg 1500w\" sizes=\"auto, (max-width: 600px) 100vw, 600px\" \/><\/a><\/div><div class=\"w-vwrapper usg_vwrapper_1 align_left valign_top\"><h4 class=\"w-post-elm post_title usg_post_title_1 entry-title color_link_inherit\"><a href=\"https:\/\/www.movacolor.com\/es\/news\/de-la-opinion-del-cliente-a-una-nueva-solucion-el-complemento-de-dosificacion-fuera-de-linea\/\">De la opini\u00f3n del cliente a una nueva soluci\u00f3n: El complemento de dosificaci\u00f3n fuera de l\u00ednea<\/a><\/h4><div class=\"w-post-elm post_content usg_post_content_1\">El a\u00f1o pasado recibimos varias consultas sobre la viabilidad de colocar nuestra balanza MDS 6 junto a la m\u00e1quina de producci\u00f3n. Estas preguntas nos impulsaron a desarrollar una nueva soluci\u00f3n&hellip;<\/div><\/div><a class=\"w-btn us-btn-style_5 usg_btn_1\" href=\"https:\/\/www.movacolor.com\/es\/news\/de-la-opinion-del-cliente-a-una-nueva-solucion-el-complemento-de-dosificacion-fuera-de-linea\/\"><span class=\"w-btn-label\">Seguir leyendo<\/span><\/a>\t\t<\/div>\r\n\t\t\t<\/article>\r\n\t<article class=\"w-grid-item post-11070 post type-post status-publish format-standard has-post-thumbnail hentry category-eventos\" data-id=\"11070\">\r\n\t\t<div class=\"w-grid-item-h\">\r\n\t\t\t\t\t\t<div class=\"w-post-elm post_image usg_post_image_1 stretched\"><a href=\"https:\/\/www.movacolor.com\/es\/news\/asista-a-nuestro-seminario-web-go-beyond-blending-el-14-de-noviembre\/\" aria-label=\"Asista a nuestro seminario web Go Beyond Blending el 14 de noviembre\"><img loading=\"lazy\" decoding=\"async\" width=\"600\" height=\"400\" src=\"https:\/\/www.movacolor.com\/wp-content\/uploads\/2023\/03\/DSC00368-Edit_LR-600x400.jpg\" class=\"attachment-us_600_400_crop size-us_600_400_crop wp-post-image\" alt=\"\" srcset=\"https:\/\/www.movacolor.com\/wp-content\/uploads\/2023\/03\/DSC00368-Edit_LR-600x400.jpg 600w, https:\/\/www.movacolor.com\/wp-content\/uploads\/2023\/03\/DSC00368-Edit_LR-300x200.jpg 300w, https:\/\/www.movacolor.com\/wp-content\/uploads\/2023\/03\/DSC00368-Edit_LR-1024x683.jpg 1024w, https:\/\/www.movacolor.com\/wp-content\/uploads\/2023\/03\/DSC00368-Edit_LR-1500x1000.jpg 1500w, https:\/\/www.movacolor.com\/wp-content\/uploads\/2023\/03\/DSC00368-Edit_LR.jpg 1920w\" sizes=\"auto, (max-width: 600px) 100vw, 600px\" \/><\/a><\/div><div class=\"w-vwrapper usg_vwrapper_1 align_left valign_top\"><h4 class=\"w-post-elm post_title usg_post_title_1 entry-title color_link_inherit\"><a href=\"https:\/\/www.movacolor.com\/es\/news\/asista-a-nuestro-seminario-web-go-beyond-blending-el-14-de-noviembre\/\">Asista a nuestro seminario web Go Beyond Blending el 14 de noviembre<\/a><\/h4><div class=\"w-post-elm post_content usg_post_content_1\">\u00bfBusca reducir los costes de producci\u00f3n y aumentar la eficiencia de los materiales? Descubra c\u00f3mo nuestras soluciones modulares de dosificaci\u00f3n y mezcla a medida -que abarcan polvos, gr\u00e1nulos, remolidos y&hellip;<\/div><\/div><a class=\"w-btn us-btn-style_5 usg_btn_1\" href=\"https:\/\/www.movacolor.com\/es\/news\/asista-a-nuestro-seminario-web-go-beyond-blending-el-14-de-noviembre\/\"><span class=\"w-btn-label\">Seguir leyendo<\/span><\/a>\t\t<\/div>\r\n\t\t\t<\/article>\r\n\t<article class=\"w-grid-item post-7708 post type-post status-publish format-standard has-post-thumbnail hentry category-casos\" data-id=\"7708\">\r\n\t\t<div class=\"w-grid-item-h\">\r\n\t\t\t\t\t\t<div class=\"w-post-elm post_image usg_post_image_1 stretched\"><a href=\"https:\/\/www.movacolor.com\/es\/news\/a-sustainable-solution-in-the-vinyl-industry\/\" aria-label=\"Una soluci\u00f3n sostenible para la industria del vinilo\"><img loading=\"lazy\" decoding=\"async\" width=\"600\" height=\"400\" src=\"https:\/\/www.movacolor.com\/wp-content\/uploads\/2023\/07\/NEW-THUMBNAIL-600x400.png\" class=\"attachment-us_600_400_crop size-us_600_400_crop wp-post-image\" alt=\"\" srcset=\"https:\/\/www.movacolor.com\/wp-content\/uploads\/2023\/07\/NEW-THUMBNAIL-600x400.png 600w, https:\/\/www.movacolor.com\/wp-content\/uploads\/2023\/07\/NEW-THUMBNAIL-1500x1000.png 1500w\" sizes=\"auto, (max-width: 600px) 100vw, 600px\" \/><\/a><\/div><div class=\"w-vwrapper usg_vwrapper_1 align_left valign_top\"><h4 class=\"w-post-elm post_title usg_post_title_1 entry-title color_link_inherit\"><a href=\"https:\/\/www.movacolor.com\/es\/news\/a-sustainable-solution-in-the-vinyl-industry\/\">Una soluci\u00f3n sostenible para la industria del vinilo<\/a><\/h4><div class=\"w-post-elm post_content usg_post_content_1\">El a\u00f1o pasado Harm Theunisse se puso en contacto con nosotros para colaborar en un proyecto especial llamado &#8220;Discos de vinilo ecol\u00f3gicos&#8221;. Harm quer\u00eda investigar si era posible reducir los&hellip;<\/div><\/div><a class=\"w-btn us-btn-style_5 usg_btn_1\" href=\"https:\/\/www.movacolor.com\/es\/news\/a-sustainable-solution-in-the-vinyl-industry\/\"><span class=\"w-btn-label\">Seguir leyendo<\/span><\/a>\t\t<\/div>\r\n\t\t\t<\/article>\r\n\t<article class=\"w-grid-item post-7720 post type-post status-publish format-standard has-post-thumbnail hentry category-casos\" data-id=\"7720\">\r\n\t\t<div class=\"w-grid-item-h\">\r\n\t\t\t\t\t\t<div class=\"w-post-elm post_image usg_post_image_1 stretched\"><a href=\"https:\/\/www.movacolor.com\/es\/news\/a-visit-to-our-valued-customer-enitor-primo\/\" aria-label=\"Visita a nuestro apreciado cliente Enitor Primo\"><img loading=\"lazy\" decoding=\"async\" width=\"600\" height=\"400\" src=\"https:\/\/www.movacolor.com\/wp-content\/uploads\/2023\/06\/MicrosoftTeams-image-600x400.jpg\" class=\"attachment-us_600_400_crop size-us_600_400_crop wp-post-image\" alt=\"Jelle Wibo Elsinga - Enitor Primo\" \/><\/a><\/div><div class=\"w-vwrapper usg_vwrapper_1 align_left valign_top\"><h4 class=\"w-post-elm post_title usg_post_title_1 entry-title color_link_inherit\"><a href=\"https:\/\/www.movacolor.com\/es\/news\/a-visit-to-our-valued-customer-enitor-primo\/\">Visita a nuestro apreciado cliente Enitor Primo<\/a><\/h4><div class=\"w-post-elm post_content usg_post_content_1\">Recientemente tuvimos la fant\u00e1stica oportunidad de visitar Enitor Primo, parte de la gran multinacional Primo Group y un valioso cliente de Movacolor. Se especializan en la producci\u00f3n de extrusi\u00f3n de&hellip;<\/div><\/div><a class=\"w-btn us-btn-style_5 usg_btn_1\" href=\"https:\/\/www.movacolor.com\/es\/news\/a-visit-to-our-valued-customer-enitor-primo\/\"><span class=\"w-btn-label\">Seguir leyendo<\/span><\/a>\t\t<\/div>\r\n\t\t\t<\/article>\r\n<\/div><div class=\"w-grid-carousel-json hidden\" onclick='return {&quot;carousel_settings&quot;:{&quot;aria_labels&quot;:{&quot;prev&quot;:&quot;Anterior&quot;,&quot;next&quot;:&quot;Siguiente&quot;},&quot;autoplayContinual&quot;:false,&quot;autoplayHoverPause&quot;:false,&quot;autoplayTimeout&quot;:3000,&quot;autoWidth&quot;:false,&quot;smartSpeed&quot;:500,&quot;margin&quot;:0,&quot;mouseDrag&quot;:true,&quot;rtl&quot;:false,&quot;slideBy&quot;:&quot;1&quot;,&quot;touchDrag&quot;:true,&quot;slideTransition&quot;:&quot;&quot;,&quot;responsive&quot;:{&quot;0&quot;:{&quot;autoHeight&quot;:false,&quot;autoplay&quot;:false,&quot;autoWidth&quot;:false,&quot;center&quot;:false,&quot;dots&quot;:false,&quot;items&quot;:1,&quot;loop&quot;:true,&quot;nav&quot;:false,&quot;stagePadding&quot;:30,&quot;slideBy&quot;:&quot;1&quot;},&quot;769&quot;:{&quot;autoHeight&quot;:false,&quot;autoplay&quot;:false,&quot;autoWidth&quot;:false,&quot;center&quot;:false,&quot;dots&quot;:false,&quot;items&quot;:2,&quot;loop&quot;:true,&quot;nav&quot;:true,&quot;stagePadding&quot;:0,&quot;slideBy&quot;:&quot;1&quot;},&quot;1025&quot;:{&quot;autoHeight&quot;:false,&quot;autoplay&quot;:false,&quot;autoWidth&quot;:false,&quot;center&quot;:false,&quot;dots&quot;:false,&quot;items&quot;:2,&quot;loop&quot;:true,&quot;nav&quot;:true,&quot;stagePadding&quot;:0,&quot;slideBy&quot;:&quot;1&quot;},&quot;1281&quot;:{&quot;items&quot;:4,&quot;autoplay&quot;:false,&quot;center&quot;:false,&quot;dots&quot;:false,&quot;nav&quot;:true,&quot;autoHeight&quot;:false,&quot;autoWidth&quot;:false,&quot;loop&quot;:true,&quot;stagePadding&quot;:0}}}}'><\/div><\/div><div class=\"w-btn-wrapper align_left\"><a class=\"w-btn us-btn-style_6 us_custom_e7dc464c news-gotall-btn\" title=\"Tecnolog\u00eda\" href=\"https:\/\/www.movacolor.com\/es\/acerca-de-nosotros\/noticias\/\"><span class=\"w-btn-label\">Ir a todos<\/span><\/a><\/div><\/div><\/div><\/div><\/div><\/div><\/section>&nbsp;<\/p>\n","protected":false},"excerpt":{"rendered":"<p>&nbsp;&nbsp;<\/p>\n","protected":false},"author":6,"featured_media":0,"parent":3104,"menu_order":0,"comment_status":"closed","ping_status":"closed","template":"","meta":{"_acf_changed":false,"footnotes":""},"class_list":["post-7627","page","type-page","status-publish","hentry"],"acf":[],"yoast_head":"<!-- This site is optimized with the Yoast SEO plugin v26.4 - https:\/\/yoast.com\/wordpress\/plugins\/seo\/ -->\n<title>Colaboraciones - Movacolor<\/title>\n<meta name=\"description\" content=\"Descubra c\u00f3mo colaboramos con diversos socios para compartir informaci\u00f3n y construir una comunidad s\u00f3lida que apoye la innovaci\u00f3n y la sostenibilidad.\" \/>\n<meta name=\"robots\" content=\"index, follow, max-snippet:-1, max-image-preview:large, max-video-preview:-1\" \/>\n<link rel=\"canonical\" href=\"https:\/\/www.movacolor.com\/es\/about-us\/colaboraciones\/\" \/>\n<meta property=\"og:locale\" content=\"es_ES\" \/>\n<meta property=\"og:type\" content=\"article\" \/>\n<meta property=\"og:title\" content=\"Colaboraciones - Movacolor\" \/>\n<meta property=\"og:description\" content=\"Descubra c\u00f3mo colaboramos con diversos socios para compartir informaci\u00f3n y construir una comunidad s\u00f3lida que apoye la innovaci\u00f3n y la sostenibilidad.\" \/>\n<meta property=\"og:url\" content=\"https:\/\/www.movacolor.com\/es\/about-us\/colaboraciones\/\" \/>\n<meta property=\"og:site_name\" content=\"Movacolor\" \/>\n<meta property=\"article:modified_time\" content=\"2023-10-23T11:29:06+00:00\" \/>\n<meta name=\"twitter:card\" content=\"summary_large_image\" \/>\n<meta name=\"twitter:label1\" content=\"Tiempo de lectura\" \/>\n\t<meta name=\"twitter:data1\" content=\"6 minutos\" \/>\n<script type=\"application\/ld+json\" class=\"yoast-schema-graph\">{\"@context\":\"https:\/\/schema.org\",\"@graph\":[{\"@type\":\"WebPage\",\"@id\":\"https:\/\/www.movacolor.com\/es\/about-us\/colaboraciones\/\",\"url\":\"https:\/\/www.movacolor.com\/es\/about-us\/colaboraciones\/\",\"name\":\"Colaboraciones - Movacolor\",\"isPartOf\":{\"@id\":\"https:\/\/www.movacolor.com\/es\/#website\"},\"datePublished\":\"2023-01-30T07:37:48+00:00\",\"dateModified\":\"2023-10-23T11:29:06+00:00\",\"description\":\"Descubra c\u00f3mo colaboramos con diversos socios para compartir informaci\u00f3n y construir una comunidad s\u00f3lida que apoye la innovaci\u00f3n y la sostenibilidad.\",\"breadcrumb\":{\"@id\":\"https:\/\/www.movacolor.com\/es\/about-us\/colaboraciones\/#breadcrumb\"},\"inLanguage\":\"es\",\"potentialAction\":[{\"@type\":\"ReadAction\",\"target\":[\"https:\/\/www.movacolor.com\/es\/about-us\/colaboraciones\/\"]}]},{\"@type\":\"BreadcrumbList\",\"@id\":\"https:\/\/www.movacolor.com\/es\/about-us\/colaboraciones\/#breadcrumb\",\"itemListElement\":[{\"@type\":\"ListItem\",\"position\":1,\"name\":\"Home\",\"item\":\"https:\/\/www.movacolor.com\/es\/\"},{\"@type\":\"ListItem\",\"position\":2,\"name\":\"Acerca de nosotros\",\"item\":\"https:\/\/www.movacolor.com\/es\/acerca-de-nosotros\/\"},{\"@type\":\"ListItem\",\"position\":3,\"name\":\"Colaboraciones\"}]},{\"@type\":\"WebSite\",\"@id\":\"https:\/\/www.movacolor.com\/es\/#website\",\"url\":\"https:\/\/www.movacolor.com\/es\/\",\"name\":\"Movacolor\",\"description\":\"modular dosing solutions\",\"potentialAction\":[{\"@type\":\"SearchAction\",\"target\":{\"@type\":\"EntryPoint\",\"urlTemplate\":\"https:\/\/www.movacolor.com\/es\/?s={search_term_string}\"},\"query-input\":{\"@type\":\"PropertyValueSpecification\",\"valueRequired\":true,\"valueName\":\"search_term_string\"}}],\"inLanguage\":\"es\"}]}<\/script>\n<!-- \/ Yoast SEO plugin. -->","yoast_head_json":{"title":"Colaboraciones - Movacolor","description":"Descubra c\u00f3mo colaboramos con diversos socios para compartir informaci\u00f3n y construir una comunidad s\u00f3lida que apoye la innovaci\u00f3n y la sostenibilidad.","robots":{"index":"index","follow":"follow","max-snippet":"max-snippet:-1","max-image-preview":"max-image-preview:large","max-video-preview":"max-video-preview:-1"},"canonical":"https:\/\/www.movacolor.com\/es\/about-us\/colaboraciones\/","og_locale":"es_ES","og_type":"article","og_title":"Colaboraciones - Movacolor","og_description":"Descubra c\u00f3mo colaboramos con diversos socios para compartir informaci\u00f3n y construir una comunidad s\u00f3lida que apoye la innovaci\u00f3n y la sostenibilidad.","og_url":"https:\/\/www.movacolor.com\/es\/about-us\/colaboraciones\/","og_site_name":"Movacolor","article_modified_time":"2023-10-23T11:29:06+00:00","twitter_card":"summary_large_image","twitter_misc":{"Tiempo de lectura":"6 minutos"},"schema":{"@context":"https:\/\/schema.org","@graph":[{"@type":"WebPage","@id":"https:\/\/www.movacolor.com\/es\/about-us\/colaboraciones\/","url":"https:\/\/www.movacolor.com\/es\/about-us\/colaboraciones\/","name":"Colaboraciones - Movacolor","isPartOf":{"@id":"https:\/\/www.movacolor.com\/es\/#website"},"datePublished":"2023-01-30T07:37:48+00:00","dateModified":"2023-10-23T11:29:06+00:00","description":"Descubra c\u00f3mo colaboramos con diversos socios para compartir informaci\u00f3n y construir una comunidad s\u00f3lida que apoye la innovaci\u00f3n y la sostenibilidad.","breadcrumb":{"@id":"https:\/\/www.movacolor.com\/es\/about-us\/colaboraciones\/#breadcrumb"},"inLanguage":"es","potentialAction":[{"@type":"ReadAction","target":["https:\/\/www.movacolor.com\/es\/about-us\/colaboraciones\/"]}]},{"@type":"BreadcrumbList","@id":"https:\/\/www.movacolor.com\/es\/about-us\/colaboraciones\/#breadcrumb","itemListElement":[{"@type":"ListItem","position":1,"name":"Home","item":"https:\/\/www.movacolor.com\/es\/"},{"@type":"ListItem","position":2,"name":"Acerca de nosotros","item":"https:\/\/www.movacolor.com\/es\/acerca-de-nosotros\/"},{"@type":"ListItem","position":3,"name":"Colaboraciones"}]},{"@type":"WebSite","@id":"https:\/\/www.movacolor.com\/es\/#website","url":"https:\/\/www.movacolor.com\/es\/","name":"Movacolor","description":"modular dosing solutions","potentialAction":[{"@type":"SearchAction","target":{"@type":"EntryPoint","urlTemplate":"https:\/\/www.movacolor.com\/es\/?s={search_term_string}"},"query-input":{"@type":"PropertyValueSpecification","valueRequired":true,"valueName":"search_term_string"}}],"inLanguage":"es"}]}},"_links":{"self":[{"href":"https:\/\/www.movacolor.com\/es\/wp-json\/wp\/v2\/pages\/7627","targetHints":{"allow":["GET"]}}],"collection":[{"href":"https:\/\/www.movacolor.com\/es\/wp-json\/wp\/v2\/pages"}],"about":[{"href":"https:\/\/www.movacolor.com\/es\/wp-json\/wp\/v2\/types\/page"}],"author":[{"embeddable":true,"href":"https:\/\/www.movacolor.com\/es\/wp-json\/wp\/v2\/users\/6"}],"replies":[{"embeddable":true,"href":"https:\/\/www.movacolor.com\/es\/wp-json\/wp\/v2\/comments?post=7627"}],"version-history":[{"count":5,"href":"https:\/\/www.movacolor.com\/es\/wp-json\/wp\/v2\/pages\/7627\/revisions"}],"predecessor-version":[{"id":9823,"href":"https:\/\/www.movacolor.com\/es\/wp-json\/wp\/v2\/pages\/7627\/revisions\/9823"}],"up":[{"embeddable":true,"href":"https:\/\/www.movacolor.com\/es\/wp-json\/wp\/v2\/pages\/3104"}],"wp:attachment":[{"href":"https:\/\/www.movacolor.com\/es\/wp-json\/wp\/v2\/media?parent=7627"}],"curies":[{"name":"wp","href":"https:\/\/api.w.org\/{rel}","templated":true}]}}