{"id":7624,"date":"2023-01-30T09:38:03","date_gmt":"2023-01-30T07:38:03","guid":{"rendered":"https:\/\/www.movacolor.com\/acerca-de-nosotros\/premios-y-nominaciones\/"},"modified":"2023-09-15T14:06:44","modified_gmt":"2023-09-15T12:06:44","slug":"premios-y-nominaciones","status":"publish","type":"page","link":"https:\/\/www.movacolor.com\/es\/about-us\/awards-and-nominations\/","title":{"rendered":"Premios y nominaciones"},"content":{"rendered":"<section class=\"l-section wpb_row us_custom_645e9f38 us_animate_this height_auto\"><div class=\"l-section-h i-cf\"><div class=\"g-cols vc_row via_flex valign_top type_boxes stacking_default\"><div class=\"vc_col-sm-12 wpb_column vc_column_container\"><div class=\"vc_column-inner us_custom_3d831995\"><div class=\"wpb_wrapper\"><div class=\"wpb_text_column\"><div class=\"wpb_wrapper\"><h1 class=\"p1\">Premios y nominaciones<\/h1>\n<p>Nuestra trayectoria ha estado marcada por el crecimiento y el reconocimiento. Estamos muy agradecidos a nuestro incre\u00edble equipo, ya que su dedicaci\u00f3n ha dado lugar a numerosas nominaciones y premios. Es alentador recibir estos reconocimientos, que nos motivan a esforzarnos para alcanzar la excelencia y superar los l\u00edmites en nuestro campo.<\/p>\n<p>Nuestro principal objetivo es ofrecer soluciones de dosificaci\u00f3n de gran calidad y contribuir a la sostenibilidad del sector. Nos esforzamos por establecer nuevos est\u00e1ndares a trav\u00e9s de nuestro compromiso con la innovaci\u00f3n y nuestra b\u00fasqueda continua de la mejora. Le invitamos a unirse a nosotros en este recorrido en el que nos comprometemos a crear un impacto positivo y duradero en la industria del pl\u00e1stico.<\/p>\n<\/div><\/div><\/div><\/div><\/div><\/div><\/div><\/section><section class=\"l-section wpb_row us_custom_c70c97eb height_auto\"><div class=\"l-section-h i-cf\"><div class=\"g-cols vc_row via_flex valign_middle type_boxes stacking_default\"><div class=\"vc_col-sm-12 wpb_column vc_column_container\"><div class=\"vc_column-inner us_custom_3d831995\"><div class=\"wpb_wrapper\"><div class=\"g-cols wpb_row via_flex valign_top type_default reversed stacking_default\"><div class=\"vc_col-sm-6 wpb_column vc_column_container\"><div class=\"vc_column-inner\"><div class=\"wpb_wrapper\"><div class=\"w-iconbox hide_on_mobiles iconpos_left style_default color_custom align_left no_text\"><div class=\"w-iconbox-icon\" style=\"font-size:1rem;--icon-color:#B80000;\"><i class=\"far fa-horizontal-rule\"><\/i><\/div><div class=\"w-iconbox-meta\"><h6 class=\"w-iconbox-title\">Verkiezing Friese Onderneming van het Jaar<\/h6><\/div><\/div><div class=\"wpb_text_column us_custom_173c0608\"><div class=\"wpb_wrapper\"><p>La &#8220;Verkiezing Friese Onderneming van het Jaar&#8221; (Elecci\u00f3n de la Empresa Frisona del A\u00f1o) es una elecci\u00f3n en la que se vota a la mejor empresa frisona en funci\u00f3n de su compromiso y rendimiento en las \u00e1reas de negocio sostenible, rendimiento financiero y creatividad.<\/p>\n<p>Durante las semifinales, un jurado de empresarios de prestigio selecciona, del total de ocho nominados, a los tres que pasar\u00e1n a la final. En la \u00faltima fase, los tres finalistas hacen una presentaci\u00f3n final ante el jurado y 300 visitantes de la regi\u00f3n. A continuaci\u00f3n, los visitantes y el jurado deciden conjuntamente qu\u00e9 empresa es la mejor y recibir\u00e1 el galard\u00f3n de Mejor Empresa Frisona del A\u00f1o.<\/p>\n<p>Este acontecimiento demostr\u00f3 ser un verdadero espect\u00e1culo y destac\u00f3 el incre\u00edble talento e ingenio que existe en la regi\u00f3n de Frisia. Agradecemos la oportunidad de dar a conocer nuestra empresa y contribuir al crecimiento y desarrollo de la regi\u00f3n.<\/p>\n<\/div><\/div><\/div><\/div><\/div><div class=\"vc_col-sm-6 wpb_column vc_column_container\"><div class=\"vc_column-inner\"><div class=\"wpb_wrapper\"><div class=\"w-image align_none\"><div class=\"w-image-h\"><img decoding=\"async\" width=\"1024\" height=\"682\" src=\"https:\/\/www.movacolor.com\/wp-content\/uploads\/2023\/04\/VFOJ2023-1024x682.jpg\" class=\"attachment-large size-large\" alt=\"VFOJ2023\" loading=\"lazy\" srcset=\"https:\/\/www.movacolor.com\/wp-content\/uploads\/2023\/04\/VFOJ2023-1024x682.jpg 1024w, https:\/\/www.movacolor.com\/wp-content\/uploads\/2023\/04\/VFOJ2023-300x200.jpg 300w, https:\/\/www.movacolor.com\/wp-content\/uploads\/2023\/04\/VFOJ2023-600x400.jpg 600w, https:\/\/www.movacolor.com\/wp-content\/uploads\/2023\/04\/VFOJ2023-1500x1000.jpg 1500w, https:\/\/www.movacolor.com\/wp-content\/uploads\/2023\/04\/VFOJ2023-750x500.jpg 750w, https:\/\/www.movacolor.com\/wp-content\/uploads\/2023\/04\/VFOJ2023-901x600.jpg 901w, https:\/\/www.movacolor.com\/wp-content\/uploads\/2023\/04\/VFOJ2023.jpg 1720w\" sizes=\"auto, (max-width: 1024px) 100vw, 1024px\" \/><\/div><\/div><\/div><\/div><\/div><\/div><\/div><\/div><\/div><\/div><\/div><\/section><section class=\"l-section wpb_row us_custom_3d831995 height_auto\"><div class=\"l-section-h i-cf\"><div class=\"g-cols vc_row via_flex valign_top type_boxes stacking_default\"><div class=\"vc_col-sm-12 wpb_column vc_column_container\"><div class=\"vc_column-inner\"><div class=\"wpb_wrapper\"><div class=\"g-cols wpb_row via_flex valign_top type_default stacking_default\"><div class=\"vc_col-sm-6 wpb_column vc_column_container\"><div class=\"vc_column-inner\"><div class=\"wpb_wrapper\"><div class=\"w-image has_ratio align_none\"><div class=\"w-image-h\"><div style=\"padding-bottom:100%\"><\/div><img decoding=\"async\" width=\"1024\" height=\"635\" src=\"https:\/\/www.movacolor.com\/wp-content\/uploads\/2023\/05\/Movacolor_Golden_Gazelle-1024x635.jpg\" class=\"attachment-large size-large\" alt=\"Movacolor winner FD Golden Gazelle 2012\" loading=\"lazy\" \/><\/div><\/div><\/div><\/div><\/div><div class=\"vc_col-sm-6 wpb_column vc_column_container\"><div class=\"vc_column-inner\"><div class=\"wpb_wrapper\"><div class=\"w-iconbox hide_on_mobiles iconpos_left style_default color_custom align_left no_text\"><div class=\"w-iconbox-icon\" style=\"font-size:1rem;--icon-color:#B80000;\"><i class=\"far fa-horizontal-rule\"><\/i><\/div><div class=\"w-iconbox-meta\"><h6 class=\"w-iconbox-title\">FD Gazellen Awards<\/h6><\/div><\/div><div class=\"wpb_text_column us_custom_173c0608\"><div class=\"wpb_wrapper\"><p>Los FD Gazellen Awards se conceden a las empresas de m\u00e1s r\u00e1pido crecimiento de los Pa\u00edses Bajos. Las empresas se seleccionan en funci\u00f3n del crecimiento de su volumen de negocios en los \u00faltimos a\u00f1os.<\/p>\n<p>Tenemos el honor de haber sido nominados a los FD Gazellen Awards durante siete a\u00f1os consecutivos, de 2012 a 2013, y de 2015 a 2019. No solo hemos recibido nominaciones consecutivas, sino que tambi\u00e9n hemos ganado el prestigioso<strong><em> FD Golden Gazelle Award<\/em><\/strong> en 2012. Este premio sirve como testimonio de nuestro crecimiento de ingresos de m\u00e1s del 100\u00a0% de 2009 a 2011.<\/p>\n<p>Estamos incre\u00edblemente orgullosos de este logro, que no habr\u00eda sido posible sin nuestro incre\u00edble equipo y nuestros valiosos clientes. Su dedicaci\u00f3n y apoyo han sido fundamentales para nuestro continuo crecimiento y \u00e9xito.<\/p>\n<p>M\u00e1s de una d\u00e9cada despu\u00e9s, seguimos comprometidos a mantener este crecimiento y excelencia. Seguimos apostando por la innovaci\u00f3n al servicio de nuestros clientes, al tiempo que nos esforzamos por conseguir una industria del pl\u00e1stico m\u00e1s sostenible.<\/p>\n<\/div><\/div><\/div><\/div><\/div><\/div><\/div><\/div><\/div><\/div><\/div><\/section><section class=\"l-section wpb_row us_custom_3fba447b height_auto\"><div class=\"l-section-h i-cf\"><div class=\"g-cols vc_row via_flex valign_top type_boxes stacking_default\"><div class=\"vc_col-sm-12 wpb_column vc_column_container\"><div class=\"vc_column-inner\"><div class=\"wpb_wrapper\"><div class=\"g-cols wpb_row via_flex valign_top type_default reversed stacking_default\"><div class=\"vc_col-sm-6 wpb_column vc_column_container\"><div class=\"vc_column-inner\"><div class=\"wpb_wrapper\"><div class=\"w-iconbox hide_on_mobiles iconpos_left style_default color_custom align_left no_text\"><div class=\"w-iconbox-icon\" style=\"font-size:1rem;--icon-color:#B80000;\"><i class=\"far fa-horizontal-rule\"><\/i><\/div><div class=\"w-iconbox-meta\"><h6 class=\"w-iconbox-title\">High Growth Awards<\/h6><\/div><\/div><div class=\"wpb_text_column us_custom_173c0608\"><div class=\"wpb_wrapper\"><p>Los High Growth Awards \u2013 Regi\u00f3n Norte de los Pa\u00edses Bajos son el escenario definitivo para reconocer a las empresas con mejores resultados del Norte de los Pa\u00edses Bajos. Este prestigioso certamen se distingue por evaluar la calidad del crecimiento, no solo la cantidad.<\/p>\n<p>Un distinguido panel de experimentados empresarios y expertos act\u00faa como jurado independiente para determinar el crecimiento m\u00e1s prometedor entre las mejores empresas del pa\u00eds.<\/p>\n<p>En 2013, tuvimos el honor de ser nominados a estos destacados premios y acabamos entre los 20 primeros.<\/p>\n<\/div><\/div><\/div><\/div><\/div><div class=\"vc_col-sm-6 wpb_column vc_column_container\"><div class=\"vc_column-inner\"><div class=\"wpb_wrapper\"><div class=\"w-image align_none\"><div class=\"w-image-h\"><img decoding=\"async\" width=\"975\" height=\"487\" src=\"https:\/\/www.movacolor.com\/wp-content\/uploads\/2023\/05\/high-growth-awards.jpg\" class=\"attachment-large size-large\" alt=\"High Growth Awards 2013\" loading=\"lazy\" srcset=\"https:\/\/www.movacolor.com\/wp-content\/uploads\/2023\/05\/high-growth-awards.jpg 975w, https:\/\/www.movacolor.com\/wp-content\/uploads\/2023\/05\/high-growth-awards-300x150.jpg 300w, https:\/\/www.movacolor.com\/wp-content\/uploads\/2023\/05\/high-growth-awards-900x450.jpg 900w\" sizes=\"auto, (max-width: 975px) 100vw, 975px\" \/><\/div><\/div><\/div><\/div><\/div><\/div><\/div><\/div><\/div><\/div><\/div><\/section><section class=\"l-section wpb_row mova-carousel height_auto width_full\"><div class=\"l-section-h i-cf\"><div class=\"g-cols vc_row via_flex valign_top type_boxes stacking_default\"><div class=\"vc_col-sm-12 wpb_column vc_column_container\"><div class=\"vc_column-inner\"><div class=\"wpb_wrapper\"><div class=\"wpb_text_column us_custom_60e9caca us_animate_this\"><div class=\"wpb_wrapper\"><h3>\u00daltimas noticias<\/h3>\n<\/div><\/div><div class=\"w-grid us_carousel us_custom_19ce40c7 us_animate_this type_carousel layout_175 preload_style_spinner items_4\" id=\"us_grid_1\" style=\"--items:4;--gap:1.5rem;\"><style>.layout_175 .w-grid-item-h{background:var(--color-content-bg-alt);box-shadow:0 0.08rem 0.15rem rgba(0,0,0,0.1),0 0.25rem 0.75rem rgba(0,0,0,0.1);transition-duration:0.3s}.no-touch .layout_175 .w-grid-item-h:hover{box-shadow:0 0.03rem 0.06rem rgba(0,0,0,0.1),0 0.1rem 0.3rem rgba(0,0,0,0.15);z-index:4}.layout_175 .usg_vwrapper_1{margin-bottom:4.5rem!important;padding:2rem!important}.layout_175 .usg_btn_1{margin-top:3rem!important;position:absolute!important;left:2rem!important;bottom:2rem!important}@media (min-width:1025px) and (max-width:1280px){.layout_175 .usg_vwrapper_1{margin-bottom:4.5rem!important;padding:2rem!important}.layout_175 .usg_btn_1{position:absolute!important;left:2rem!important;bottom:2rem!important}}@media (min-width:769px) and (max-width:1024px){.layout_175 .usg_vwrapper_1{margin-bottom:4.5rem!important;padding:2rem!important}.layout_175 .usg_btn_1{position:absolute!important;left:2rem!important;bottom:2rem!important}}@media (max-width:768px){.layout_175 .usg_vwrapper_1{margin-bottom:4.5rem!important;padding:1.5rem!important}.layout_175 .usg_btn_1{position:absolute!important;left:1.5rem!important;bottom:1.5rem!important}}<\/style><div class=\"w-grid-list owl-carousel valign_stretch dotstyle_circle navstyle_circle arrows-ver-pos_middle arrows-hor-pos_on_sides_inside arrows-disabled_hide owl-responsive-2000 with_arrows\" style=\"--transition-duration:500ms;--arrows-size:1.5rem;--arrows-hor-offset:calc(0px - 1.5rem);--arrows-gap:10px;\">\t<article class=\"w-grid-item post-15510 post type-post status-publish format-standard has-post-thumbnail hentry category-noticias\" data-id=\"15510\">\r\n\t\t<div class=\"w-grid-item-h\">\r\n\t\t\t\t\t\t<div class=\"w-post-elm post_image usg_post_image_1 stretched\"><a href=\"https:\/\/www.movacolor.com\/es\/news\/volumetric-dosing-done-right-explore-nuestra-nueva-unidad-de-dosificacion\/\" aria-label=\"&#8216;Volumetric Dosing Done Right&#8217;: Explore nuestra nueva unidad de dosificaci\u00f3n\"><img loading=\"lazy\" decoding=\"async\" width=\"600\" height=\"400\" src=\"https:\/\/www.movacolor.com\/wp-content\/uploads\/2024\/01\/MDS-Volumetric-Feeder-Thumbnail-600x400.jpg\" class=\"attachment-us_600_400_crop size-us_600_400_crop wp-post-image\" alt=\"MDS Volumetric Feeder in Testroom\" srcset=\"https:\/\/www.movacolor.com\/wp-content\/uploads\/2024\/01\/MDS-Volumetric-Feeder-Thumbnail-600x400.jpg 600w, https:\/\/www.movacolor.com\/wp-content\/uploads\/2024\/01\/MDS-Volumetric-Feeder-Thumbnail-300x201.jpg 300w, https:\/\/www.movacolor.com\/wp-content\/uploads\/2024\/01\/MDS-Volumetric-Feeder-Thumbnail-897x600.jpg 897w, https:\/\/www.movacolor.com\/wp-content\/uploads\/2024\/01\/MDS-Volumetric-Feeder-Thumbnail.jpg 997w\" sizes=\"auto, (max-width: 600px) 100vw, 600px\" \/><\/a><\/div><div class=\"w-vwrapper usg_vwrapper_1 align_left valign_top\"><h4 class=\"w-post-elm post_title usg_post_title_1 entry-title color_link_inherit\"><a href=\"https:\/\/www.movacolor.com\/es\/news\/volumetric-dosing-done-right-explore-nuestra-nueva-unidad-de-dosificacion\/\">&#8216;Volumetric Dosing Done Right&#8217;: Explore nuestra nueva unidad de dosificaci\u00f3n<\/a><\/h4><div class=\"w-post-elm post_content usg_post_content_1\">Estamos muy contentos de lanzar nuestra nueva unidad de dosificaci\u00f3n: El MDS Volumetric Feeder. Esta innovadora unidad de dosificaci\u00f3n establece el nuevo est\u00e1ndar en dosificaci\u00f3n volum\u00e9trica, dirigida espec\u00edficamente a los&hellip;<\/div><\/div><a class=\"w-btn us-btn-style_5 usg_btn_1\" href=\"https:\/\/www.movacolor.com\/es\/news\/volumetric-dosing-done-right-explore-nuestra-nueva-unidad-de-dosificacion\/\"><span class=\"w-btn-label\">Seguir leyendo<\/span><\/a>\t\t<\/div>\r\n\t\t\t<\/article>\r\n\t<article class=\"w-grid-item post-7714 post type-post status-publish format-standard has-post-thumbnail hentry category-blogs-es\" data-id=\"7714\">\r\n\t\t<div class=\"w-grid-item-h\">\r\n\t\t\t\t\t\t<div class=\"w-post-elm post_image usg_post_image_1 stretched\"><a href=\"https:\/\/www.movacolor.com\/es\/news\/de-la-opinion-del-cliente-a-una-nueva-solucion-el-complemento-de-dosificacion-fuera-de-linea\/\" aria-label=\"De la opini\u00f3n del cliente a una nueva soluci\u00f3n: El complemento de dosificaci\u00f3n fuera de l\u00ednea\"><img loading=\"lazy\" decoding=\"async\" width=\"600\" height=\"400\" src=\"https:\/\/www.movacolor.com\/wp-content\/uploads\/2023\/06\/DSC00194_BLUR-1-600x400.jpg\" class=\"attachment-us_600_400_crop size-us_600_400_crop wp-post-image\" alt=\"Off-line Dosing Configuration\" srcset=\"https:\/\/www.movacolor.com\/wp-content\/uploads\/2023\/06\/DSC00194_BLUR-1-600x400.jpg 600w, https:\/\/www.movacolor.com\/wp-content\/uploads\/2023\/06\/DSC00194_BLUR-1-1500x1000.jpg 1500w\" sizes=\"auto, (max-width: 600px) 100vw, 600px\" \/><\/a><\/div><div class=\"w-vwrapper usg_vwrapper_1 align_left valign_top\"><h4 class=\"w-post-elm post_title usg_post_title_1 entry-title color_link_inherit\"><a href=\"https:\/\/www.movacolor.com\/es\/news\/de-la-opinion-del-cliente-a-una-nueva-solucion-el-complemento-de-dosificacion-fuera-de-linea\/\">De la opini\u00f3n del cliente a una nueva soluci\u00f3n: El complemento de dosificaci\u00f3n fuera de l\u00ednea<\/a><\/h4><div class=\"w-post-elm post_content usg_post_content_1\">El a\u00f1o pasado recibimos varias consultas sobre la viabilidad de colocar nuestra balanza MDS 6 junto a la m\u00e1quina de producci\u00f3n. Estas preguntas nos impulsaron a desarrollar una nueva soluci\u00f3n&hellip;<\/div><\/div><a class=\"w-btn us-btn-style_5 usg_btn_1\" href=\"https:\/\/www.movacolor.com\/es\/news\/de-la-opinion-del-cliente-a-una-nueva-solucion-el-complemento-de-dosificacion-fuera-de-linea\/\"><span class=\"w-btn-label\">Seguir leyendo<\/span><\/a>\t\t<\/div>\r\n\t\t\t<\/article>\r\n\t<article class=\"w-grid-item post-11070 post type-post status-publish format-standard has-post-thumbnail hentry category-eventos\" data-id=\"11070\">\r\n\t\t<div class=\"w-grid-item-h\">\r\n\t\t\t\t\t\t<div class=\"w-post-elm post_image usg_post_image_1 stretched\"><a href=\"https:\/\/www.movacolor.com\/es\/news\/asista-a-nuestro-seminario-web-go-beyond-blending-el-14-de-noviembre\/\" aria-label=\"Asista a nuestro seminario web Go Beyond Blending el 14 de noviembre\"><img loading=\"lazy\" decoding=\"async\" width=\"600\" height=\"400\" src=\"https:\/\/www.movacolor.com\/wp-content\/uploads\/2023\/03\/DSC00368-Edit_LR-600x400.jpg\" class=\"attachment-us_600_400_crop size-us_600_400_crop wp-post-image\" alt=\"\" srcset=\"https:\/\/www.movacolor.com\/wp-content\/uploads\/2023\/03\/DSC00368-Edit_LR-600x400.jpg 600w, https:\/\/www.movacolor.com\/wp-content\/uploads\/2023\/03\/DSC00368-Edit_LR-300x200.jpg 300w, https:\/\/www.movacolor.com\/wp-content\/uploads\/2023\/03\/DSC00368-Edit_LR-1024x683.jpg 1024w, https:\/\/www.movacolor.com\/wp-content\/uploads\/2023\/03\/DSC00368-Edit_LR-1500x1000.jpg 1500w, https:\/\/www.movacolor.com\/wp-content\/uploads\/2023\/03\/DSC00368-Edit_LR.jpg 1920w\" sizes=\"auto, (max-width: 600px) 100vw, 600px\" \/><\/a><\/div><div class=\"w-vwrapper usg_vwrapper_1 align_left valign_top\"><h4 class=\"w-post-elm post_title usg_post_title_1 entry-title color_link_inherit\"><a href=\"https:\/\/www.movacolor.com\/es\/news\/asista-a-nuestro-seminario-web-go-beyond-blending-el-14-de-noviembre\/\">Asista a nuestro seminario web Go Beyond Blending el 14 de noviembre<\/a><\/h4><div class=\"w-post-elm post_content usg_post_content_1\">\u00bfBusca reducir los costes de producci\u00f3n y aumentar la eficiencia de los materiales? Descubra c\u00f3mo nuestras soluciones modulares de dosificaci\u00f3n y mezcla a medida -que abarcan polvos, gr\u00e1nulos, remolidos y&hellip;<\/div><\/div><a class=\"w-btn us-btn-style_5 usg_btn_1\" href=\"https:\/\/www.movacolor.com\/es\/news\/asista-a-nuestro-seminario-web-go-beyond-blending-el-14-de-noviembre\/\"><span class=\"w-btn-label\">Seguir leyendo<\/span><\/a>\t\t<\/div>\r\n\t\t\t<\/article>\r\n\t<article class=\"w-grid-item post-7708 post type-post status-publish format-standard has-post-thumbnail hentry category-casos\" data-id=\"7708\">\r\n\t\t<div class=\"w-grid-item-h\">\r\n\t\t\t\t\t\t<div class=\"w-post-elm post_image usg_post_image_1 stretched\"><a href=\"https:\/\/www.movacolor.com\/es\/news\/a-sustainable-solution-in-the-vinyl-industry\/\" aria-label=\"Una soluci\u00f3n sostenible para la industria del vinilo\"><img loading=\"lazy\" decoding=\"async\" width=\"600\" height=\"400\" src=\"https:\/\/www.movacolor.com\/wp-content\/uploads\/2023\/07\/NEW-THUMBNAIL-600x400.png\" class=\"attachment-us_600_400_crop size-us_600_400_crop wp-post-image\" alt=\"\" srcset=\"https:\/\/www.movacolor.com\/wp-content\/uploads\/2023\/07\/NEW-THUMBNAIL-600x400.png 600w, https:\/\/www.movacolor.com\/wp-content\/uploads\/2023\/07\/NEW-THUMBNAIL-1500x1000.png 1500w\" sizes=\"auto, (max-width: 600px) 100vw, 600px\" \/><\/a><\/div><div class=\"w-vwrapper usg_vwrapper_1 align_left valign_top\"><h4 class=\"w-post-elm post_title usg_post_title_1 entry-title color_link_inherit\"><a href=\"https:\/\/www.movacolor.com\/es\/news\/a-sustainable-solution-in-the-vinyl-industry\/\">Una soluci\u00f3n sostenible para la industria del vinilo<\/a><\/h4><div class=\"w-post-elm post_content usg_post_content_1\">El a\u00f1o pasado Harm Theunisse se puso en contacto con nosotros para colaborar en un proyecto especial llamado &#8220;Discos de vinilo ecol\u00f3gicos&#8221;. Harm quer\u00eda investigar si era posible reducir los&hellip;<\/div><\/div><a class=\"w-btn us-btn-style_5 usg_btn_1\" href=\"https:\/\/www.movacolor.com\/es\/news\/a-sustainable-solution-in-the-vinyl-industry\/\"><span class=\"w-btn-label\">Seguir leyendo<\/span><\/a>\t\t<\/div>\r\n\t\t\t<\/article>\r\n\t<article class=\"w-grid-item post-7720 post type-post status-publish format-standard has-post-thumbnail hentry category-casos\" data-id=\"7720\">\r\n\t\t<div class=\"w-grid-item-h\">\r\n\t\t\t\t\t\t<div class=\"w-post-elm post_image usg_post_image_1 stretched\"><a href=\"https:\/\/www.movacolor.com\/es\/news\/a-visit-to-our-valued-customer-enitor-primo\/\" aria-label=\"Visita a nuestro apreciado cliente Enitor Primo\"><img loading=\"lazy\" decoding=\"async\" width=\"600\" height=\"400\" src=\"https:\/\/www.movacolor.com\/wp-content\/uploads\/2023\/06\/MicrosoftTeams-image-600x400.jpg\" class=\"attachment-us_600_400_crop size-us_600_400_crop wp-post-image\" alt=\"Jelle Wibo Elsinga - Enitor Primo\" \/><\/a><\/div><div class=\"w-vwrapper usg_vwrapper_1 align_left valign_top\"><h4 class=\"w-post-elm post_title usg_post_title_1 entry-title color_link_inherit\"><a href=\"https:\/\/www.movacolor.com\/es\/news\/a-visit-to-our-valued-customer-enitor-primo\/\">Visita a nuestro apreciado cliente Enitor Primo<\/a><\/h4><div class=\"w-post-elm post_content usg_post_content_1\">Recientemente tuvimos la fant\u00e1stica oportunidad de visitar Enitor Primo, parte de la gran multinacional Primo Group y un valioso cliente de Movacolor. Se especializan en la producci\u00f3n de extrusi\u00f3n de&hellip;<\/div><\/div><a class=\"w-btn us-btn-style_5 usg_btn_1\" href=\"https:\/\/www.movacolor.com\/es\/news\/a-visit-to-our-valued-customer-enitor-primo\/\"><span class=\"w-btn-label\">Seguir leyendo<\/span><\/a>\t\t<\/div>\r\n\t\t\t<\/article>\r\n<\/div><div class=\"w-grid-carousel-json hidden\" onclick='return {&quot;carousel_settings&quot;:{&quot;aria_labels&quot;:{&quot;prev&quot;:&quot;Anterior&quot;,&quot;next&quot;:&quot;Siguiente&quot;},&quot;autoplayContinual&quot;:false,&quot;autoplayHoverPause&quot;:false,&quot;autoplayTimeout&quot;:3000,&quot;autoWidth&quot;:false,&quot;smartSpeed&quot;:500,&quot;margin&quot;:0,&quot;mouseDrag&quot;:true,&quot;rtl&quot;:false,&quot;slideBy&quot;:&quot;1&quot;,&quot;touchDrag&quot;:true,&quot;slideTransition&quot;:&quot;&quot;,&quot;responsive&quot;:{&quot;0&quot;:{&quot;autoHeight&quot;:false,&quot;autoplay&quot;:false,&quot;autoWidth&quot;:false,&quot;center&quot;:false,&quot;dots&quot;:false,&quot;items&quot;:1,&quot;loop&quot;:true,&quot;nav&quot;:false,&quot;stagePadding&quot;:30,&quot;slideBy&quot;:&quot;1&quot;},&quot;769&quot;:{&quot;autoHeight&quot;:false,&quot;autoplay&quot;:false,&quot;autoWidth&quot;:false,&quot;center&quot;:false,&quot;dots&quot;:false,&quot;items&quot;:2,&quot;loop&quot;:true,&quot;nav&quot;:true,&quot;stagePadding&quot;:0,&quot;slideBy&quot;:&quot;1&quot;},&quot;1025&quot;:{&quot;autoHeight&quot;:false,&quot;autoplay&quot;:false,&quot;autoWidth&quot;:false,&quot;center&quot;:false,&quot;dots&quot;:false,&quot;items&quot;:2,&quot;loop&quot;:true,&quot;nav&quot;:true,&quot;stagePadding&quot;:0,&quot;slideBy&quot;:&quot;1&quot;},&quot;1281&quot;:{&quot;items&quot;:4,&quot;autoplay&quot;:false,&quot;center&quot;:false,&quot;dots&quot;:false,&quot;nav&quot;:true,&quot;autoHeight&quot;:false,&quot;autoWidth&quot;:false,&quot;loop&quot;:true,&quot;stagePadding&quot;:0}}}}'><\/div><\/div><div class=\"w-btn-wrapper align_left\"><a class=\"w-btn us-btn-style_6 us_custom_e7dc464c news-gotall-btn\" title=\"Tecnolog\u00eda\" href=\"https:\/\/www.movacolor.com\/es\/acerca-de-nosotros\/noticias\/\"><span class=\"w-btn-label\">Ir a todos<\/span><\/a><\/div><\/div><\/div><\/div><\/div><\/div><\/section>\n","protected":false},"excerpt":{"rendered":"Cuando se trata de extrusi\u00f3n de pl\u00e1stico, una empresa que destaca entre sus competidores es Enitor Primo. Con un enfoque centrado en los detalles, fabrican productos de pl\u00e1stico con precisi\u00f3n y cuidado. La empresa produce miles de perfiles diferentes que se utilizan en mercados tan diversos como la industria general, la construcci\u00f3n de invernaderos, piscinas,...","protected":false},"author":6,"featured_media":0,"parent":3104,"menu_order":0,"comment_status":"closed","ping_status":"closed","template":"","meta":{"_acf_changed":false,"footnotes":""},"class_list":["post-7624","page","type-page","status-publish","hentry"],"acf":[],"yoast_head":"<!-- This site is optimized with the Yoast SEO plugin v26.4 - https:\/\/yoast.com\/wordpress\/plugins\/seo\/ -->\n<title>Descubra nuestros galardonados logros - Movacolor<\/title>\n<meta name=\"description\" content=\"Descubra m\u00e1s sobre nuestra participaci\u00f3n en la Elecci\u00f3n Frysian Empresa del A\u00f1o y nuestro reconocimiento como Gacela FD.\" \/>\n<meta name=\"robots\" content=\"noindex, follow\" \/>\n<meta property=\"og:locale\" content=\"es_ES\" \/>\n<meta property=\"og:type\" content=\"article\" \/>\n<meta property=\"og:title\" content=\"Descubra nuestros galardonados logros - Movacolor\" \/>\n<meta property=\"og:description\" content=\"Descubra m\u00e1s sobre nuestra participaci\u00f3n en la Elecci\u00f3n Frysian Empresa del A\u00f1o y nuestro reconocimiento como Gacela FD.\" \/>\n<meta property=\"og:url\" content=\"https:\/\/www.movacolor.com\/es\/about-us\/awards-and-nominations\/\" \/>\n<meta property=\"og:site_name\" content=\"Movacolor\" \/>\n<meta property=\"article:modified_time\" content=\"2023-09-15T12:06:44+00:00\" \/>\n<meta name=\"twitter:card\" content=\"summary_large_image\" \/>\n<meta name=\"twitter:label1\" content=\"Tiempo de lectura\" \/>\n\t<meta name=\"twitter:data1\" content=\"6 minutos\" \/>\n<script type=\"application\/ld+json\" class=\"yoast-schema-graph\">{\"@context\":\"https:\/\/schema.org\",\"@graph\":[{\"@type\":\"WebPage\",\"@id\":\"https:\/\/www.movacolor.com\/es\/about-us\/awards-and-nominations\/\",\"url\":\"https:\/\/www.movacolor.com\/es\/about-us\/awards-and-nominations\/\",\"name\":\"Descubra nuestros galardonados logros - Movacolor\",\"isPartOf\":{\"@id\":\"https:\/\/www.movacolor.com\/es\/#website\"},\"datePublished\":\"2023-01-30T07:38:03+00:00\",\"dateModified\":\"2023-09-15T12:06:44+00:00\",\"description\":\"Descubra m\u00e1s sobre nuestra participaci\u00f3n en la Elecci\u00f3n Frysian Empresa del A\u00f1o y nuestro reconocimiento como Gacela FD.\",\"breadcrumb\":{\"@id\":\"https:\/\/www.movacolor.com\/es\/about-us\/awards-and-nominations\/#breadcrumb\"},\"inLanguage\":\"es\",\"potentialAction\":[{\"@type\":\"ReadAction\",\"target\":[\"https:\/\/www.movacolor.com\/es\/about-us\/awards-and-nominations\/\"]}]},{\"@type\":\"BreadcrumbList\",\"@id\":\"https:\/\/www.movacolor.com\/es\/about-us\/awards-and-nominations\/#breadcrumb\",\"itemListElement\":[{\"@type\":\"ListItem\",\"position\":1,\"name\":\"Home\",\"item\":\"https:\/\/www.movacolor.com\/es\/\"},{\"@type\":\"ListItem\",\"position\":2,\"name\":\"Acerca de nosotros\",\"item\":\"https:\/\/www.movacolor.com\/es\/acerca-de-nosotros\/\"},{\"@type\":\"ListItem\",\"position\":3,\"name\":\"Premios y nominaciones\"}]},{\"@type\":\"WebSite\",\"@id\":\"https:\/\/www.movacolor.com\/es\/#website\",\"url\":\"https:\/\/www.movacolor.com\/es\/\",\"name\":\"Movacolor\",\"description\":\"modular dosing solutions\",\"potentialAction\":[{\"@type\":\"SearchAction\",\"target\":{\"@type\":\"EntryPoint\",\"urlTemplate\":\"https:\/\/www.movacolor.com\/es\/?s={search_term_string}\"},\"query-input\":{\"@type\":\"PropertyValueSpecification\",\"valueRequired\":true,\"valueName\":\"search_term_string\"}}],\"inLanguage\":\"es\"}]}<\/script>\n<!-- \/ Yoast SEO plugin. -->","yoast_head_json":{"title":"Descubra nuestros galardonados logros - Movacolor","description":"Descubra m\u00e1s sobre nuestra participaci\u00f3n en la Elecci\u00f3n Frysian Empresa del A\u00f1o y nuestro reconocimiento como Gacela FD.","robots":{"index":"noindex","follow":"follow"},"og_locale":"es_ES","og_type":"article","og_title":"Descubra nuestros galardonados logros - Movacolor","og_description":"Descubra m\u00e1s sobre nuestra participaci\u00f3n en la Elecci\u00f3n Frysian Empresa del A\u00f1o y nuestro reconocimiento como Gacela FD.","og_url":"https:\/\/www.movacolor.com\/es\/about-us\/awards-and-nominations\/","og_site_name":"Movacolor","article_modified_time":"2023-09-15T12:06:44+00:00","twitter_card":"summary_large_image","twitter_misc":{"Tiempo de lectura":"6 minutos"},"schema":{"@context":"https:\/\/schema.org","@graph":[{"@type":"WebPage","@id":"https:\/\/www.movacolor.com\/es\/about-us\/awards-and-nominations\/","url":"https:\/\/www.movacolor.com\/es\/about-us\/awards-and-nominations\/","name":"Descubra nuestros galardonados logros - Movacolor","isPartOf":{"@id":"https:\/\/www.movacolor.com\/es\/#website"},"datePublished":"2023-01-30T07:38:03+00:00","dateModified":"2023-09-15T12:06:44+00:00","description":"Descubra m\u00e1s sobre nuestra participaci\u00f3n en la Elecci\u00f3n Frysian Empresa del A\u00f1o y nuestro reconocimiento como Gacela FD.","breadcrumb":{"@id":"https:\/\/www.movacolor.com\/es\/about-us\/awards-and-nominations\/#breadcrumb"},"inLanguage":"es","potentialAction":[{"@type":"ReadAction","target":["https:\/\/www.movacolor.com\/es\/about-us\/awards-and-nominations\/"]}]},{"@type":"BreadcrumbList","@id":"https:\/\/www.movacolor.com\/es\/about-us\/awards-and-nominations\/#breadcrumb","itemListElement":[{"@type":"ListItem","position":1,"name":"Home","item":"https:\/\/www.movacolor.com\/es\/"},{"@type":"ListItem","position":2,"name":"Acerca de nosotros","item":"https:\/\/www.movacolor.com\/es\/acerca-de-nosotros\/"},{"@type":"ListItem","position":3,"name":"Premios y nominaciones"}]},{"@type":"WebSite","@id":"https:\/\/www.movacolor.com\/es\/#website","url":"https:\/\/www.movacolor.com\/es\/","name":"Movacolor","description":"modular dosing solutions","potentialAction":[{"@type":"SearchAction","target":{"@type":"EntryPoint","urlTemplate":"https:\/\/www.movacolor.com\/es\/?s={search_term_string}"},"query-input":{"@type":"PropertyValueSpecification","valueRequired":true,"valueName":"search_term_string"}}],"inLanguage":"es"}]}},"_links":{"self":[{"href":"https:\/\/www.movacolor.com\/es\/wp-json\/wp\/v2\/pages\/7624","targetHints":{"allow":["GET"]}}],"collection":[{"href":"https:\/\/www.movacolor.com\/es\/wp-json\/wp\/v2\/pages"}],"about":[{"href":"https:\/\/www.movacolor.com\/es\/wp-json\/wp\/v2\/types\/page"}],"author":[{"embeddable":true,"href":"https:\/\/www.movacolor.com\/es\/wp-json\/wp\/v2\/users\/6"}],"replies":[{"embeddable":true,"href":"https:\/\/www.movacolor.com\/es\/wp-json\/wp\/v2\/comments?post=7624"}],"version-history":[{"count":5,"href":"https:\/\/www.movacolor.com\/es\/wp-json\/wp\/v2\/pages\/7624\/revisions"}],"predecessor-version":[{"id":8552,"href":"https:\/\/www.movacolor.com\/es\/wp-json\/wp\/v2\/pages\/7624\/revisions\/8552"}],"up":[{"embeddable":true,"href":"https:\/\/www.movacolor.com\/es\/wp-json\/wp\/v2\/pages\/3104"}],"wp:attachment":[{"href":"https:\/\/www.movacolor.com\/es\/wp-json\/wp\/v2\/media?parent=7624"}],"curies":[{"name":"wp","href":"https:\/\/api.w.org\/{rel}","templated":true}]}}