{"id":6815,"date":"2023-01-30T09:38:03","date_gmt":"2023-01-30T07:38:03","guid":{"rendered":"https:\/\/www.movacolor.com\/ueber-uns\/auszeichnungen-und-nominierungen\/"},"modified":"2023-07-05T16:32:02","modified_gmt":"2023-07-05T14:32:02","slug":"auszeichnungen-und-nominierungen","status":"publish","type":"page","link":"https:\/\/www.movacolor.com\/de\/uber-uns\/auszeichnungen-und-nominierungen\/","title":{"rendered":"Auszeichnungen und Nominierungen"},"content":{"rendered":"<section class=\"l-section wpb_row us_custom_645e9f38 us_animate_this height_auto\"><div class=\"l-section-h i-cf\"><div class=\"g-cols vc_row via_flex valign_top type_boxes stacking_default\"><div class=\"vc_col-sm-12 wpb_column vc_column_container\"><div class=\"vc_column-inner us_custom_3d831995\"><div class=\"wpb_wrapper\"><div class=\"wpb_text_column\"><div class=\"wpb_wrapper\"><h1 class=\"p1\">Auszeichnungen und Nominierungen<\/h1>\n<p>Unsere Reise war eine Reise des Wachstums und der Anerkennung. Wir sind unserem unglaublichen Team sehr dankbar, denn ihr Engagement hat zu zahlreichen Nominierungen und Auszeichnungen gef\u00fchrt. Es ist ermutigend, solche Anerkennungen zu erhalten, die uns motivieren, nach Spitzenleistungen zu streben und die Grenzen in unserem Bereich zu erweitern.<\/p>\n<p>Unser Hauptaugenmerk liegt darauf, qualitativ hochwertige Dosierl\u00f6sungen anzubieten und zur Nachhaltigkeit der Branche beizutragen. Durch unser Engagement f\u00fcr Innovation und unser kontinuierliches Streben nach Verbesserung wollen wir neue Standards setzen. Wir laden Sie ein, uns auf dieser Reise zu begleiten, da wir uns bem\u00fchen, einen positiven und dauerhaften Einfluss auf die Kunststoffindustrie auszu\u00fcben.<\/p>\n<\/div><\/div><\/div><\/div><\/div><\/div><\/div><\/section><section class=\"l-section wpb_row us_custom_c70c97eb height_auto\"><div class=\"l-section-h i-cf\"><div class=\"g-cols vc_row via_flex valign_middle type_boxes stacking_default\"><div class=\"vc_col-sm-12 wpb_column vc_column_container\"><div class=\"vc_column-inner us_custom_3d831995\"><div class=\"wpb_wrapper\"><div class=\"g-cols wpb_row via_flex valign_top type_default reversed stacking_default\"><div class=\"vc_col-sm-6 wpb_column vc_column_container\"><div class=\"vc_column-inner\"><div class=\"wpb_wrapper\"><div class=\"w-iconbox hide_on_mobiles iconpos_left style_default color_custom align_left no_text\"><div class=\"w-iconbox-icon\" style=\"font-size:1rem;--icon-color:#B80000;\"><i class=\"far fa-horizontal-rule\"><\/i><\/div><div class=\"w-iconbox-meta\"><h6 class=\"w-iconbox-title\">Verkiezing Friese Onderneming van het Jaar<\/h6><\/div><\/div><div class=\"wpb_text_column us_custom_173c0608\"><div class=\"wpb_wrapper\"><p>Die Verkiezing Friese Onderneming van het Jaar (Wahl Friesisches Unternehmen des Jahres) ist eine Wahl, bei der Sie auf der Grundlage von Engagement und Leistung in den Bereichen nachhaltiges Wirtschaften, finanzielle Leistung und Kreativit\u00e4t zum besten friesischen Unternehmen gew\u00e4hlt werden k\u00f6nnen.<\/p>\n<p>Im Halbfinale entscheidet eine Jury aus renommierten Unternehmern, welche drei der insgesamt acht Nominierten in die Endrunde einziehen werden. W\u00e4hrend des Finales halten die drei Finalisten eine Abschlusspr\u00e4sentation vor der Jury und 300 Besuchern aus der Region. Die Besucher und die Jury entscheiden dann gemeinsam, welches Unternehmen das beste ist und zum besten friesischen Unternehmer des Jahres gek\u00fcrt wird.<\/p>\n<p>Diese Veranstaltung war ein wahres Spektakel und zeigte das unglaubliche Talent und den Einfallsreichtum, der in der friesischen Region vorhanden ist. Wir sind dankbar f\u00fcr die M\u00f6glichkeit, unser Unternehmen zu pr\u00e4sentieren und einen Beitrag zum Wachstum und zur Entwicklung der Region zu leisten.<\/p>\n<\/div><\/div><\/div><\/div><\/div><div class=\"vc_col-sm-6 wpb_column vc_column_container\"><div class=\"vc_column-inner\"><div class=\"wpb_wrapper\"><div class=\"w-image align_none\"><div class=\"w-image-h\"><img decoding=\"async\" width=\"1024\" height=\"682\" src=\"https:\/\/www.movacolor.com\/wp-content\/uploads\/2023\/04\/VFOJ2023-1024x682.jpg\" class=\"attachment-large size-large\" alt=\"VFOJ2023\" loading=\"lazy\" srcset=\"https:\/\/www.movacolor.com\/wp-content\/uploads\/2023\/04\/VFOJ2023-1024x682.jpg 1024w, https:\/\/www.movacolor.com\/wp-content\/uploads\/2023\/04\/VFOJ2023-300x200.jpg 300w, https:\/\/www.movacolor.com\/wp-content\/uploads\/2023\/04\/VFOJ2023-600x400.jpg 600w, https:\/\/www.movacolor.com\/wp-content\/uploads\/2023\/04\/VFOJ2023-1500x1000.jpg 1500w, https:\/\/www.movacolor.com\/wp-content\/uploads\/2023\/04\/VFOJ2023-750x500.jpg 750w, https:\/\/www.movacolor.com\/wp-content\/uploads\/2023\/04\/VFOJ2023-901x600.jpg 901w, https:\/\/www.movacolor.com\/wp-content\/uploads\/2023\/04\/VFOJ2023.jpg 1720w\" sizes=\"auto, (max-width: 1024px) 100vw, 1024px\" \/><\/div><\/div><\/div><\/div><\/div><\/div><\/div><\/div><\/div><\/div><\/div><\/section><section class=\"l-section wpb_row us_custom_3d831995 height_auto\"><div class=\"l-section-h i-cf\"><div class=\"g-cols vc_row via_flex valign_top type_boxes stacking_default\"><div class=\"vc_col-sm-12 wpb_column vc_column_container\"><div class=\"vc_column-inner\"><div class=\"wpb_wrapper\"><div class=\"g-cols wpb_row via_flex valign_top type_default stacking_default\"><div class=\"vc_col-sm-6 wpb_column vc_column_container\"><div class=\"vc_column-inner\"><div class=\"wpb_wrapper\"><div class=\"w-image has_ratio align_none\"><div class=\"w-image-h\"><div style=\"padding-bottom:100%\"><\/div><img decoding=\"async\" width=\"1024\" height=\"635\" src=\"https:\/\/www.movacolor.com\/wp-content\/uploads\/2023\/05\/Movacolor_Golden_Gazelle-1024x635.jpg\" class=\"attachment-large size-large\" alt=\"Movacolor winner FD Golden Gazelle 2012\" loading=\"lazy\" \/><\/div><\/div><\/div><\/div><\/div><div class=\"vc_col-sm-6 wpb_column vc_column_container\"><div class=\"vc_column-inner\"><div class=\"wpb_wrapper\"><div class=\"w-iconbox hide_on_mobiles iconpos_left style_default color_custom align_left no_text\"><div class=\"w-iconbox-icon\" style=\"font-size:1rem;--icon-color:#B80000;\"><i class=\"far fa-horizontal-rule\"><\/i><\/div><div class=\"w-iconbox-meta\"><h6 class=\"w-iconbox-title\">FD Gazellen Awards<\/h6><\/div><\/div><div class=\"wpb_text_column us_custom_173c0608\"><div class=\"wpb_wrapper\"><p>Die FD Gazellen Awards werden an die am schnellsten wachsenden Unternehmen in den Niederlanden verliehen. Die Unternehmen werden auf der Grundlage ihres Umsatzwachstums im Laufe der vergangenen Jahre ausgew\u00e4hlt.<\/p>\n<p>Wir f\u00fchlen uns geehrt, dass wir sieben Jahre in Folge f\u00fcr die FD Gazellen Awards nominiert wurden, von 2012 bis 2013 und von 2015 bis 2019. Wir haben nicht nur aufeinanderfolgende Nominierungen erhalten, sondern auch den prestigetr\u00e4chtigen <em><strong>FD Golden Gazelle Award<\/strong><\/em> im Jahr 2012 gewonnen. Diese Auszeichnung ist ein Beweis f\u00fcr unser Umsatzwachstum von \u00fcber 100 % zwischen 2009 und 2011.<\/p>\n<p>Wir sind unglaublich stolz auf diesen Meilenstein, der ohne unser unglaubliches Team und unsere gesch\u00e4tzten Kunden nicht m\u00f6glich gewesen w\u00e4re. Ihr Engagement und ihre Unterst\u00fctzung haben wesentlich zu unserem kontinuierlichen Wachstum und Erfolg beigetragen.<\/p>\n<p>Mehr als ein Jahrzehnt sp\u00e4ter sind wir weiterhin bestrebt, dieses Wachstum und diese Spitzenleistungen aufrechtzuerhalten. Wir konzentrieren uns weiterhin auf Innovationen im Dienste unserer Kunden und streben gleichzeitig nach einer nachhaltigeren Kunststoffindustrie.<\/p>\n<\/div><\/div><\/div><\/div><\/div><\/div><\/div><\/div><\/div><\/div><\/div><\/section><section class=\"l-section wpb_row us_custom_3fba447b height_auto\"><div class=\"l-section-h i-cf\"><div class=\"g-cols vc_row via_flex valign_top type_boxes stacking_default\"><div class=\"vc_col-sm-12 wpb_column vc_column_container\"><div class=\"vc_column-inner\"><div class=\"wpb_wrapper\"><div class=\"g-cols wpb_row via_flex valign_top type_default reversed stacking_default\"><div class=\"vc_col-sm-6 wpb_column vc_column_container\"><div class=\"vc_column-inner\"><div class=\"wpb_wrapper\"><div class=\"w-iconbox hide_on_mobiles iconpos_left style_default color_custom align_left no_text\"><div class=\"w-iconbox-icon\" style=\"font-size:1rem;--icon-color:#B80000;\"><i class=\"far fa-horizontal-rule\"><\/i><\/div><div class=\"w-iconbox-meta\"><h6 class=\"w-iconbox-title\">High Growth Awards<\/h6><\/div><\/div><div class=\"wpb_text_column us_custom_173c0608\"><div class=\"wpb_wrapper\"><p>Die High Growth Awards &#8211; Region Nordniederlande &#8211; sind die ultimative B\u00fchne f\u00fcr die Anerkennung der leistungsst\u00e4rksten Unternehmen im Norden der Niederlande. Diese prestigetr\u00e4chtige Veranstaltung zeichnet sich dadurch aus, dass sie die Qualit\u00e4t des Wachstums bewertet, nicht nur die Quantit\u00e4t.<\/p>\n<p>Eine hochkar\u00e4tige Jury aus erfahrenen Unternehmern und Experten ermittelt als unabh\u00e4ngige Jury das vielversprechendste Wachstum der besten Unternehmen des Landes.<\/p>\n<p>Im Jahr 2013 hatten wir die Ehre, f\u00fcr diese gesch\u00e4tzten Auszeichnungen nominiert zu werden und kamen unter die Top 20.<\/p>\n<\/div><\/div><\/div><\/div><\/div><div class=\"vc_col-sm-6 wpb_column vc_column_container\"><div class=\"vc_column-inner\"><div class=\"wpb_wrapper\"><div class=\"w-image align_none\"><div class=\"w-image-h\"><img decoding=\"async\" width=\"975\" height=\"487\" src=\"https:\/\/www.movacolor.com\/wp-content\/uploads\/2023\/05\/high-growth-awards.jpg\" class=\"attachment-large size-large\" alt=\"High Growth Awards 2013\" loading=\"lazy\" srcset=\"https:\/\/www.movacolor.com\/wp-content\/uploads\/2023\/05\/high-growth-awards.jpg 975w, https:\/\/www.movacolor.com\/wp-content\/uploads\/2023\/05\/high-growth-awards-300x150.jpg 300w, https:\/\/www.movacolor.com\/wp-content\/uploads\/2023\/05\/high-growth-awards-900x450.jpg 900w\" sizes=\"auto, (max-width: 975px) 100vw, 975px\" \/><\/div><\/div><\/div><\/div><\/div><\/div><\/div><\/div><\/div><\/div><\/div><\/section><section class=\"l-section wpb_row mova-carousel height_auto width_full\"><div class=\"l-section-h i-cf\"><div class=\"g-cols vc_row via_flex valign_top type_boxes stacking_default\"><div class=\"vc_col-sm-12 wpb_column vc_column_container\"><div class=\"vc_column-inner\"><div class=\"wpb_wrapper\"><div class=\"wpb_text_column us_custom_60e9caca us_animate_this\"><div class=\"wpb_wrapper\"><h3>Letzte Nachrichten<\/h3>\n<\/div><\/div><div class=\"w-grid us_carousel us_custom_19ce40c7 us_animate_this type_carousel layout_175 preload_style_spinner items_4\" id=\"us_grid_1\" style=\"--items:4;--gap:1.5rem;\"><style>.layout_175 .w-grid-item-h{background:var(--color-content-bg-alt);box-shadow:0 0.08rem 0.15rem rgba(0,0,0,0.1),0 0.25rem 0.75rem rgba(0,0,0,0.1);transition-duration:0.3s}.no-touch .layout_175 .w-grid-item-h:hover{box-shadow:0 0.03rem 0.06rem rgba(0,0,0,0.1),0 0.1rem 0.3rem rgba(0,0,0,0.15);z-index:4}.layout_175 .usg_vwrapper_1{margin-bottom:4.5rem!important;padding:2rem!important}.layout_175 .usg_btn_1{margin-top:3rem!important;position:absolute!important;left:2rem!important;bottom:2rem!important}@media (min-width:1025px) and (max-width:1280px){.layout_175 .usg_vwrapper_1{margin-bottom:4.5rem!important;padding:2rem!important}.layout_175 .usg_btn_1{position:absolute!important;left:2rem!important;bottom:2rem!important}}@media (min-width:769px) and (max-width:1024px){.layout_175 .usg_vwrapper_1{margin-bottom:4.5rem!important;padding:2rem!important}.layout_175 .usg_btn_1{position:absolute!important;left:2rem!important;bottom:2rem!important}}@media (max-width:768px){.layout_175 .usg_vwrapper_1{margin-bottom:4.5rem!important;padding:1.5rem!important}.layout_175 .usg_btn_1{position:absolute!important;left:1.5rem!important;bottom:1.5rem!important}}<\/style><div class=\"w-grid-list owl-carousel valign_stretch dotstyle_circle navstyle_circle arrows-ver-pos_middle arrows-hor-pos_on_sides_inside arrows-disabled_hide owl-responsive-2000 with_arrows\" style=\"--transition-duration:500ms;--arrows-size:1.5rem;--arrows-hor-offset:calc(0px - 1.5rem);--arrows-gap:10px;\">\t<article class=\"w-grid-item post-9631 post type-post status-publish format-standard has-post-thumbnail hentry category-news-de\" data-id=\"9631\">\r\n\t\t<div class=\"w-grid-item-h\">\r\n\t\t\t\t\t\t<div class=\"w-post-elm post_image usg_post_image_1 stretched\"><a href=\"https:\/\/www.movacolor.com\/de\/neuigkeiten\/wir-stellen-unseren-neuen-tragbaren-touchscreen-controller-mit-basic-recipe-mode-vor\/\" aria-label=\"Wir stellen unseren neuen tragbaren Touchscreen-Controller mit Basic Recipe Mode vor\"><img loading=\"lazy\" decoding=\"async\" width=\"600\" height=\"400\" src=\"https:\/\/www.movacolor.com\/wp-content\/uploads\/2023\/10\/PTC-BRM-900-500-600x400.png\" class=\"attachment-us_600_400_crop size-us_600_400_crop wp-post-image\" alt=\"Portable touch screen controller with Basic Recipe Mode\" \/><\/a><\/div><div class=\"w-vwrapper usg_vwrapper_1 align_left valign_top\"><h4 class=\"w-post-elm post_title usg_post_title_1 entry-title color_link_inherit\"><a href=\"https:\/\/www.movacolor.com\/de\/neuigkeiten\/wir-stellen-unseren-neuen-tragbaren-touchscreen-controller-mit-basic-recipe-mode-vor\/\">Wir stellen unseren neuen tragbaren Touchscreen-Controller mit Basic Recipe Mode vor<\/a><\/h4><div class=\"w-post-elm post_content usg_post_content_1\">Im ersten Quartal 2024 werden wir einen brandneuen tragbaren Touchscreen-Controller (PTC) mit Grundrezeptmodus (BRM) als neue Softwarefunktion f\u00fcr den PTC und TC auf den Markt bringen.<\/div><\/div><a class=\"w-btn us-btn-style_5 usg_btn_1\" href=\"https:\/\/www.movacolor.com\/de\/neuigkeiten\/wir-stellen-unseren-neuen-tragbaren-touchscreen-controller-mit-basic-recipe-mode-vor\/\"><span class=\"w-btn-label\">Mehr Info<\/span><\/a>\t\t<\/div>\r\n\t\t\t<\/article>\r\n\t<article class=\"w-grid-item post-15498 post type-post status-publish format-standard has-post-thumbnail hentry category-news-de\" data-id=\"15498\">\r\n\t\t<div class=\"w-grid-item-h\">\r\n\t\t\t\t\t\t<div class=\"w-post-elm post_image usg_post_image_1 stretched\"><a href=\"https:\/\/www.movacolor.com\/de\/neuigkeiten\/volumetric-dosing-done-right-entdecken-sie-unser-neues-dosiergerat\/\" aria-label=\"&#8216;Volumetric Dosing Done Right&#8217;: Entdecken Sie unser neues Dosierger\u00e4t\"><img loading=\"lazy\" decoding=\"async\" width=\"600\" height=\"400\" src=\"https:\/\/www.movacolor.com\/wp-content\/uploads\/2024\/01\/MDS-Volumetric-Feeder-Thumbnail-600x400.jpg\" class=\"attachment-us_600_400_crop size-us_600_400_crop wp-post-image\" alt=\"MDS Volumetric Feeder in Testroom\" srcset=\"https:\/\/www.movacolor.com\/wp-content\/uploads\/2024\/01\/MDS-Volumetric-Feeder-Thumbnail-600x400.jpg 600w, https:\/\/www.movacolor.com\/wp-content\/uploads\/2024\/01\/MDS-Volumetric-Feeder-Thumbnail-300x201.jpg 300w, https:\/\/www.movacolor.com\/wp-content\/uploads\/2024\/01\/MDS-Volumetric-Feeder-Thumbnail-897x600.jpg 897w, https:\/\/www.movacolor.com\/wp-content\/uploads\/2024\/01\/MDS-Volumetric-Feeder-Thumbnail.jpg 997w\" sizes=\"auto, (max-width: 600px) 100vw, 600px\" \/><\/a><\/div><div class=\"w-vwrapper usg_vwrapper_1 align_left valign_top\"><h4 class=\"w-post-elm post_title usg_post_title_1 entry-title color_link_inherit\"><a href=\"https:\/\/www.movacolor.com\/de\/neuigkeiten\/volumetric-dosing-done-right-entdecken-sie-unser-neues-dosiergerat\/\">&#8216;Volumetric Dosing Done Right&#8217;: Entdecken Sie unser neues Dosierger\u00e4t<\/a><\/h4><div class=\"w-post-elm post_content usg_post_content_1\">Wir freuen uns sehr, unser brandneues Dosierger\u00e4t vorstellen zu k\u00f6nnen: Das MDS Volumetric Feeder. Dieses innovative Dosierger\u00e4t setzt neue Ma\u00dfst\u00e4be in der volumetrischen Dosierung und richtet sich speziell an Hersteller,&hellip;<\/div><\/div><a class=\"w-btn us-btn-style_5 usg_btn_1\" href=\"https:\/\/www.movacolor.com\/de\/neuigkeiten\/volumetric-dosing-done-right-entdecken-sie-unser-neues-dosiergerat\/\"><span class=\"w-btn-label\">Mehr Info<\/span><\/a>\t\t<\/div>\r\n\t\t\t<\/article>\r\n\t<article class=\"w-grid-item post-7049 post type-post status-publish format-standard has-post-thumbnail hentry category-blogs-de\" data-id=\"7049\">\r\n\t\t<div class=\"w-grid-item-h\">\r\n\t\t\t\t\t\t<div class=\"w-post-elm post_image usg_post_image_1 stretched\"><a href=\"https:\/\/www.movacolor.com\/de\/neuigkeiten\/vom-kundenfeedback-zur-neuen-losung-the-off-line-dosing-add-on\/\" aria-label=\"Vom Kundenfeedback zur neuen L\u00f6sung: The Off-line Dosing add-on\"><img loading=\"lazy\" decoding=\"async\" width=\"600\" height=\"400\" src=\"https:\/\/www.movacolor.com\/wp-content\/uploads\/2023\/06\/DSC00194_BLUR-1-600x400.jpg\" class=\"attachment-us_600_400_crop size-us_600_400_crop wp-post-image\" alt=\"Off-line Dosing Configuration\" srcset=\"https:\/\/www.movacolor.com\/wp-content\/uploads\/2023\/06\/DSC00194_BLUR-1-600x400.jpg 600w, https:\/\/www.movacolor.com\/wp-content\/uploads\/2023\/06\/DSC00194_BLUR-1-1500x1000.jpg 1500w\" sizes=\"auto, (max-width: 600px) 100vw, 600px\" \/><\/a><\/div><div class=\"w-vwrapper usg_vwrapper_1 align_left valign_top\"><h4 class=\"w-post-elm post_title usg_post_title_1 entry-title color_link_inherit\"><a href=\"https:\/\/www.movacolor.com\/de\/neuigkeiten\/vom-kundenfeedback-zur-neuen-losung-the-off-line-dosing-add-on\/\">Vom Kundenfeedback zur neuen L\u00f6sung: The Off-line Dosing add-on<\/a><\/h4><div class=\"w-post-elm post_content usg_post_content_1\">Im letzten Jahr haben wir mehrere Anfragen erhalten, ob es m\u00f6glich sei, unsere MDS 6 Balance neben der Produktionsmaschine aufzustellen. Diese Fragen haben uns dazu veranlasst, eine neue L\u00f6sung zu&hellip;<\/div><\/div><a class=\"w-btn us-btn-style_5 usg_btn_1\" href=\"https:\/\/www.movacolor.com\/de\/neuigkeiten\/vom-kundenfeedback-zur-neuen-losung-the-off-line-dosing-add-on\/\"><span class=\"w-btn-label\">Mehr Info<\/span><\/a>\t\t<\/div>\r\n\t\t\t<\/article>\r\n\t<article class=\"w-grid-item post-8632 post type-post status-publish format-standard has-post-thumbnail hentry category-events-de\" data-id=\"8632\">\r\n\t\t<div class=\"w-grid-item-h\">\r\n\t\t\t\t\t\t<div class=\"w-post-elm post_image usg_post_image_1 stretched\"><a href=\"https:\/\/www.movacolor.com\/de\/news\/movacolor-at-fakuma-2023\/\" aria-label=\"Movacolor auf der Fakuma 2023\"><img loading=\"lazy\" decoding=\"async\" width=\"600\" height=\"400\" src=\"https:\/\/www.movacolor.com\/wp-content\/uploads\/2023\/09\/2023-10-04_Image_News_Fakuma-600x400.jpg\" class=\"attachment-us_600_400_crop size-us_600_400_crop wp-post-image\" alt=\"\" \/><\/a><\/div><div class=\"w-vwrapper usg_vwrapper_1 align_left valign_top\"><h4 class=\"w-post-elm post_title usg_post_title_1 entry-title color_link_inherit\"><a href=\"https:\/\/www.movacolor.com\/de\/news\/movacolor-at-fakuma-2023\/\">Movacolor auf der Fakuma 2023<\/a><\/h4><div class=\"w-post-elm post_content usg_post_content_1\">Sind Sie auf der Suche nach der neuesten Innovation oder Inspiration f\u00fcr Ihren Produktionsprozess? Auf der Fakuma 2023 stellen wir verschiedene modulare Dosierl\u00f6sungen vor. Lesen Sie weiter, um herauszufinden, warum&hellip;<\/div><\/div><a class=\"w-btn us-btn-style_5 usg_btn_1\" href=\"https:\/\/www.movacolor.com\/de\/news\/movacolor-at-fakuma-2023\/\"><span class=\"w-btn-label\">Mehr Info<\/span><\/a>\t\t<\/div>\r\n\t\t\t<\/article>\r\n\t<article class=\"w-grid-item post-7303 post type-post status-publish format-standard has-post-thumbnail hentry category-cases-de\" data-id=\"7303\">\r\n\t\t<div class=\"w-grid-item-h\">\r\n\t\t\t\t\t\t<div class=\"w-post-elm post_image usg_post_image_1 stretched\"><a href=\"https:\/\/www.movacolor.com\/de\/neuigkeiten\/eine-nachhaltige-losung-fur-die-vinylindustrie\/\" aria-label=\"Eine nachhaltige L\u00f6sung f\u00fcr die Vinylindustrie\"><img loading=\"lazy\" decoding=\"async\" width=\"600\" height=\"400\" src=\"https:\/\/www.movacolor.com\/wp-content\/uploads\/2023\/07\/NEW-THUMBNAIL-600x400.png\" class=\"attachment-us_600_400_crop size-us_600_400_crop wp-post-image\" alt=\"\" srcset=\"https:\/\/www.movacolor.com\/wp-content\/uploads\/2023\/07\/NEW-THUMBNAIL-600x400.png 600w, https:\/\/www.movacolor.com\/wp-content\/uploads\/2023\/07\/NEW-THUMBNAIL-1500x1000.png 1500w\" sizes=\"auto, (max-width: 600px) 100vw, 600px\" \/><\/a><\/div><div class=\"w-vwrapper usg_vwrapper_1 align_left valign_top\"><h4 class=\"w-post-elm post_title usg_post_title_1 entry-title color_link_inherit\"><a href=\"https:\/\/www.movacolor.com\/de\/neuigkeiten\/eine-nachhaltige-losung-fur-die-vinylindustrie\/\">Eine nachhaltige L\u00f6sung f\u00fcr die Vinylindustrie<\/a><\/h4><div class=\"w-post-elm post_content usg_post_content_1\">Letztes Jahr wurden wir von Harm Theunisse gebeten, mit ihm an einem besonderen Projekt namens &#8220;Green Vinyl Records&#8221; zusammenzuarbeiten. Harm wollte untersuchen, ob es m\u00f6glich ist, Abfall zu reduzieren und&hellip;<\/div><\/div><a class=\"w-btn us-btn-style_5 usg_btn_1\" href=\"https:\/\/www.movacolor.com\/de\/neuigkeiten\/eine-nachhaltige-losung-fur-die-vinylindustrie\/\"><span class=\"w-btn-label\">Mehr Info<\/span><\/a>\t\t<\/div>\r\n\t\t\t<\/article>\r\n\t<article class=\"w-grid-item post-7052 post type-post status-publish format-standard has-post-thumbnail hentry category-cases-de\" data-id=\"7052\">\r\n\t\t<div class=\"w-grid-item-h\">\r\n\t\t\t\t\t\t<div class=\"w-post-elm post_image usg_post_image_1 stretched\"><a href=\"https:\/\/www.movacolor.com\/de\/neuigkeiten\/ein-besuch-bei-unserem-geschatzten-kunden-enitor-primo\/\" aria-label=\"Ein Besuch bei unserem gesch\u00e4tzten Kunden Enitor Primo\"><img loading=\"lazy\" decoding=\"async\" width=\"600\" height=\"400\" src=\"https:\/\/www.movacolor.com\/wp-content\/uploads\/2023\/06\/MicrosoftTeams-image-600x400.jpg\" class=\"attachment-us_600_400_crop size-us_600_400_crop wp-post-image\" alt=\"Jelle Wibo Elsinga - Enitor Primo\" \/><\/a><\/div><div class=\"w-vwrapper usg_vwrapper_1 align_left valign_top\"><h4 class=\"w-post-elm post_title usg_post_title_1 entry-title color_link_inherit\"><a href=\"https:\/\/www.movacolor.com\/de\/neuigkeiten\/ein-besuch-bei-unserem-geschatzten-kunden-enitor-primo\/\">Ein Besuch bei unserem gesch\u00e4tzten Kunden Enitor Primo<\/a><\/h4><div class=\"w-post-elm post_content usg_post_content_1\">Wir hatten k\u00fcrzlich die fantastische Gelegenheit, Enitor Primo zu besuchen, Teil der gro\u00dfen multinationalen Primo-Gruppe und ein gesch\u00e4tzter Kunde von Movacolor. Das Unternehmen ist auf die Herstellung hochwertiger Profilextrusion spezialisiert,&hellip;<\/div><\/div><a class=\"w-btn us-btn-style_5 usg_btn_1\" href=\"https:\/\/www.movacolor.com\/de\/neuigkeiten\/ein-besuch-bei-unserem-geschatzten-kunden-enitor-primo\/\"><span class=\"w-btn-label\">Mehr Info<\/span><\/a>\t\t<\/div>\r\n\t\t\t<\/article>\r\n<\/div><div class=\"w-grid-carousel-json hidden\" onclick='return {&quot;carousel_settings&quot;:{&quot;aria_labels&quot;:{&quot;prev&quot;:&quot;Zur\\u00fcck&quot;,&quot;next&quot;:&quot;Weiter&quot;},&quot;autoplayContinual&quot;:false,&quot;autoplayHoverPause&quot;:false,&quot;autoplayTimeout&quot;:3000,&quot;autoWidth&quot;:false,&quot;smartSpeed&quot;:500,&quot;margin&quot;:0,&quot;mouseDrag&quot;:true,&quot;rtl&quot;:false,&quot;slideBy&quot;:&quot;1&quot;,&quot;touchDrag&quot;:true,&quot;slideTransition&quot;:&quot;&quot;,&quot;responsive&quot;:{&quot;0&quot;:{&quot;autoHeight&quot;:false,&quot;autoplay&quot;:false,&quot;autoWidth&quot;:false,&quot;center&quot;:false,&quot;dots&quot;:false,&quot;items&quot;:1,&quot;loop&quot;:true,&quot;nav&quot;:false,&quot;stagePadding&quot;:30,&quot;slideBy&quot;:&quot;1&quot;},&quot;769&quot;:{&quot;autoHeight&quot;:false,&quot;autoplay&quot;:false,&quot;autoWidth&quot;:false,&quot;center&quot;:false,&quot;dots&quot;:false,&quot;items&quot;:2,&quot;loop&quot;:true,&quot;nav&quot;:true,&quot;stagePadding&quot;:0,&quot;slideBy&quot;:&quot;1&quot;},&quot;1025&quot;:{&quot;autoHeight&quot;:false,&quot;autoplay&quot;:false,&quot;autoWidth&quot;:false,&quot;center&quot;:false,&quot;dots&quot;:false,&quot;items&quot;:2,&quot;loop&quot;:true,&quot;nav&quot;:true,&quot;stagePadding&quot;:0,&quot;slideBy&quot;:&quot;1&quot;},&quot;1281&quot;:{&quot;items&quot;:4,&quot;autoplay&quot;:false,&quot;center&quot;:false,&quot;dots&quot;:false,&quot;nav&quot;:true,&quot;autoHeight&quot;:false,&quot;autoWidth&quot;:false,&quot;loop&quot;:true,&quot;stagePadding&quot;:0}}}}'><\/div><\/div><div class=\"w-btn-wrapper align_left\"><a class=\"w-btn us-btn-style_6 us_custom_e7dc464c news-gotall-btn\" title=\"Technologie\" href=\"https:\/\/www.movacolor.com\/de\/uber-uns\/neuigkeiten\/\"><span class=\"w-btn-label\">Gehe zu allen<\/span><\/a><\/div><\/div><\/div><\/div><\/div><\/div><\/section>\n","protected":false},"excerpt":{"rendered":"Wenn es um Kunststoffextrusion geht, hebt sich Enitor Primo von seinen Mitbewerbern ab. Mit einem laserscharfen Blick f\u00fcr Details stellt es Kunststoffprodukte mit Pr\u00e4zision und Sorgfalt her. Das Unternehmen stellt Tausende verschiedener Profile her, die in so unterschiedlichen M\u00e4rkten wie der allgemeinen Industrie, dem Gew\u00e4chshausbau, Schwimmb\u00e4dern, T\u00fcren, M\u00f6beln, Energie und Bauwesen verwendet werden. Das Unternehmen...","protected":false},"author":6,"featured_media":0,"parent":3102,"menu_order":0,"comment_status":"closed","ping_status":"closed","template":"","meta":{"_acf_changed":false,"footnotes":""},"class_list":["post-6815","page","type-page","status-publish","hentry"],"acf":[],"yoast_head":"<!-- This site is optimized with the Yoast SEO plugin v26.4 - https:\/\/yoast.com\/wordpress\/plugins\/seo\/ -->\n<title>Entdecken Sie unsere preisgekr\u00f6nten Errungenschaften - Movacolor<\/title>\n<meta name=\"description\" content=\"Erfahren Sie mehr \u00fcber unsere Teilnahme an der Wahl zum Friesischen Unternehmen des Jahres und unsere Auszeichnung als FD-Gazelle.\" \/>\n<meta name=\"robots\" content=\"noindex, follow\" \/>\n<meta property=\"og:locale\" content=\"de_DE\" \/>\n<meta property=\"og:type\" content=\"article\" \/>\n<meta property=\"og:title\" content=\"Entdecken Sie unsere preisgekr\u00f6nten Errungenschaften - Movacolor\" \/>\n<meta property=\"og:description\" content=\"Erfahren Sie mehr \u00fcber unsere Teilnahme an der Wahl zum Friesischen Unternehmen des Jahres und unsere Auszeichnung als FD-Gazelle.\" \/>\n<meta property=\"og:url\" content=\"https:\/\/www.movacolor.com\/de\/uber-uns\/auszeichnungen-und-nominierungen\/\" \/>\n<meta property=\"og:site_name\" content=\"Movacolor\" \/>\n<meta property=\"article:modified_time\" content=\"2023-07-05T14:32:02+00:00\" \/>\n<meta name=\"twitter:card\" content=\"summary_large_image\" \/>\n<meta name=\"twitter:label1\" content=\"Gesch\u00e4tzte Lesezeit\" \/>\n\t<meta name=\"twitter:data1\" content=\"5\u00a0Minuten\" \/>\n<script type=\"application\/ld+json\" class=\"yoast-schema-graph\">{\"@context\":\"https:\/\/schema.org\",\"@graph\":[{\"@type\":\"WebPage\",\"@id\":\"https:\/\/www.movacolor.com\/de\/uber-uns\/auszeichnungen-und-nominierungen\/\",\"url\":\"https:\/\/www.movacolor.com\/de\/uber-uns\/auszeichnungen-und-nominierungen\/\",\"name\":\"Entdecken Sie unsere preisgekr\u00f6nten Errungenschaften - Movacolor\",\"isPartOf\":{\"@id\":\"https:\/\/www.movacolor.com\/de\/#website\"},\"datePublished\":\"2023-01-30T07:38:03+00:00\",\"dateModified\":\"2023-07-05T14:32:02+00:00\",\"description\":\"Erfahren Sie mehr \u00fcber unsere Teilnahme an der Wahl zum Friesischen Unternehmen des Jahres und unsere Auszeichnung als FD-Gazelle.\",\"breadcrumb\":{\"@id\":\"https:\/\/www.movacolor.com\/de\/uber-uns\/auszeichnungen-und-nominierungen\/#breadcrumb\"},\"inLanguage\":\"de\",\"potentialAction\":[{\"@type\":\"ReadAction\",\"target\":[\"https:\/\/www.movacolor.com\/de\/uber-uns\/auszeichnungen-und-nominierungen\/\"]}]},{\"@type\":\"BreadcrumbList\",\"@id\":\"https:\/\/www.movacolor.com\/de\/uber-uns\/auszeichnungen-und-nominierungen\/#breadcrumb\",\"itemListElement\":[{\"@type\":\"ListItem\",\"position\":1,\"name\":\"Home\",\"item\":\"https:\/\/www.movacolor.com\/de\/\"},{\"@type\":\"ListItem\",\"position\":2,\"name\":\"\u00dcber uns\",\"item\":\"https:\/\/www.movacolor.com\/de\/uber-uns\/\"},{\"@type\":\"ListItem\",\"position\":3,\"name\":\"Auszeichnungen und Nominierungen\"}]},{\"@type\":\"WebSite\",\"@id\":\"https:\/\/www.movacolor.com\/de\/#website\",\"url\":\"https:\/\/www.movacolor.com\/de\/\",\"name\":\"Movacolor\",\"description\":\"modular dosing solutions\",\"potentialAction\":[{\"@type\":\"SearchAction\",\"target\":{\"@type\":\"EntryPoint\",\"urlTemplate\":\"https:\/\/www.movacolor.com\/de\/?s={search_term_string}\"},\"query-input\":{\"@type\":\"PropertyValueSpecification\",\"valueRequired\":true,\"valueName\":\"search_term_string\"}}],\"inLanguage\":\"de\"}]}<\/script>\n<!-- \/ Yoast SEO plugin. -->","yoast_head_json":{"title":"Entdecken Sie unsere preisgekr\u00f6nten Errungenschaften - Movacolor","description":"Erfahren Sie mehr \u00fcber unsere Teilnahme an der Wahl zum Friesischen Unternehmen des Jahres und unsere Auszeichnung als FD-Gazelle.","robots":{"index":"noindex","follow":"follow"},"og_locale":"de_DE","og_type":"article","og_title":"Entdecken Sie unsere preisgekr\u00f6nten Errungenschaften - Movacolor","og_description":"Erfahren Sie mehr \u00fcber unsere Teilnahme an der Wahl zum Friesischen Unternehmen des Jahres und unsere Auszeichnung als FD-Gazelle.","og_url":"https:\/\/www.movacolor.com\/de\/uber-uns\/auszeichnungen-und-nominierungen\/","og_site_name":"Movacolor","article_modified_time":"2023-07-05T14:32:02+00:00","twitter_card":"summary_large_image","twitter_misc":{"Gesch\u00e4tzte Lesezeit":"5\u00a0Minuten"},"schema":{"@context":"https:\/\/schema.org","@graph":[{"@type":"WebPage","@id":"https:\/\/www.movacolor.com\/de\/uber-uns\/auszeichnungen-und-nominierungen\/","url":"https:\/\/www.movacolor.com\/de\/uber-uns\/auszeichnungen-und-nominierungen\/","name":"Entdecken Sie unsere preisgekr\u00f6nten Errungenschaften - Movacolor","isPartOf":{"@id":"https:\/\/www.movacolor.com\/de\/#website"},"datePublished":"2023-01-30T07:38:03+00:00","dateModified":"2023-07-05T14:32:02+00:00","description":"Erfahren Sie mehr \u00fcber unsere Teilnahme an der Wahl zum Friesischen Unternehmen des Jahres und unsere Auszeichnung als FD-Gazelle.","breadcrumb":{"@id":"https:\/\/www.movacolor.com\/de\/uber-uns\/auszeichnungen-und-nominierungen\/#breadcrumb"},"inLanguage":"de","potentialAction":[{"@type":"ReadAction","target":["https:\/\/www.movacolor.com\/de\/uber-uns\/auszeichnungen-und-nominierungen\/"]}]},{"@type":"BreadcrumbList","@id":"https:\/\/www.movacolor.com\/de\/uber-uns\/auszeichnungen-und-nominierungen\/#breadcrumb","itemListElement":[{"@type":"ListItem","position":1,"name":"Home","item":"https:\/\/www.movacolor.com\/de\/"},{"@type":"ListItem","position":2,"name":"\u00dcber uns","item":"https:\/\/www.movacolor.com\/de\/uber-uns\/"},{"@type":"ListItem","position":3,"name":"Auszeichnungen und Nominierungen"}]},{"@type":"WebSite","@id":"https:\/\/www.movacolor.com\/de\/#website","url":"https:\/\/www.movacolor.com\/de\/","name":"Movacolor","description":"modular dosing solutions","potentialAction":[{"@type":"SearchAction","target":{"@type":"EntryPoint","urlTemplate":"https:\/\/www.movacolor.com\/de\/?s={search_term_string}"},"query-input":{"@type":"PropertyValueSpecification","valueRequired":true,"valueName":"search_term_string"}}],"inLanguage":"de"}]}},"_links":{"self":[{"href":"https:\/\/www.movacolor.com\/de\/wp-json\/wp\/v2\/pages\/6815","targetHints":{"allow":["GET"]}}],"collection":[{"href":"https:\/\/www.movacolor.com\/de\/wp-json\/wp\/v2\/pages"}],"about":[{"href":"https:\/\/www.movacolor.com\/de\/wp-json\/wp\/v2\/types\/page"}],"author":[{"embeddable":true,"href":"https:\/\/www.movacolor.com\/de\/wp-json\/wp\/v2\/users\/6"}],"replies":[{"embeddable":true,"href":"https:\/\/www.movacolor.com\/de\/wp-json\/wp\/v2\/comments?post=6815"}],"version-history":[{"count":5,"href":"https:\/\/www.movacolor.com\/de\/wp-json\/wp\/v2\/pages\/6815\/revisions"}],"predecessor-version":[{"id":6969,"href":"https:\/\/www.movacolor.com\/de\/wp-json\/wp\/v2\/pages\/6815\/revisions\/6969"}],"up":[{"embeddable":true,"href":"https:\/\/www.movacolor.com\/de\/wp-json\/wp\/v2\/pages\/3102"}],"wp:attachment":[{"href":"https:\/\/www.movacolor.com\/de\/wp-json\/wp\/v2\/media?parent=6815"}],"curies":[{"name":"wp","href":"https:\/\/api.w.org\/{rel}","templated":true}]}}