{"id":3152,"date":"2023-01-04T15:28:06","date_gmt":"2023-01-04T13:28:06","guid":{"rendered":"https:\/\/dev.movacolor.com\/ueber-uns\/neuigkeiten\/"},"modified":"2024-02-08T22:05:50","modified_gmt":"2024-02-08T20:05:50","slug":"neuigkeiten","status":"publish","type":"page","link":"https:\/\/www.movacolor.com\/de\/uber-uns\/neuigkeiten\/","title":{"rendered":"Neuigkeiten"},"content":{"rendered":"<section class=\"l-section wpb_row height_auto\"><div class=\"l-section-h i-cf\"><div class=\"g-cols vc_row via_flex valign_top type_boxes stacking_default\"><div class=\"vc_col-sm-12 wpb_column vc_column_container\"><div class=\"vc_column-inner us_custom_11944701 us_animate_this\"><div class=\"wpb_wrapper\"><div class=\"wpb_text_column\"><div class=\"wpb_wrapper\"><h1>Neuigkeiten<\/h1>\n<p>Ganz gleich, ob Sie Kunde, Partner oder einfach nur an der Kunststoffbranche interessiert sind. Auf dieser Seite finden Sie die neuesten Nachrichten \u00fcber unser Unternehmen und aufschlussreiche Geschichten zu relevanten Themen und Entwicklungen aus dem Kunststoffmarkt.<\/p>\n<\/div><\/div><\/div><\/div><\/div><\/div><\/div><\/section><section class=\"l-section wpb_row us_custom_c70c97eb height_auto width_full\"><div class=\"l-section-h i-cf\"><div class=\"g-cols vc_row via_flex valign_top type_boxes stacking_default\"><div class=\"vc_col-sm-12 wpb_column vc_column_container\"><div class=\"vc_column-inner\"><div class=\"wpb_wrapper\"><div class=\"g-cols wpb_row filter news via_flex valign_top type_default stacking_default\"><div class=\"vc_col-sm-12 wpb_column vc_column_container\"><div class=\"vc_column-inner\"><div class=\"wpb_wrapper\"><div class=\"w-text us_custom_60e9caca filter-label us_animate_this\"><span class=\"w-text-h\"><span class=\"w-text-value\">Filter<\/span><\/span><\/div><form class=\"w-filter for_grid state_desktop us-field-style_1 us_custom_60e9caca us_animate_this layout_hor items_1 mod_side style_switch_default align_none drop_on_hover hide_item_title\" action onsubmit=\"return false;\" onclick='return {&quot;filterPrefix&quot;:&quot;filter&quot;,&quot;hideDisabledValues&quot;:false,&quot;layout&quot;:&quot;hor&quot;,&quot;mobileWidth&quot;:600,&quot;use_grid&quot;:&quot;first&quot;,&quot;gridNotFoundMessage&quot;:&quot;Nothing to filter. Add a suitable Grid to this page.&quot;}'><div class=\"w-filter-list\"><div class=\"w-filter-list-title\">Filter<\/div><button class=\"w-filter-list-closer\" title=\"Schlie\u00dfen\" aria-label=\"Schlie\u00dfen\"><\/button><div class=\"w-filter-item type_radio\" data-source=\"tax|category\"><button class=\"w-filter-item-title\">Kategorie<span><\/span><\/button><a class=\"w-filter-item-reset\" href=\"#\" title=\"Zur\u00fccksetzen\"><span>Zur\u00fccksetzen<\/span><\/a><div class=\"w-filter-item-content\"><div class=\"w-filter-item-values\" data-maxheight=\"40vh\" style=\"max-height:40vh\"><div class=\"w-filter-item-value selected\"><label><input type=\"radio\" value=\"*\" name=\"filter_category\" checked='checked'><span class=\"w-filter-item-value-label\">Alle<\/span><\/label><\/div><div class=\"w-filter-item-value\" data-item-amount=\"5\"><label><input type=\"radio\" value=\"blogs-de\" name=\"filter_category\"><span class=\"w-filter-item-value-label\">Blogs<\/span><\/label><\/div><div class=\"w-filter-item-value\" data-item-amount=\"4\"><label><input type=\"radio\" value=\"cases-de\" name=\"filter_category\"><span class=\"w-filter-item-value-label\">Cases<\/span><\/label><\/div><div class=\"w-filter-item-value\" data-item-amount=\"7\"><label><input type=\"radio\" value=\"events-de\" name=\"filter_category\"><span class=\"w-filter-item-value-label\">Events<\/span><\/label><\/div><div class=\"w-filter-item-value\" data-item-amount=\"25\"><label><input type=\"radio\" value=\"news-de\" name=\"filter_category\"><span class=\"w-filter-item-value-label\">News<\/span><\/label><\/div><\/div><\/div><\/div><\/div><div class=\"w-filter-list-panel\"><button class=\"w-btn us-btn-style_2\"><span class=\"w-btn-label\">Anwenden<\/span><\/button><\/div><style>@media( max-width:600px ){.w-filter.state_desktop .w-filter-list,.w-filter-item-title>span{display:none}.w-filter-opener{display:inline-block}}<\/style><button class=\"w-filter-opener w-btn us-btn-style_1 icon_atleft\"><i class=\"far fa-filter\"><\/i><span>Filter<\/span><\/button><div class=\"w-filter-json-filters-args hidden\" onclick='return {&quot;taxonomies_query_args&quot;:{&quot;tax|category&quot;:{&quot;blogs-de&quot;:{&quot;fields&quot;:&quot;ids&quot;,&quot;nopaging&quot;:true,&quot;post_status&quot;:[&quot;publish&quot;,&quot;acf-disabled&quot;,&quot;inherit&quot;],&quot;post_type&quot;:[],&quot;posts_per_page&quot;:1,&quot;suppress_filters&quot;:true,&quot;tax_query&quot;:[{&quot;taxonomy&quot;:&quot;category&quot;,&quot;field&quot;:&quot;slug&quot;,&quot;terms&quot;:&quot;blogs-de&quot;}]},&quot;cases-de&quot;:{&quot;fields&quot;:&quot;ids&quot;,&quot;nopaging&quot;:true,&quot;post_status&quot;:[&quot;publish&quot;,&quot;acf-disabled&quot;,&quot;inherit&quot;],&quot;post_type&quot;:[],&quot;posts_per_page&quot;:1,&quot;suppress_filters&quot;:true,&quot;tax_query&quot;:[{&quot;taxonomy&quot;:&quot;category&quot;,&quot;field&quot;:&quot;slug&quot;,&quot;terms&quot;:&quot;cases-de&quot;}]},&quot;events-de&quot;:{&quot;fields&quot;:&quot;ids&quot;,&quot;nopaging&quot;:true,&quot;post_status&quot;:[&quot;publish&quot;,&quot;acf-disabled&quot;,&quot;inherit&quot;],&quot;post_type&quot;:[],&quot;posts_per_page&quot;:1,&quot;suppress_filters&quot;:true,&quot;tax_query&quot;:[{&quot;taxonomy&quot;:&quot;category&quot;,&quot;field&quot;:&quot;slug&quot;,&quot;terms&quot;:&quot;events-de&quot;}]},&quot;kenntnisse&quot;:{&quot;fields&quot;:&quot;ids&quot;,&quot;nopaging&quot;:true,&quot;post_status&quot;:[&quot;publish&quot;,&quot;acf-disabled&quot;,&quot;inherit&quot;],&quot;post_type&quot;:[],&quot;posts_per_page&quot;:1,&quot;suppress_filters&quot;:true,&quot;tax_query&quot;:[{&quot;taxonomy&quot;:&quot;category&quot;,&quot;field&quot;:&quot;slug&quot;,&quot;terms&quot;:&quot;kenntnisse&quot;}]},&quot;news-de&quot;:{&quot;fields&quot;:&quot;ids&quot;,&quot;nopaging&quot;:true,&quot;post_status&quot;:[&quot;publish&quot;,&quot;acf-disabled&quot;,&quot;inherit&quot;],&quot;post_type&quot;:[],&quot;posts_per_page&quot;:1,&quot;suppress_filters&quot;:true,&quot;tax_query&quot;:[{&quot;taxonomy&quot;:&quot;category&quot;,&quot;field&quot;:&quot;slug&quot;,&quot;terms&quot;:&quot;news-de&quot;}]},&quot;unkategorisiert&quot;:{&quot;fields&quot;:&quot;ids&quot;,&quot;nopaging&quot;:true,&quot;post_status&quot;:[&quot;publish&quot;,&quot;acf-disabled&quot;,&quot;inherit&quot;],&quot;post_type&quot;:[],&quot;posts_per_page&quot;:1,&quot;suppress_filters&quot;:true,&quot;tax_query&quot;:[{&quot;taxonomy&quot;:&quot;category&quot;,&quot;field&quot;:&quot;slug&quot;,&quot;terms&quot;:&quot;unkategorisiert&quot;}]}}}}'><\/div><\/form><\/div><\/div><\/div><\/div><div class=\"w-grid us_grid us_custom_60e9caca us_animate_this type_grid layout_175 cols_3 pagination_ajax preload_style_spinner\" id=\"us_grid_1\" style=\"--columns:3;--gap:1.5rem;\" data-filterable=\"true\"><style>@media (max-width:1299px){#us_grid_1{--columns:2!important}}@media (max-width:1024px){#us_grid_1{--columns:2!important}}@media (max-width:768px){#us_grid_1{--columns:1!important}}.layout_175 .w-grid-item-h{background:var(--color-content-bg-alt);box-shadow:0 0.08rem 0.15rem rgba(0,0,0,0.1),0 0.25rem 0.75rem rgba(0,0,0,0.1);transition-duration:0.3s}.no-touch .layout_175 .w-grid-item-h:hover{box-shadow:0 0.03rem 0.06rem rgba(0,0,0,0.1),0 0.1rem 0.3rem rgba(0,0,0,0.15);z-index:4}.layout_175 .usg_vwrapper_1{margin-bottom:4.5rem!important;padding:2rem!important}.layout_175 .usg_btn_1{margin-top:3rem!important;position:absolute!important;left:2rem!important;bottom:2rem!important}@media (min-width:1025px) and (max-width:1280px){.layout_175 .usg_vwrapper_1{margin-bottom:4.5rem!important;padding:2rem!important}.layout_175 .usg_btn_1{position:absolute!important;left:2rem!important;bottom:2rem!important}}@media (min-width:769px) and (max-width:1024px){.layout_175 .usg_vwrapper_1{margin-bottom:4.5rem!important;padding:2rem!important}.layout_175 .usg_btn_1{position:absolute!important;left:2rem!important;bottom:2rem!important}}@media (max-width:768px){.layout_175 .usg_vwrapper_1{margin-bottom:4.5rem!important;padding:1.5rem!important}.layout_175 .usg_btn_1{position:absolute!important;left:1.5rem!important;bottom:1.5rem!important}}<\/style><div class=\"w-grid-list\">\t<article class=\"w-grid-item size_1x1 post-9631 post type-post status-publish format-standard has-post-thumbnail hentry category-news-de\" data-id=\"9631\">\r\n\t\t<div class=\"w-grid-item-h\">\r\n\t\t\t\t\t\t\t<a href=\"https:\/\/www.movacolor.com\/de\/neuigkeiten\/wir-stellen-unseren-neuen-tragbaren-touchscreen-controller-mit-basic-recipe-mode-vor\/\" class=\"w-grid-item-anchor\" aria-label=\"Wir stellen unseren neuen tragbaren Touchscreen-Controller mit Basic Recipe Mode vor\"><\/a>\r\n\t\t\t\t\t\t<div class=\"w-post-elm post_image usg_post_image_1 stretched\"><img loading=\"lazy\" decoding=\"async\" width=\"600\" height=\"400\" src=\"https:\/\/www.movacolor.com\/wp-content\/uploads\/2023\/10\/PTC-BRM-900-500-600x400.png\" class=\"attachment-us_600_400_crop size-us_600_400_crop wp-post-image\" alt=\"Portable touch screen controller with Basic Recipe Mode\" \/><\/div><div class=\"w-vwrapper usg_vwrapper_1 align_left valign_top\"><h4 class=\"w-post-elm post_title usg_post_title_1 entry-title color_link_inherit\">Wir stellen unseren neuen tragbaren Touchscreen-Controller mit Basic Recipe Mode vor<\/h4><div class=\"w-post-elm post_content usg_post_content_1\">Im ersten Quartal 2024 werden wir einen brandneuen tragbaren Touchscreen-Controller (PTC) mit Grundrezeptmodus (BRM) als neue Softwarefunktion f\u00fcr den PTC und TC auf den Markt bringen.<\/div><\/div><button tabindex=\"-1\" class=\"w-btn us-btn-style_5 usg_btn_1\"><span class=\"w-btn-label\">Mehr Info<\/span><\/button>\t\t<\/div>\r\n\t\t\t<\/article>\r\n\t<article class=\"w-grid-item size_1x1 post-15498 post type-post status-publish format-standard has-post-thumbnail hentry category-news-de\" data-id=\"15498\">\r\n\t\t<div class=\"w-grid-item-h\">\r\n\t\t\t\t\t\t\t<a href=\"https:\/\/www.movacolor.com\/de\/neuigkeiten\/volumetric-dosing-done-right-entdecken-sie-unser-neues-dosiergerat\/\" class=\"w-grid-item-anchor\" aria-label=\"&#8216;Volumetric Dosing Done Right&#8217;: Entdecken Sie unser neues Dosierger\u00e4t\"><\/a>\r\n\t\t\t\t\t\t<div class=\"w-post-elm post_image usg_post_image_1 stretched\"><img loading=\"lazy\" decoding=\"async\" width=\"600\" height=\"400\" src=\"https:\/\/www.movacolor.com\/wp-content\/uploads\/2024\/01\/MDS-Volumetric-Feeder-Thumbnail-600x400.jpg\" class=\"attachment-us_600_400_crop size-us_600_400_crop wp-post-image\" alt=\"MDS Volumetric Feeder in Testroom\" srcset=\"https:\/\/www.movacolor.com\/wp-content\/uploads\/2024\/01\/MDS-Volumetric-Feeder-Thumbnail-600x400.jpg 600w, https:\/\/www.movacolor.com\/wp-content\/uploads\/2024\/01\/MDS-Volumetric-Feeder-Thumbnail-300x201.jpg 300w, https:\/\/www.movacolor.com\/wp-content\/uploads\/2024\/01\/MDS-Volumetric-Feeder-Thumbnail-897x600.jpg 897w, https:\/\/www.movacolor.com\/wp-content\/uploads\/2024\/01\/MDS-Volumetric-Feeder-Thumbnail.jpg 997w\" sizes=\"auto, (max-width: 600px) 100vw, 600px\" \/><\/div><div class=\"w-vwrapper usg_vwrapper_1 align_left valign_top\"><h4 class=\"w-post-elm post_title usg_post_title_1 entry-title color_link_inherit\">&#8216;Volumetric Dosing Done Right&#8217;: Entdecken Sie unser neues Dosierger\u00e4t<\/h4><div class=\"w-post-elm post_content usg_post_content_1\">Wir freuen uns sehr, unser brandneues Dosierger\u00e4t vorstellen zu k\u00f6nnen: Das MDS Volumetric Feeder. Dieses innovative Dosierger\u00e4t setzt neue Ma\u00dfst\u00e4be in der volumetrischen Dosierung und richtet sich speziell an Hersteller,&hellip;<\/div><\/div><button tabindex=\"-1\" class=\"w-btn us-btn-style_5 usg_btn_1\"><span class=\"w-btn-label\">Mehr Info<\/span><\/button>\t\t<\/div>\r\n\t\t\t<\/article>\r\n\t<article class=\"w-grid-item size_1x1 post-7049 post type-post status-publish format-standard has-post-thumbnail hentry category-blogs-de\" data-id=\"7049\">\r\n\t\t<div class=\"w-grid-item-h\">\r\n\t\t\t\t\t\t\t<a href=\"https:\/\/www.movacolor.com\/de\/neuigkeiten\/vom-kundenfeedback-zur-neuen-losung-the-off-line-dosing-add-on\/\" class=\"w-grid-item-anchor\" aria-label=\"Vom Kundenfeedback zur neuen L\u00f6sung: The Off-line Dosing add-on\"><\/a>\r\n\t\t\t\t\t\t<div class=\"w-post-elm post_image usg_post_image_1 stretched\"><img loading=\"lazy\" decoding=\"async\" width=\"600\" height=\"400\" src=\"https:\/\/www.movacolor.com\/wp-content\/uploads\/2023\/06\/DSC00194_BLUR-1-600x400.jpg\" class=\"attachment-us_600_400_crop size-us_600_400_crop wp-post-image\" alt=\"Off-line Dosing Configuration\" srcset=\"https:\/\/www.movacolor.com\/wp-content\/uploads\/2023\/06\/DSC00194_BLUR-1-600x400.jpg 600w, https:\/\/www.movacolor.com\/wp-content\/uploads\/2023\/06\/DSC00194_BLUR-1-1500x1000.jpg 1500w\" sizes=\"auto, (max-width: 600px) 100vw, 600px\" \/><\/div><div class=\"w-vwrapper usg_vwrapper_1 align_left valign_top\"><h4 class=\"w-post-elm post_title usg_post_title_1 entry-title color_link_inherit\">Vom Kundenfeedback zur neuen L\u00f6sung: The Off-line Dosing add-on<\/h4><div class=\"w-post-elm post_content usg_post_content_1\">Im letzten Jahr haben wir mehrere Anfragen erhalten, ob es m\u00f6glich sei, unsere MDS 6 Balance neben der Produktionsmaschine aufzustellen. Diese Fragen haben uns dazu veranlasst, eine neue L\u00f6sung zu&hellip;<\/div><\/div><button tabindex=\"-1\" class=\"w-btn us-btn-style_5 usg_btn_1\"><span class=\"w-btn-label\">Mehr Info<\/span><\/button>\t\t<\/div>\r\n\t\t\t<\/article>\r\n\t<article class=\"w-grid-item size_1x1 post-8632 post type-post status-publish format-standard has-post-thumbnail hentry category-events-de\" data-id=\"8632\">\r\n\t\t<div class=\"w-grid-item-h\">\r\n\t\t\t\t\t\t\t<a href=\"https:\/\/www.movacolor.com\/de\/news\/movacolor-at-fakuma-2023\/\" class=\"w-grid-item-anchor\" aria-label=\"Movacolor auf der Fakuma 2023\"><\/a>\r\n\t\t\t\t\t\t<div class=\"w-post-elm post_image usg_post_image_1 stretched\"><img loading=\"lazy\" decoding=\"async\" width=\"600\" height=\"400\" src=\"https:\/\/www.movacolor.com\/wp-content\/uploads\/2023\/09\/2023-10-04_Image_News_Fakuma-600x400.jpg\" class=\"attachment-us_600_400_crop size-us_600_400_crop wp-post-image\" alt=\"\" \/><\/div><div class=\"w-vwrapper usg_vwrapper_1 align_left valign_top\"><h4 class=\"w-post-elm post_title usg_post_title_1 entry-title color_link_inherit\">Movacolor auf der Fakuma 2023<\/h4><div class=\"w-post-elm post_content usg_post_content_1\">Sind Sie auf der Suche nach der neuesten Innovation oder Inspiration f\u00fcr Ihren Produktionsprozess? Auf der Fakuma 2023 stellen wir verschiedene modulare Dosierl\u00f6sungen vor. Lesen Sie weiter, um herauszufinden, warum&hellip;<\/div><\/div><button tabindex=\"-1\" class=\"w-btn us-btn-style_5 usg_btn_1\"><span class=\"w-btn-label\">Mehr Info<\/span><\/button>\t\t<\/div>\r\n\t\t\t<\/article>\r\n\t<article class=\"w-grid-item size_1x1 post-7303 post type-post status-publish format-standard has-post-thumbnail hentry category-cases-de\" data-id=\"7303\">\r\n\t\t<div class=\"w-grid-item-h\">\r\n\t\t\t\t\t\t\t<a href=\"https:\/\/www.movacolor.com\/de\/neuigkeiten\/eine-nachhaltige-losung-fur-die-vinylindustrie\/\" class=\"w-grid-item-anchor\" aria-label=\"Eine nachhaltige L\u00f6sung f\u00fcr die Vinylindustrie\"><\/a>\r\n\t\t\t\t\t\t<div class=\"w-post-elm post_image usg_post_image_1 stretched\"><img loading=\"lazy\" decoding=\"async\" width=\"600\" height=\"400\" src=\"https:\/\/www.movacolor.com\/wp-content\/uploads\/2023\/07\/NEW-THUMBNAIL-600x400.png\" class=\"attachment-us_600_400_crop size-us_600_400_crop wp-post-image\" alt=\"\" srcset=\"https:\/\/www.movacolor.com\/wp-content\/uploads\/2023\/07\/NEW-THUMBNAIL-600x400.png 600w, https:\/\/www.movacolor.com\/wp-content\/uploads\/2023\/07\/NEW-THUMBNAIL-1500x1000.png 1500w\" sizes=\"auto, (max-width: 600px) 100vw, 600px\" \/><\/div><div class=\"w-vwrapper usg_vwrapper_1 align_left valign_top\"><h4 class=\"w-post-elm post_title usg_post_title_1 entry-title color_link_inherit\">Eine nachhaltige L\u00f6sung f\u00fcr die Vinylindustrie<\/h4><div class=\"w-post-elm post_content usg_post_content_1\">Letztes Jahr wurden wir von Harm Theunisse gebeten, mit ihm an einem besonderen Projekt namens &#8220;Green Vinyl Records&#8221; zusammenzuarbeiten. Harm wollte untersuchen, ob es m\u00f6glich ist, Abfall zu reduzieren und&hellip;<\/div><\/div><button tabindex=\"-1\" class=\"w-btn us-btn-style_5 usg_btn_1\"><span class=\"w-btn-label\">Mehr Info<\/span><\/button>\t\t<\/div>\r\n\t\t\t<\/article>\r\n\t<article class=\"w-grid-item size_1x1 post-7052 post type-post status-publish format-standard has-post-thumbnail hentry category-cases-de\" data-id=\"7052\">\r\n\t\t<div class=\"w-grid-item-h\">\r\n\t\t\t\t\t\t\t<a href=\"https:\/\/www.movacolor.com\/de\/neuigkeiten\/ein-besuch-bei-unserem-geschatzten-kunden-enitor-primo\/\" class=\"w-grid-item-anchor\" aria-label=\"Ein Besuch bei unserem gesch\u00e4tzten Kunden Enitor Primo\"><\/a>\r\n\t\t\t\t\t\t<div class=\"w-post-elm post_image usg_post_image_1 stretched\"><img loading=\"lazy\" decoding=\"async\" width=\"600\" height=\"400\" src=\"https:\/\/www.movacolor.com\/wp-content\/uploads\/2023\/06\/MicrosoftTeams-image-600x400.jpg\" class=\"attachment-us_600_400_crop size-us_600_400_crop wp-post-image\" alt=\"Jelle Wibo Elsinga - Enitor Primo\" \/><\/div><div class=\"w-vwrapper usg_vwrapper_1 align_left valign_top\"><h4 class=\"w-post-elm post_title usg_post_title_1 entry-title color_link_inherit\">Ein Besuch bei unserem gesch\u00e4tzten Kunden Enitor Primo<\/h4><div class=\"w-post-elm post_content usg_post_content_1\">Wir hatten k\u00fcrzlich die fantastische Gelegenheit, Enitor Primo zu besuchen, Teil der gro\u00dfen multinationalen Primo-Gruppe und ein gesch\u00e4tzter Kunde von Movacolor. Das Unternehmen ist auf die Herstellung hochwertiger Profilextrusion spezialisiert,&hellip;<\/div><\/div><button tabindex=\"-1\" class=\"w-btn us-btn-style_5 usg_btn_1\"><span class=\"w-btn-label\">Mehr Info<\/span><\/button>\t\t<\/div>\r\n\t\t\t<\/article>\r\n\t<article class=\"w-grid-item size_1x1 post-7055 post type-post status-publish format-standard has-post-thumbnail hentry category-events-de\" data-id=\"7055\">\r\n\t\t<div class=\"w-grid-item-h\">\r\n\t\t\t\t\t\t\t<a href=\"https:\/\/www.movacolor.com\/de\/neuigkeiten\/movacolor-auf-der-propak-asia-2023\/\" class=\"w-grid-item-anchor\" aria-label=\"Movacolor auf der ProPak Asia 2023\"><\/a>\r\n\t\t\t\t\t\t<div class=\"w-post-elm post_image usg_post_image_1 stretched\"><img loading=\"lazy\" decoding=\"async\" width=\"600\" height=\"400\" src=\"https:\/\/www.movacolor.com\/wp-content\/uploads\/2023\/06\/Propak-Asia-article-600x400.jpg\" class=\"attachment-us_600_400_crop size-us_600_400_crop wp-post-image\" alt=\"propak asia 2023\" srcset=\"https:\/\/www.movacolor.com\/wp-content\/uploads\/2023\/06\/Propak-Asia-article-600x400.jpg 600w, https:\/\/www.movacolor.com\/wp-content\/uploads\/2023\/06\/Propak-Asia-article-300x200.jpg 300w, https:\/\/www.movacolor.com\/wp-content\/uploads\/2023\/06\/Propak-Asia-article-1024x683.jpg 1024w, https:\/\/www.movacolor.com\/wp-content\/uploads\/2023\/06\/Propak-Asia-article-750x500.jpg 750w, https:\/\/www.movacolor.com\/wp-content\/uploads\/2023\/06\/Propak-Asia-article-900x600.jpg 900w, https:\/\/www.movacolor.com\/wp-content\/uploads\/2023\/06\/Propak-Asia-article.jpg 1161w\" sizes=\"auto, (max-width: 600px) 100vw, 600px\" \/><\/div><div class=\"w-vwrapper usg_vwrapper_1 align_left valign_top\"><h4 class=\"w-post-elm post_title usg_post_title_1 entry-title color_link_inherit\">Movacolor auf der ProPak Asia 2023<\/h4><div class=\"w-post-elm post_content usg_post_content_1\">Wir freuen uns, unsere Teilnahme an der ProPak Asia 2023 anzuk\u00fcndigen, Asiens wichtigstem Event f\u00fcr Verarbeitungs- und Verpackungstechnologie. Besuchen Sie uns vom 14. bis 17. Juni an unserem Stand B59&hellip;<\/div><\/div><button tabindex=\"-1\" class=\"w-btn us-btn-style_5 usg_btn_1\"><span class=\"w-btn-label\">Mehr Info<\/span><\/button>\t\t<\/div>\r\n\t\t\t<\/article>\r\n\t<article class=\"w-grid-item size_1x1 post-7056 post type-post status-publish format-standard has-post-thumbnail hentry category-news-de\" data-id=\"7056\">\r\n\t\t<div class=\"w-grid-item-h\">\r\n\t\t\t\t\t\t\t<a href=\"https:\/\/www.movacolor.com\/de\/neuigkeiten\/movacolor-als-bestes-friesisches-unternehmen-2023-ausgezeichnet\/\" class=\"w-grid-item-anchor\" aria-label=\"Movacolor als bestes friesisches Unternehmen 2023 ausgezeichnet\"><\/a>\r\n\t\t\t\t\t\t<div class=\"w-post-elm post_image usg_post_image_1 stretched\"><img loading=\"lazy\" decoding=\"async\" width=\"600\" height=\"400\" src=\"https:\/\/www.movacolor.com\/wp-content\/uploads\/2023\/04\/VFOJ2023-600x400.jpg\" class=\"attachment-us_600_400_crop size-us_600_400_crop wp-post-image\" alt=\"VFOJ2023\" srcset=\"https:\/\/www.movacolor.com\/wp-content\/uploads\/2023\/04\/VFOJ2023-600x400.jpg 600w, https:\/\/www.movacolor.com\/wp-content\/uploads\/2023\/04\/VFOJ2023-300x200.jpg 300w, https:\/\/www.movacolor.com\/wp-content\/uploads\/2023\/04\/VFOJ2023-1024x682.jpg 1024w, https:\/\/www.movacolor.com\/wp-content\/uploads\/2023\/04\/VFOJ2023-1500x1000.jpg 1500w, https:\/\/www.movacolor.com\/wp-content\/uploads\/2023\/04\/VFOJ2023-750x500.jpg 750w, https:\/\/www.movacolor.com\/wp-content\/uploads\/2023\/04\/VFOJ2023-901x600.jpg 901w, https:\/\/www.movacolor.com\/wp-content\/uploads\/2023\/04\/VFOJ2023.jpg 1720w\" sizes=\"auto, (max-width: 600px) 100vw, 600px\" \/><\/div><div class=\"w-vwrapper usg_vwrapper_1 align_left valign_top\"><h4 class=\"w-post-elm post_title usg_post_title_1 entry-title color_link_inherit\">Movacolor als bestes friesisches Unternehmen 2023 ausgezeichnet<\/h4><div class=\"w-post-elm post_content usg_post_content_1\">Wir freuen uns, bekannt geben zu k\u00f6nnen, dass wir die Wahl zum friesischen Unternehmen des Jahres 2023 gewonnen haben! Die Konkurrenz war gro\u00df, denn zwei weitere herausragende Unternehmen konkurrierten um&hellip;<\/div><\/div><button tabindex=\"-1\" class=\"w-btn us-btn-style_5 usg_btn_1\"><span class=\"w-btn-label\">Mehr Info<\/span><\/button>\t\t<\/div>\r\n\t\t\t<\/article>\r\n\t<article class=\"w-grid-item size_1x1 post-7059 post type-post status-publish format-standard has-post-thumbnail hentry category-news-de\" data-id=\"7059\">\r\n\t\t<div class=\"w-grid-item-h\">\r\n\t\t\t\t\t\t\t<a href=\"https:\/\/www.movacolor.com\/de\/neuigkeiten\/der-countdown-zum-vfoj-finale-hat-begonnen\/\" class=\"w-grid-item-anchor\" aria-label=\"Der Countdown zum VFOJ-Finale hat begonnen!\"><\/a>\r\n\t\t\t\t\t\t<div class=\"w-post-elm post_image usg_post_image_1 stretched\"><img loading=\"lazy\" decoding=\"async\" width=\"600\" height=\"400\" src=\"https:\/\/www.movacolor.com\/wp-content\/uploads\/2023\/04\/JuryvisitVFOJ2023-1-600x400.png\" class=\"attachment-us_600_400_crop size-us_600_400_crop wp-post-image\" alt=\"Jury visit VFOJ Movacolor 2023\" srcset=\"https:\/\/www.movacolor.com\/wp-content\/uploads\/2023\/04\/JuryvisitVFOJ2023-1-600x400.png 600w, https:\/\/www.movacolor.com\/wp-content\/uploads\/2023\/04\/JuryvisitVFOJ2023-1-300x200.png 300w, https:\/\/www.movacolor.com\/wp-content\/uploads\/2023\/04\/JuryvisitVFOJ2023-1-1024x683.png 1024w, https:\/\/www.movacolor.com\/wp-content\/uploads\/2023\/04\/JuryvisitVFOJ2023-1-750x500.png 750w, https:\/\/www.movacolor.com\/wp-content\/uploads\/2023\/04\/JuryvisitVFOJ2023-1-900x600.png 900w, https:\/\/www.movacolor.com\/wp-content\/uploads\/2023\/04\/JuryvisitVFOJ2023-1.png 1161w\" sizes=\"auto, (max-width: 600px) 100vw, 600px\" \/><\/div><div class=\"w-vwrapper usg_vwrapper_1 align_left valign_top\"><h4 class=\"w-post-elm post_title usg_post_title_1 entry-title color_link_inherit\">Der Countdown zum VFOJ-Finale hat begonnen!<\/h4><div class=\"w-post-elm post_content usg_post_content_1\">Der Countdown f\u00fcr das Finale des Verkiezing Friese Onderneming van het Jaar 2023 hat begonnen. Nachdem wir einen Platz in der Endrunde gewonnen hatten, hatten wir die Ehre, die VFOJ-Jury&hellip;<\/div><\/div><button tabindex=\"-1\" class=\"w-btn us-btn-style_5 usg_btn_1\"><span class=\"w-btn-label\">Mehr Info<\/span><\/button>\t\t<\/div>\r\n\t\t\t<\/article>\r\n\t<article class=\"w-grid-item size_1x1 post-7060 post type-post status-publish format-standard has-post-thumbnail hentry category-news-de\" data-id=\"7060\">\r\n\t\t<div class=\"w-grid-item-h\">\r\n\t\t\t\t\t\t\t<a href=\"https:\/\/www.movacolor.com\/de\/neuigkeiten\/wir-haben-das-finale-erreicht\/\" class=\"w-grid-item-anchor\" aria-label=\"Wir haben das Finale erreicht!\"><\/a>\r\n\t\t\t\t\t\t<div class=\"w-post-elm post_image usg_post_image_1 stretched\"><img loading=\"lazy\" decoding=\"async\" width=\"600\" height=\"400\" src=\"https:\/\/www.movacolor.com\/wp-content\/uploads\/2023\/03\/VFOJ-600x400.jpg\" class=\"attachment-us_600_400_crop size-us_600_400_crop wp-post-image\" alt=\"VFOJ\" srcset=\"https:\/\/www.movacolor.com\/wp-content\/uploads\/2023\/03\/VFOJ-600x400.jpg 600w, https:\/\/www.movacolor.com\/wp-content\/uploads\/2023\/03\/VFOJ-1500x1000.jpg 1500w\" sizes=\"auto, (max-width: 600px) 100vw, 600px\" \/><\/div><div class=\"w-vwrapper usg_vwrapper_1 align_left valign_top\"><h4 class=\"w-post-elm post_title usg_post_title_1 entry-title color_link_inherit\">Wir haben das Finale erreicht!<\/h4><div class=\"w-post-elm post_content usg_post_content_1\">Megahout aus Drachten, Movacolor aus Sneek und Nedcam Solutions aus Heerenveen sind die stolzen Finalisten der Wahl zum friesischen Unternehmen des Jahres (VFO) 2023. Am Montag, den 20. M\u00e4rz, k\u00e4mpften&hellip;<\/div><\/div><button tabindex=\"-1\" class=\"w-btn us-btn-style_5 usg_btn_1\"><span class=\"w-btn-label\">Mehr Info<\/span><\/button>\t\t<\/div>\r\n\t\t\t<\/article>\r\n\t<article class=\"w-grid-item size_1x1 post-7061 post type-post status-publish format-standard has-post-thumbnail hentry category-events-de\" data-id=\"7061\">\r\n\t\t<div class=\"w-grid-item-h\">\r\n\t\t\t\t\t\t\t<a href=\"https:\/\/www.movacolor.com\/de\/neuigkeiten\/wir-sind-zuruck-auf-der-ptxpo\/\" class=\"w-grid-item-anchor\" aria-label=\"Wir sind zur\u00fcck auf der PTXPO!\"><\/a>\r\n\t\t\t\t\t\t<div class=\"w-post-elm post_image usg_post_image_1 stretched\"><img loading=\"lazy\" decoding=\"async\" width=\"600\" height=\"400\" src=\"https:\/\/www.movacolor.com\/wp-content\/uploads\/2023\/03\/PTXPO2023-2-600x400.jpg\" class=\"attachment-us_600_400_crop size-us_600_400_crop wp-post-image\" alt=\"PTXPO2023\" \/><\/div><div class=\"w-vwrapper usg_vwrapper_1 align_left valign_top\"><h4 class=\"w-post-elm post_title usg_post_title_1 entry-title color_link_inherit\">Wir sind zur\u00fcck auf der PTXPO!<\/h4><div class=\"w-post-elm post_content usg_post_content_1\">Wir sind zur\u00fcck auf der PTXPO in Rosemont, Illinois, und wir haben einige gro\u00dfartige (neue) Dosier- und Mischl\u00f6sungen dabei!<\/div><\/div><button tabindex=\"-1\" class=\"w-btn us-btn-style_5 usg_btn_1\"><span class=\"w-btn-label\">Mehr Info<\/span><\/button>\t\t<\/div>\r\n\t\t\t<\/article>\r\n\t<article class=\"w-grid-item size_1x1 post-7062 post type-post status-publish format-standard has-post-thumbnail hentry category-news-de\" data-id=\"7062\">\r\n\t\t<div class=\"w-grid-item-h\">\r\n\t\t\t\t\t\t\t<a href=\"https:\/\/www.movacolor.com\/de\/neuigkeiten\/go-beyond-blending-mit-unserer-neuen-blender-reihe\/\" class=\"w-grid-item-anchor\" aria-label=\"Go Beyond Blending mit unserer neuen Blender-Reihe\"><\/a>\r\n\t\t\t\t\t\t<div class=\"w-post-elm post_image usg_post_image_1 stretched\"><img loading=\"lazy\" decoding=\"async\" width=\"600\" height=\"400\" src=\"https:\/\/www.movacolor.com\/wp-content\/uploads\/2023\/03\/DSC00368-Edit_LR-600x400.jpg\" class=\"attachment-us_600_400_crop size-us_600_400_crop wp-post-image\" alt=\"\" srcset=\"https:\/\/www.movacolor.com\/wp-content\/uploads\/2023\/03\/DSC00368-Edit_LR-600x400.jpg 600w, https:\/\/www.movacolor.com\/wp-content\/uploads\/2023\/03\/DSC00368-Edit_LR-300x200.jpg 300w, https:\/\/www.movacolor.com\/wp-content\/uploads\/2023\/03\/DSC00368-Edit_LR-1024x683.jpg 1024w, https:\/\/www.movacolor.com\/wp-content\/uploads\/2023\/03\/DSC00368-Edit_LR-1500x1000.jpg 1500w, https:\/\/www.movacolor.com\/wp-content\/uploads\/2023\/03\/DSC00368-Edit_LR.jpg 1920w\" sizes=\"auto, (max-width: 600px) 100vw, 600px\" \/><\/div><div class=\"w-vwrapper usg_vwrapper_1 align_left valign_top\"><h4 class=\"w-post-elm post_title usg_post_title_1 entry-title color_link_inherit\">Go Beyond Blending mit unserer neuen Blender-Reihe<\/h4><div class=\"w-post-elm post_content usg_post_content_1\">Kompakte und robuste Bauweise, keine mechanischen und\/oder beweglichen Teile in den Trichtern, modulare Bauweise und genaue Dosierung: das sind die Hauptmerkmale unserer neuen MBS-Mischerserie.<\/div><\/div><button tabindex=\"-1\" class=\"w-btn us-btn-style_5 usg_btn_1\"><span class=\"w-btn-label\">Mehr Info<\/span><\/button>\t\t<\/div>\r\n\t\t\t<\/article>\r\n<\/div>\t<div class=\"w-grid-preloader\">\r\n\t\t<div class=\"g-preloader type_1\">\r\n\t\t\t<div><\/div>\r\n\t\t<\/div>\r\n\t<\/div>\r\n\t\t\t\t<div class=\"g-loadmore \">\r\n\t\t\t\t<div class=\"g-preloader type_1\">\r\n\t\t\t\t\t<div><\/div>\r\n\t\t\t\t<\/div>\r\n\t\t\t\t<button class=\"w-btn us-btn-style_1\">\r\n\t\t\t\t\t<span class=\"w-btn-label\">Mehr laden<\/span>\r\n\t\t\t\t<\/button>\r\n\t\t\t<\/div>\r\n\t\t\t\t<div class=\"w-grid-json hidden\" onclick='return {&quot;action&quot;:&quot;us_ajax_grid&quot;,&quot;infinite_scroll&quot;:0,&quot;max_num_pages&quot;:4,&quot;pagination&quot;:&quot;ajax&quot;,&quot;template_vars&quot;:{&quot;columns&quot;:&quot;3&quot;,&quot;exclude_items&quot;:&quot;none&quot;,&quot;img_size&quot;:&quot;default&quot;,&quot;ignore_items_size&quot;:0,&quot;items_layout&quot;:&quot;175&quot;,&quot;items_offset&quot;:&quot;1&quot;,&quot;load_animation&quot;:&quot;none&quot;,&quot;overriding_link&quot;:&quot;%7B%22type%22%3A%22post%22%7D&quot;,&quot;post_id&quot;:0,&quot;query_args&quot;:{&quot;post_type&quot;:[&quot;post&quot;],&quot;post_status&quot;:[&quot;publish&quot;,&quot;acf-disabled&quot;],&quot;posts_per_page&quot;:&quot;12&quot;},&quot;orderby_query_args&quot;:{&quot;orderby&quot;:{&quot;date&quot;:&quot;DESC&quot;}},&quot;type&quot;:&quot;grid&quot;,&quot;us_grid_post_type&quot;:&quot;post&quot;,&quot;us_grid_ajax_index&quot;:1,&quot;us_grid_filter_query_string&quot;:null,&quot;us_grid_index&quot;:1,&quot;page_args&quot;:[],&quot;lang&quot;:&quot;de&quot;}}'><\/div>\r\n\t<\/div><\/div><\/div><\/div><\/div><\/div><\/section>\n","protected":false},"excerpt":{"rendered":"Optimale Leistung Unsere Mischer sind von der gleichen hohen Qualit\u00e4t wie unsere Dosierger\u00e4te und k\u00f6nnen alle g\u00e4ngigen Materialien verarbeiten. Neben den 17 Standardkonfigurationen k\u00f6nnen sie auch auf die spezifischen Anforderungen des Kunden zugeschnitten werden. Die Standardkonfigurationen sind in drei Serien unterteilt: die Serie 3, die Serie 20 und die speziell f\u00fcr die Extrusion entwickelte Serie...","protected":false},"author":2,"featured_media":0,"parent":3102,"menu_order":0,"comment_status":"closed","ping_status":"closed","template":"","meta":{"_acf_changed":false,"footnotes":""},"class_list":["post-3152","page","type-page","status-publish","hentry"],"acf":[],"yoast_head":"<!-- This site is optimized with the Yoast SEO plugin v26.4 - https:\/\/yoast.com\/wordpress\/plugins\/seo\/ -->\n<title>Movacolor Nachrichten<\/title>\n<meta name=\"description\" content=\"Bleib auf dem Laufenden \u00fcber die neuesten Movacolor-Nachrichten und entdecke unsere Wissensartikel zu relevanten Entwicklungen in der Kunststoffindustrie.\" \/>\n<meta name=\"robots\" content=\"index, follow, max-snippet:-1, max-image-preview:large, max-video-preview:-1\" \/>\n<link rel=\"canonical\" href=\"https:\/\/www.movacolor.com\/de\/uber-uns\/neuigkeiten\/\" \/>\n<meta property=\"og:locale\" content=\"de_DE\" \/>\n<meta property=\"og:type\" content=\"article\" \/>\n<meta property=\"og:title\" content=\"Movacolor Nachrichten\" \/>\n<meta property=\"og:description\" content=\"Bleib auf dem Laufenden \u00fcber die neuesten Movacolor-Nachrichten und entdecke unsere Wissensartikel zu relevanten Entwicklungen in der Kunststoffindustrie.\" \/>\n<meta property=\"og:url\" content=\"https:\/\/www.movacolor.com\/de\/uber-uns\/neuigkeiten\/\" \/>\n<meta property=\"og:site_name\" content=\"Movacolor\" \/>\n<meta property=\"article:modified_time\" content=\"2024-02-08T20:05:50+00:00\" \/>\n<meta name=\"twitter:card\" content=\"summary_large_image\" \/>\n<meta name=\"twitter:label1\" content=\"Gesch\u00e4tzte Lesezeit\" \/>\n\t<meta name=\"twitter:data1\" content=\"1\u00a0Minute\" \/>\n<script type=\"application\/ld+json\" class=\"yoast-schema-graph\">{\"@context\":\"https:\/\/schema.org\",\"@graph\":[{\"@type\":\"WebPage\",\"@id\":\"https:\/\/www.movacolor.com\/de\/uber-uns\/neuigkeiten\/\",\"url\":\"https:\/\/www.movacolor.com\/de\/uber-uns\/neuigkeiten\/\",\"name\":\"Movacolor Nachrichten\",\"isPartOf\":{\"@id\":\"https:\/\/www.movacolor.com\/de\/#website\"},\"datePublished\":\"2023-01-04T13:28:06+00:00\",\"dateModified\":\"2024-02-08T20:05:50+00:00\",\"description\":\"Bleib auf dem Laufenden \u00fcber die neuesten Movacolor-Nachrichten und entdecke unsere Wissensartikel zu relevanten Entwicklungen in der Kunststoffindustrie.\",\"breadcrumb\":{\"@id\":\"https:\/\/www.movacolor.com\/de\/uber-uns\/neuigkeiten\/#breadcrumb\"},\"inLanguage\":\"de\",\"potentialAction\":[{\"@type\":\"ReadAction\",\"target\":[\"https:\/\/www.movacolor.com\/de\/uber-uns\/neuigkeiten\/\"]}]},{\"@type\":\"BreadcrumbList\",\"@id\":\"https:\/\/www.movacolor.com\/de\/uber-uns\/neuigkeiten\/#breadcrumb\",\"itemListElement\":[{\"@type\":\"ListItem\",\"position\":1,\"name\":\"Home\",\"item\":\"https:\/\/www.movacolor.com\/de\/\"},{\"@type\":\"ListItem\",\"position\":2,\"name\":\"\u00dcber uns\",\"item\":\"https:\/\/www.movacolor.com\/de\/uber-uns\/\"},{\"@type\":\"ListItem\",\"position\":3,\"name\":\"Neuigkeiten\"}]},{\"@type\":\"WebSite\",\"@id\":\"https:\/\/www.movacolor.com\/de\/#website\",\"url\":\"https:\/\/www.movacolor.com\/de\/\",\"name\":\"Movacolor\",\"description\":\"modular dosing solutions\",\"potentialAction\":[{\"@type\":\"SearchAction\",\"target\":{\"@type\":\"EntryPoint\",\"urlTemplate\":\"https:\/\/www.movacolor.com\/de\/?s={search_term_string}\"},\"query-input\":{\"@type\":\"PropertyValueSpecification\",\"valueRequired\":true,\"valueName\":\"search_term_string\"}}],\"inLanguage\":\"de\"}]}<\/script>\n<!-- \/ Yoast SEO plugin. -->","yoast_head_json":{"title":"Movacolor Nachrichten","description":"Bleib auf dem Laufenden \u00fcber die neuesten Movacolor-Nachrichten und entdecke unsere Wissensartikel zu relevanten Entwicklungen in der Kunststoffindustrie.","robots":{"index":"index","follow":"follow","max-snippet":"max-snippet:-1","max-image-preview":"max-image-preview:large","max-video-preview":"max-video-preview:-1"},"canonical":"https:\/\/www.movacolor.com\/de\/uber-uns\/neuigkeiten\/","og_locale":"de_DE","og_type":"article","og_title":"Movacolor Nachrichten","og_description":"Bleib auf dem Laufenden \u00fcber die neuesten Movacolor-Nachrichten und entdecke unsere Wissensartikel zu relevanten Entwicklungen in der Kunststoffindustrie.","og_url":"https:\/\/www.movacolor.com\/de\/uber-uns\/neuigkeiten\/","og_site_name":"Movacolor","article_modified_time":"2024-02-08T20:05:50+00:00","twitter_card":"summary_large_image","twitter_misc":{"Gesch\u00e4tzte Lesezeit":"1\u00a0Minute"},"schema":{"@context":"https:\/\/schema.org","@graph":[{"@type":"WebPage","@id":"https:\/\/www.movacolor.com\/de\/uber-uns\/neuigkeiten\/","url":"https:\/\/www.movacolor.com\/de\/uber-uns\/neuigkeiten\/","name":"Movacolor Nachrichten","isPartOf":{"@id":"https:\/\/www.movacolor.com\/de\/#website"},"datePublished":"2023-01-04T13:28:06+00:00","dateModified":"2024-02-08T20:05:50+00:00","description":"Bleib auf dem Laufenden \u00fcber die neuesten Movacolor-Nachrichten und entdecke unsere Wissensartikel zu relevanten Entwicklungen in der Kunststoffindustrie.","breadcrumb":{"@id":"https:\/\/www.movacolor.com\/de\/uber-uns\/neuigkeiten\/#breadcrumb"},"inLanguage":"de","potentialAction":[{"@type":"ReadAction","target":["https:\/\/www.movacolor.com\/de\/uber-uns\/neuigkeiten\/"]}]},{"@type":"BreadcrumbList","@id":"https:\/\/www.movacolor.com\/de\/uber-uns\/neuigkeiten\/#breadcrumb","itemListElement":[{"@type":"ListItem","position":1,"name":"Home","item":"https:\/\/www.movacolor.com\/de\/"},{"@type":"ListItem","position":2,"name":"\u00dcber uns","item":"https:\/\/www.movacolor.com\/de\/uber-uns\/"},{"@type":"ListItem","position":3,"name":"Neuigkeiten"}]},{"@type":"WebSite","@id":"https:\/\/www.movacolor.com\/de\/#website","url":"https:\/\/www.movacolor.com\/de\/","name":"Movacolor","description":"modular dosing solutions","potentialAction":[{"@type":"SearchAction","target":{"@type":"EntryPoint","urlTemplate":"https:\/\/www.movacolor.com\/de\/?s={search_term_string}"},"query-input":{"@type":"PropertyValueSpecification","valueRequired":true,"valueName":"search_term_string"}}],"inLanguage":"de"}]}},"_links":{"self":[{"href":"https:\/\/www.movacolor.com\/de\/wp-json\/wp\/v2\/pages\/3152","targetHints":{"allow":["GET"]}}],"collection":[{"href":"https:\/\/www.movacolor.com\/de\/wp-json\/wp\/v2\/pages"}],"about":[{"href":"https:\/\/www.movacolor.com\/de\/wp-json\/wp\/v2\/types\/page"}],"author":[{"embeddable":true,"href":"https:\/\/www.movacolor.com\/de\/wp-json\/wp\/v2\/users\/2"}],"replies":[{"embeddable":true,"href":"https:\/\/www.movacolor.com\/de\/wp-json\/wp\/v2\/comments?post=3152"}],"version-history":[{"count":5,"href":"https:\/\/www.movacolor.com\/de\/wp-json\/wp\/v2\/pages\/3152\/revisions"}],"predecessor-version":[{"id":6048,"href":"https:\/\/www.movacolor.com\/de\/wp-json\/wp\/v2\/pages\/3152\/revisions\/6048"}],"up":[{"embeddable":true,"href":"https:\/\/www.movacolor.com\/de\/wp-json\/wp\/v2\/pages\/3102"}],"wp:attachment":[{"href":"https:\/\/www.movacolor.com\/de\/wp-json\/wp\/v2\/media?parent=3152"}],"curies":[{"name":"wp","href":"https:\/\/api.w.org\/{rel}","templated":true}]}}